

{"id":20495,"date":"2025-05-22T12:15:07","date_gmt":"2025-05-22T10:15:07","guid":{"rendered":"https:\/\/www.costabravafoods.com\/altre-documentacio\/"},"modified":"2026-04-14T20:18:07","modified_gmt":"2026-04-14T18:18:07","slug":"altre-documentacio","status":"publish","type":"page","link":"https:\/\/www.costabravafoods.com\/ca\/altre-documentacio\/","title":{"rendered":"Altre Documentaci\u00f3"},"content":{"rendered":"<p><div class=\"fusion-fullwidth fullwidth-box fusion-builder-row-1 fusion-flex-container has-pattern-background has-mask-background hundred-percent-fullwidth non-hundred-percent-height-scrolling\" style=\"--awb-border-radius-top-left:0px;--awb-border-radius-top-right:0px;--awb-border-radius-bottom-right:0px;--awb-border-radius-bottom-left:0px;--awb-padding-right:0px;--awb-padding-bottom:40px;--awb-padding-left:0px;--awb-margin-top:0px;--awb-flex-wrap:wrap;\" ><div class=\"fusion-builder-row fusion-row fusion-flex-align-items-flex-start fusion-flex-content-wrap\" style=\"width:104% !important;max-width:104% !important;margin-left: calc(-4% \/ 2 );margin-right: calc(-4% \/ 2 );\"><div class=\"fusion-layout-column fusion_builder_column fusion-builder-column-0 fusion_builder_column_1_1 1_1 fusion-flex-column\" style=\"--awb-padding-top:10px;--awb-bg-size:cover;--awb-width-large:100%;--awb-margin-top-large:0px;--awb-spacing-right-large:1.92%;--awb-margin-bottom-large:0px;--awb-spacing-left-large:1.92%;--awb-width-medium:100%;--awb-order-medium:0;--awb-spacing-right-medium:1.92%;--awb-spacing-left-medium:1.92%;--awb-width-small:100%;--awb-order-small:0;--awb-spacing-right-small:1.92%;--awb-spacing-left-small:1.92%;\" data-scroll-devices=\"small-visibility,medium-visibility,large-visibility\"><div class=\"fusion-column-wrapper fusion-column-has-shadow fusion-flex-justify-content-flex-start fusion-content-layout-column\"><div class=\"fusion-image-element \" style=\"text-align:center;--awb-margin-bottom:30px;--awb-caption-title-font-family:var(--h2_typography-font-family);--awb-caption-title-font-weight:var(--h2_typography-font-weight);--awb-caption-title-font-style:var(--h2_typography-font-style);--awb-caption-title-size:var(--h2_typography-font-size);--awb-caption-title-transform:var(--h2_typography-text-transform);--awb-caption-title-line-height:var(--h2_typography-line-height);--awb-caption-title-letter-spacing:var(--h2_typography-letter-spacing);\"><span class=\" fusion-imageframe imageframe-none imageframe-1 hover-type-none\"><img decoding=\"async\" width=\"1920\" height=\"477\" title=\"i-d-i\" src=\"https:\/\/www.costabravafoods.com\/wp-content\/uploads\/2025\/05\/i-d-i.jpg\" alt class=\"img-responsive wp-image-5333\" srcset=\"https:\/\/www.costabravafoods.com\/wp-content\/uploads\/2025\/05\/i-d-i-200x50.jpg 200w, https:\/\/www.costabravafoods.com\/wp-content\/uploads\/2025\/05\/i-d-i-400x99.jpg 400w, https:\/\/www.costabravafoods.com\/wp-content\/uploads\/2025\/05\/i-d-i-600x149.jpg 600w, https:\/\/www.costabravafoods.com\/wp-content\/uploads\/2025\/05\/i-d-i-800x199.jpg 800w, https:\/\/www.costabravafoods.com\/wp-content\/uploads\/2025\/05\/i-d-i-1200x298.jpg 1200w, https:\/\/www.costabravafoods.com\/wp-content\/uploads\/2025\/05\/i-d-i.jpg 1920w\" sizes=\"(max-width: 640px) 100vw, 1200px\" \/><\/span><\/div><\/div><\/div><\/div><\/div><div id=\"estructura\" class=\"fusion-container-anchor\"><div class=\"fusion-fullwidth fullwidth-box fusion-builder-row-2 fusion-flex-container has-pattern-background has-mask-background nonhundred-percent-fullwidth non-hundred-percent-height-scrolling\" style=\"--link_color: var(--awb-color4);--awb-border-radius-top-left:0px;--awb-border-radius-top-right:0px;--awb-border-radius-bottom-right:0px;--awb-border-radius-bottom-left:0px;--awb-padding-top:10px;--awb-flex-wrap:wrap;\" ><div class=\"fusion-builder-row fusion-row fusion-flex-align-items-center fusion-flex-justify-content-center fusion-flex-content-wrap\" style=\"max-width:1248px;margin-left: calc(-4% \/ 2 );margin-right: calc(-4% \/ 2 );\"><div class=\"fusion-layout-column fusion_builder_column fusion-builder-column-1 fusion_builder_column_1_1 1_1 fusion-flex-column\" style=\"--awb-padding-bottom:-25px;--awb-bg-size:cover;--awb-width-large:100%;--awb-margin-top-large:0px;--awb-spacing-right-large:1.92%;--awb-margin-bottom-large:-25px;--awb-spacing-left-large:1.92%;--awb-width-medium:100%;--awb-order-medium:0;--awb-spacing-right-medium:1.92%;--awb-spacing-left-medium:1.92%;--awb-width-small:100%;--awb-order-small:0;--awb-spacing-right-small:1.92%;--awb-spacing-left-small:1.92%;\" data-scroll-devices=\"small-visibility,medium-visibility,large-visibility\"><div class=\"fusion-column-wrapper fusion-column-has-shadow fusion-flex-justify-content-flex-start fusion-content-layout-column\"><div class=\"fusion-title title fusion-title-1 fusion-title-center fusion-title-text fusion-title-size-one\" style=\"--awb-text-color:#051d30;--awb-margin-top-small:10px;--awb-margin-right-small:0px;--awb-margin-bottom-small:10px;--awb-margin-left-small:0px;--awb-sep-color:var(--awb-color4);--awb-font-size:28px;\"><div class=\"title-sep-container title-sep-container-left\"><div class=\"title-sep sep-single sep-solid\" style=\"border-color:var(--awb-color4);\"><\/div><\/div><span class=\"awb-title-spacer\"><\/span><h1 class=\"fusion-title-heading title-heading-center\" style=\"font-family:&quot;Noto Sans Bold&quot;;font-style:normal;font-weight:400;margin:0;letter-spacing:0.5px;font-size:1em;\">ELS NOSTRES PROJECTES DE MILLORA CONT\u00cdNUA<\/h1><span class=\"awb-title-spacer\"><\/span><div class=\"title-sep-container title-sep-container-right\"><div class=\"title-sep sep-single sep-solid\" style=\"border-color:var(--awb-color4);\"><\/div><\/div><\/div><div class=\"fusion-text fusion-text-1 fusion-animated fusion-text-no-margin\" style=\"--awb-font-size:17px;--awb-line-height:24px;--awb-margin-top:30px;--awb-margin-bottom:45px;--awb-text-font-family:&quot;Noto Sans Light&quot;;--awb-text-font-style:normal;--awb-text-font-weight:400;\" data-animationType=\"fadeInUp\" data-animationDuration=\"0.3\" data-animationOffset=\"top-into-view\"><p style=\"text-align: center;\"><em>Costa Brava Mediterranean Foods<\/em> t\u00e9 una llarga traject\u00f2ria d\u2019innovaci\u00f3, capacitat de reacci\u00f3 i versatilitat. Un bagatge amb el qual compartim els valors d\u2019un consumidor cada vegada m\u00e9s informat i sensibilitzat pels temes de salut.<\/p>\n<p>&nbsp;<\/p>\n<p style=\"text-align: center;\">Un equip de professionals experts, dotats d\u2019avan\u00e7ada tecnologia de recerca i laboratoris de microbiologia, lideren la cerca de nous desenvolupaments en productes, packaging i processos. Segueixen les tend\u00e8ncies del mercat i garanteixen la seguretat aliment\u00e0ria, la qualitat i la homogene\u00eftat dels nostres elaborats.<br \/>\nI en aquest esfor\u00e7 comptem amb qualificats partners, cl\u00fasters de recerca com <em>INNOVACC<\/em>, i instituts tecnol\u00f2gics com l\u2019<em>IRTA<\/em>.<\/p>\n<p>&nbsp;<\/p>\n<p style=\"text-align: center;\">La nostra planta <em>Frigor\u00edficos Costa Brava<\/em> participa en el projecte amb qu\u00e8 es pret\u00e9n optimitzar i automatitzar el proc\u00e9s de tall de la carn o derivats c\u00e0rnis, semi-congelada i congelada, mitjan\u00e7ant un nou disseny de serra cinta autom\u00e0tica o amb implementaci\u00f3 d\u2019un disc de microtall, per evitar accidents laborals i augmentar la qualitat del producte, aix\u00ed com millorar la productivitat i la higiene del proc\u00e9s. Per a m\u00e9s informaci\u00f3, <a href=\"https:\/\/cbmfoods.sharepoint.com\/:b:\/s\/CBMFMarketing\/EQQlp5zWBf9Bq4JUGlQKRlAB6vyFh8L7GYE293DSXYSncQ?e=N76hQE\" target=\"_blank\" rel=\"noopener\">fes clic aqu\u00ed<\/a>.<\/p>\n<p>&nbsp;<\/p>\n<p style=\"text-align: center;\">L\u2019agost de 2021, tamb\u00e9 a <em>Frigor\u00edficos Costa Brava, es va iniciar un projecte per a l\u2019automatitzaci\u00f3 del tall de carn o derivats c\u00e0rnis per eliminar el risc d\u2019accidents laborals i millorar la productivitat i la higiene, amb l\u2019ajuda d\u2019IRTA, INNOVACC i del Departament d\u2019Agricultura, Ramaderia, Pesca, Alimentaci\u00f3 i Medi Ambient de la Generalitat de Catalunya. Per con\u00e8ixer tots els detalls,<\/em>\u00a0<a href=\"https:\/\/www.innovacc.cat\/projecte\/automatitzacio-de-tall-de-carn-o-derivats-carnis-per-eliminar-riscs-daccidents-laborals-i-millorar-productivitat-i-higiene\/\" target=\"_blank\" rel=\"noopener\">fes clic aqu\u00ed<\/a>.<\/p>\n<\/div><\/div><\/div><div class=\"fusion-layout-column fusion_builder_column fusion-builder-column-2 fusion_builder_column_1_3 1_3 fusion-flex-column fusion-flex-align-self-center\" style=\"--awb-bg-size:cover;--awb-width-large:33.333333333333%;--awb-margin-top-large:0px;--awb-spacing-right-large:5.76%;--awb-margin-bottom-large:20px;--awb-spacing-left-large:5.76%;--awb-width-medium:33.333333333333%;--awb-order-medium:0;--awb-spacing-right-medium:5.76%;--awb-spacing-left-medium:5.76%;--awb-width-small:100%;--awb-order-small:0;--awb-spacing-right-small:1.92%;--awb-spacing-left-small:1.92%;\" data-scroll-devices=\"small-visibility,medium-visibility,large-visibility\"><div class=\"fusion-column-wrapper fusion-column-has-shadow fusion-flex-justify-content-center fusion-content-layout-column\"><div class=\"fusion-image-element \" style=\"text-align:center;--awb-caption-title-font-family:var(--h2_typography-font-family);--awb-caption-title-font-weight:var(--h2_typography-font-weight);--awb-caption-title-font-style:var(--h2_typography-font-style);--awb-caption-title-size:var(--h2_typography-font-size);--awb-caption-title-transform:var(--h2_typography-text-transform);--awb-caption-title-line-height:var(--h2_typography-line-height);--awb-caption-title-letter-spacing:var(--h2_typography-letter-spacing);\"><span class=\" fusion-imageframe imageframe-none imageframe-2 hover-type-none\"><img decoding=\"async\" width=\"422\" height=\"80\" title=\"departament_agricultura_gencat\" src=\"https:\/\/www.costabravafoods.com\/wp-content\/uploads\/2025\/05\/departament_agricultura_gencat.png\" alt class=\"img-responsive wp-image-5339\" srcset=\"https:\/\/www.costabravafoods.com\/wp-content\/uploads\/2025\/05\/departament_agricultura_gencat-200x38.png 200w, https:\/\/www.costabravafoods.com\/wp-content\/uploads\/2025\/05\/departament_agricultura_gencat-400x76.png 400w, https:\/\/www.costabravafoods.com\/wp-content\/uploads\/2025\/05\/departament_agricultura_gencat.png 422w\" sizes=\"(max-width: 640px) 100vw, 400px\" \/><\/span><\/div><\/div><\/div><div class=\"fusion-layout-column fusion_builder_column fusion-builder-column-3 fusion_builder_column_1_3 1_3 fusion-flex-column fusion-flex-align-self-center\" style=\"--awb-bg-size:cover;--awb-width-large:33.333333333333%;--awb-margin-top-large:0px;--awb-spacing-right-large:5.76%;--awb-margin-bottom-large:20px;--awb-spacing-left-large:5.76%;--awb-width-medium:33.333333333333%;--awb-order-medium:0;--awb-spacing-right-medium:5.76%;--awb-spacing-left-medium:5.76%;--awb-width-small:100%;--awb-order-small:0;--awb-spacing-right-small:1.92%;--awb-spacing-left-small:1.92%;\" data-scroll-devices=\"small-visibility,medium-visibility,large-visibility\"><div class=\"fusion-column-wrapper fusion-column-has-shadow fusion-flex-justify-content-center fusion-content-layout-column\"><div class=\"fusion-image-element \" style=\"text-align:center;--awb-caption-title-font-family:var(--h2_typography-font-family);--awb-caption-title-font-weight:var(--h2_typography-font-weight);--awb-caption-title-font-style:var(--h2_typography-font-style);--awb-caption-title-size:var(--h2_typography-font-size);--awb-caption-title-transform:var(--h2_typography-text-transform);--awb-caption-title-line-height:var(--h2_typography-line-height);--awb-caption-title-letter-spacing:var(--h2_typography-letter-spacing);\"><span class=\" fusion-imageframe imageframe-none imageframe-3 hover-type-none\"><a class=\"fusion-no-lightbox\" href=\"https:\/\/agriculture.ec.europa.eu\/common-agricultural-policy\/rural-development_es\" target=\"_blank\" aria-label=\"fons_europeu_Agricola\" rel=\"noopener noreferrer\"><img decoding=\"async\" width=\"422\" height=\"80\" src=\"https:\/\/www.costabravafoods.com\/wp-content\/uploads\/2025\/05\/fons_europeu_Agricola.png\" alt class=\"img-responsive wp-image-5345\" srcset=\"https:\/\/www.costabravafoods.com\/wp-content\/uploads\/2025\/05\/fons_europeu_Agricola-200x38.png 200w, https:\/\/www.costabravafoods.com\/wp-content\/uploads\/2025\/05\/fons_europeu_Agricola-400x76.png 400w, https:\/\/www.costabravafoods.com\/wp-content\/uploads\/2025\/05\/fons_europeu_Agricola.png 422w\" sizes=\"(max-width: 640px) 100vw, 400px\" \/><\/a><\/span><\/div><\/div><\/div><div class=\"fusion-layout-column fusion_builder_column fusion-builder-column-4 fusion_builder_column_1_1 1_1 fusion-flex-column\" style=\"--awb-bg-size:cover;--awb-width-large:100%;--awb-margin-top-large:0px;--awb-spacing-right-large:1.92%;--awb-margin-bottom-large:20px;--awb-spacing-left-large:1.92%;--awb-width-medium:100%;--awb-order-medium:0;--awb-spacing-right-medium:1.92%;--awb-spacing-left-medium:1.92%;--awb-width-small:100%;--awb-order-small:0;--awb-spacing-right-small:1.92%;--awb-spacing-left-small:1.92%;\"><div class=\"fusion-column-wrapper fusion-column-has-shadow fusion-flex-justify-content-flex-start fusion-content-layout-column\"><div class=\"fusion-text fusion-text-2 fusion-animated fusion-text-no-margin\" style=\"--awb-font-size:17px;--awb-line-height:24px;--awb-margin-top:20px;--awb-margin-bottom:0px;--awb-text-font-family:&quot;Noto Sans Light&quot;;--awb-text-font-style:normal;--awb-text-font-weight:400;\" data-animationType=\"fadeInUp\" data-animationDuration=\"0.3\" data-animationOffset=\"top-into-view\"><p>Participant en el projecte OPTINVAS, vam crear un equip pilot per a la inspecci\u00f3 mitjan\u00e7ant IA que verifica la qualitat dels envasos. Participen, a m\u00e9s d\u2019Embutidos Caseros Collell S.L. (per Costa Brava Mediterranean Foods), Esteban Espu\u00f1a SA, IA Sapiens Innovation SL, INNDEO, NAGRIFOOD i INNOVACC. Per a m\u00e9s informaci\u00f3 sobre el projecte,<a href=\"https:\/\/cbmfoods.sharepoint.com\/:b:\/s\/CBMFMarketing\/EXh-z3F2laJPnWA579A0kuoBJUtitcad942jJNBkYqybcw?e=MtMBtC\" target=\"_blank\" rel=\"noopener\">fes clic aqu\u00ed<\/a>.<\/p>\n<\/div><\/div><\/div><div class=\"fusion-layout-column fusion_builder_column fusion-builder-column-5 fusion_builder_column_1_5 1_5 fusion-flex-column fusion-flex-align-self-center\" style=\"--awb-bg-size:cover;--awb-width-large:20%;--awb-margin-top-large:0px;--awb-spacing-right-large:9.6%;--awb-margin-bottom-large:20px;--awb-spacing-left-large:9.6%;--awb-width-medium:20%;--awb-order-medium:0;--awb-spacing-right-medium:9.6%;--awb-spacing-left-medium:9.6%;--awb-width-small:100%;--awb-order-small:0;--awb-spacing-right-small:1.92%;--awb-spacing-left-small:1.92%;\" data-scroll-devices=\"small-visibility,medium-visibility,large-visibility\"><div class=\"fusion-column-wrapper fusion-column-has-shadow fusion-flex-justify-content-center fusion-content-layout-column\"><div class=\"fusion-image-element \" style=\"text-align:center;--awb-caption-title-font-family:var(--h2_typography-font-family);--awb-caption-title-font-weight:var(--h2_typography-font-weight);--awb-caption-title-font-style:var(--h2_typography-font-style);--awb-caption-title-size:var(--h2_typography-font-size);--awb-caption-title-transform:var(--h2_typography-text-transform);--awb-caption-title-line-height:var(--h2_typography-line-height);--awb-caption-title-letter-spacing:var(--h2_typography-letter-spacing);\"><span class=\" fusion-imageframe imageframe-none imageframe-4 hover-type-none\"><a class=\"fusion-no-lightbox\" href=\"https:\/\/www.innovacc.cat\/?lang=es\" target=\"_blank\" aria-label=\"innovacc\" rel=\"noopener noreferrer\"><img decoding=\"async\" width=\"210\" height=\"75\" src=\"https:\/\/www.costabravafoods.com\/wp-content\/uploads\/2025\/05\/innovacc.jpg\" alt class=\"img-responsive wp-image-5351\" srcset=\"https:\/\/www.costabravafoods.com\/wp-content\/uploads\/2025\/05\/innovacc-200x71.jpg 200w, https:\/\/www.costabravafoods.com\/wp-content\/uploads\/2025\/05\/innovacc.jpg 210w\" sizes=\"(max-width: 640px) 100vw, 200px\" \/><\/a><\/span><\/div><\/div><\/div><div class=\"fusion-layout-column fusion_builder_column fusion-builder-column-6 fusion_builder_column_1_5 1_5 fusion-flex-column fusion-flex-align-self-center\" style=\"--awb-bg-size:cover;--awb-width-large:20%;--awb-margin-top-large:0px;--awb-spacing-right-large:9.6%;--awb-margin-bottom-large:20px;--awb-spacing-left-large:9.6%;--awb-width-medium:20%;--awb-order-medium:0;--awb-spacing-right-medium:9.6%;--awb-spacing-left-medium:9.6%;--awb-width-small:100%;--awb-order-small:0;--awb-spacing-right-small:1.92%;--awb-spacing-left-small:1.92%;\" data-scroll-devices=\"small-visibility,medium-visibility,large-visibility\"><div class=\"fusion-column-wrapper fusion-column-has-shadow fusion-flex-justify-content-center fusion-content-layout-column\"><div class=\"fusion-image-element \" style=\"text-align:center;--awb-caption-title-font-family:var(--h2_typography-font-family);--awb-caption-title-font-weight:var(--h2_typography-font-weight);--awb-caption-title-font-style:var(--h2_typography-font-style);--awb-caption-title-size:var(--h2_typography-font-size);--awb-caption-title-transform:var(--h2_typography-text-transform);--awb-caption-title-line-height:var(--h2_typography-line-height);--awb-caption-title-letter-spacing:var(--h2_typography-letter-spacing);\"><span class=\" fusion-imageframe imageframe-none imageframe-5 hover-type-none\"><img decoding=\"async\" width=\"161\" height=\"64\" title=\"AEI_cluster\" src=\"https:\/\/www.costabravafoods.com\/wp-content\/uploads\/2025\/05\/AEI_cluster.jpg\" alt class=\"img-responsive wp-image-5357\"\/><\/span><\/div><\/div><\/div><div class=\"fusion-layout-column fusion_builder_column fusion-builder-column-7 fusion_builder_column_1_5 1_5 fusion-flex-column fusion-flex-align-self-center\" style=\"--awb-bg-size:cover;--awb-width-large:20%;--awb-margin-top-large:0px;--awb-spacing-right-large:9.6%;--awb-margin-bottom-large:20px;--awb-spacing-left-large:9.6%;--awb-width-medium:20%;--awb-order-medium:0;--awb-spacing-right-medium:9.6%;--awb-spacing-left-medium:9.6%;--awb-width-small:100%;--awb-order-small:0;--awb-spacing-right-small:1.92%;--awb-spacing-left-small:1.92%;\" data-scroll-devices=\"small-visibility,medium-visibility,large-visibility\"><div class=\"fusion-column-wrapper fusion-column-has-shadow fusion-flex-justify-content-center fusion-content-layout-column\"><div class=\"fusion-image-element \" style=\"text-align:center;--awb-caption-title-font-family:var(--h2_typography-font-family);--awb-caption-title-font-weight:var(--h2_typography-font-weight);--awb-caption-title-font-style:var(--h2_typography-font-style);--awb-caption-title-size:var(--h2_typography-font-size);--awb-caption-title-transform:var(--h2_typography-text-transform);--awb-caption-title-line-height:var(--h2_typography-line-height);--awb-caption-title-letter-spacing:var(--h2_typography-letter-spacing);\"><span class=\" fusion-imageframe imageframe-none imageframe-6 hover-type-none\"><a class=\"fusion-no-lightbox\" href=\"http:\/\/www.irta.cat\/es\/\" target=\"_blank\" aria-label=\"irta\" rel=\"noopener noreferrer\"><img decoding=\"async\" width=\"144\" height=\"66\" src=\"https:\/\/www.costabravafoods.com\/wp-content\/uploads\/2025\/05\/irta.jpg\" alt class=\"img-responsive wp-image-5363\"\/><\/a><\/span><\/div><\/div><\/div><div class=\"fusion-layout-column fusion_builder_column fusion-builder-column-8 fusion_builder_column_1_1 1_1 fusion-flex-column\" style=\"--awb-bg-size:cover;--awb-width-large:100%;--awb-margin-top-large:0px;--awb-spacing-right-large:1.92%;--awb-margin-bottom-large:20px;--awb-spacing-left-large:1.92%;--awb-width-medium:100%;--awb-order-medium:0;--awb-spacing-right-medium:1.92%;--awb-spacing-left-medium:1.92%;--awb-width-small:100%;--awb-order-small:0;--awb-spacing-right-small:1.92%;--awb-spacing-left-small:1.92%;\" data-scroll-devices=\"small-visibility,medium-visibility,large-visibility\"><div class=\"fusion-column-wrapper fusion-column-has-shadow fusion-flex-justify-content-flex-start fusion-content-layout-column\"><div class=\"fusion-text fusion-text-3 fusion-animated fusion-text-no-margin\" style=\"--awb-font-size:17px;--awb-line-height:24px;--awb-margin-top:20px;--awb-margin-bottom:0px;--awb-text-font-family:&quot;Noto Sans Light&quot;;--awb-text-font-style:normal;--awb-text-font-weight:400;\" data-animationType=\"fadeInUp\" data-animationDuration=\"0.3\" data-animationOffset=\"top-into-view\"><p>Un dels projectes m\u00e9s recents \u00e9s el que portem a terme amb Coopecarn Girona, S.A., amb finan\u00e7ament de la Generalitat de Catalunya i del Fons Europeu Agr\u00edcola de Desenvolupament Rural (UE) per fomentar un proc\u00e9s d\u2019obtenci\u00f3 de LegHemoglobina i la seva viabilitat industrial per a preparats vegetals. Projecte finan\u00e7at mitjan\u00e7ant l\u2019Operaci\u00f3 16.01.01 (cooperaci\u00f3 per a la innovaci\u00f3) del PDR de Catalunya 2014-2020. Per a m\u00e9s informaci\u00f3, <a href=\"https:\/\/cbmfoods.sharepoint.com\/:b:\/s\/CBMFMarketing\/EeDq4qONt9pPvHbQ7dpXfHABcUHg5HdlqJnSmqk9LYvdbg?e=egvZWo\" target=\"_blank\" rel=\"noopener\">fes clic aqu\u00ed<\/a>.<\/p>\n<\/div><\/div><\/div><div class=\"fusion-layout-column fusion_builder_column fusion-builder-column-9 fusion_builder_column_1_3 1_3 fusion-flex-column\" style=\"--awb-bg-size:cover;--awb-width-large:33.333333333333%;--awb-margin-top-large:0px;--awb-spacing-right-large:5.76%;--awb-margin-bottom-large:20px;--awb-spacing-left-large:5.76%;--awb-width-medium:33.333333333333%;--awb-order-medium:0;--awb-spacing-right-medium:5.76%;--awb-spacing-left-medium:5.76%;--awb-width-small:100%;--awb-order-small:0;--awb-spacing-right-small:1.92%;--awb-spacing-left-small:1.92%;\"><div class=\"fusion-column-wrapper fusion-column-has-shadow fusion-flex-justify-content-flex-start fusion-content-layout-column\"><div class=\"fusion-image-element \" style=\"--awb-caption-title-font-family:var(--h2_typography-font-family);--awb-caption-title-font-weight:var(--h2_typography-font-weight);--awb-caption-title-font-style:var(--h2_typography-font-style);--awb-caption-title-size:var(--h2_typography-font-size);--awb-caption-title-transform:var(--h2_typography-text-transform);--awb-caption-title-line-height:var(--h2_typography-line-height);--awb-caption-title-letter-spacing:var(--h2_typography-letter-spacing);\"><span class=\" fusion-imageframe imageframe-none imageframe-7 hover-type-none\"><img decoding=\"async\" width=\"422\" height=\"80\" title=\"departament_agricultura_gencat\" src=\"https:\/\/www.costabravafoods.com\/wp-content\/uploads\/2025\/05\/departament_agricultura_gencat.png\" alt class=\"img-responsive wp-image-5339\" srcset=\"https:\/\/www.costabravafoods.com\/wp-content\/uploads\/2025\/05\/departament_agricultura_gencat-200x38.png 200w, https:\/\/www.costabravafoods.com\/wp-content\/uploads\/2025\/05\/departament_agricultura_gencat-400x76.png 400w, https:\/\/www.costabravafoods.com\/wp-content\/uploads\/2025\/05\/departament_agricultura_gencat.png 422w\" sizes=\"(max-width: 640px) 100vw, 400px\" \/><\/span><\/div><\/div><\/div><div class=\"fusion-layout-column fusion_builder_column fusion-builder-column-10 fusion_builder_column_1_3 1_3 fusion-flex-column\" style=\"--awb-bg-size:cover;--awb-width-large:33.333333333333%;--awb-margin-top-large:0px;--awb-spacing-right-large:5.76%;--awb-margin-bottom-large:20px;--awb-spacing-left-large:5.76%;--awb-width-medium:33.333333333333%;--awb-order-medium:0;--awb-spacing-right-medium:5.76%;--awb-spacing-left-medium:5.76%;--awb-width-small:100%;--awb-order-small:0;--awb-spacing-right-small:1.92%;--awb-spacing-left-small:1.92%;\"><div class=\"fusion-column-wrapper fusion-column-has-shadow fusion-flex-justify-content-flex-start fusion-content-layout-column\"><div class=\"fusion-image-element \" style=\"--awb-caption-title-font-family:var(--h2_typography-font-family);--awb-caption-title-font-weight:var(--h2_typography-font-weight);--awb-caption-title-font-style:var(--h2_typography-font-style);--awb-caption-title-size:var(--h2_typography-font-size);--awb-caption-title-transform:var(--h2_typography-text-transform);--awb-caption-title-line-height:var(--h2_typography-line-height);--awb-caption-title-letter-spacing:var(--h2_typography-letter-spacing);\"><span class=\" fusion-imageframe imageframe-none imageframe-8 hover-type-none\"><a class=\"fusion-no-lightbox\" href=\"https:\/\/agriculture.ec.europa.eu\/common-agricultural-policy\/rural-development_es\" target=\"_blank\" aria-label=\"fons_europeu_Agricola\" rel=\"noopener noreferrer\"><img decoding=\"async\" width=\"422\" height=\"80\" src=\"https:\/\/www.costabravafoods.com\/wp-content\/uploads\/2025\/05\/fons_europeu_Agricola.png\" alt class=\"img-responsive wp-image-5345\" srcset=\"https:\/\/www.costabravafoods.com\/wp-content\/uploads\/2025\/05\/fons_europeu_Agricola-200x38.png 200w, https:\/\/www.costabravafoods.com\/wp-content\/uploads\/2025\/05\/fons_europeu_Agricola-400x76.png 400w, https:\/\/www.costabravafoods.com\/wp-content\/uploads\/2025\/05\/fons_europeu_Agricola.png 422w\" sizes=\"(max-width: 640px) 100vw, 400px\" \/><\/a><\/span><\/div><\/div><\/div><div class=\"fusion-layout-column fusion_builder_column fusion-builder-column-11 fusion_builder_column_1_1 1_1 fusion-flex-column\" style=\"--awb-bg-size:cover;--awb-width-large:100%;--awb-margin-top-large:0px;--awb-spacing-right-large:1.92%;--awb-margin-bottom-large:20px;--awb-spacing-left-large:1.92%;--awb-width-medium:100%;--awb-order-medium:0;--awb-spacing-right-medium:1.92%;--awb-spacing-left-medium:1.92%;--awb-width-small:100%;--awb-order-small:0;--awb-spacing-right-small:1.92%;--awb-spacing-left-small:1.92%;\"><div class=\"fusion-column-wrapper fusion-column-has-shadow fusion-flex-justify-content-flex-start fusion-content-layout-column\"><div class=\"fusion-text fusion-text-4 fusion-animated fusion-text-no-margin\" style=\"--awb-font-size:17px;--awb-line-height:24px;--awb-margin-top:20px;--awb-margin-bottom:0px;--awb-text-font-family:&quot;Noto Sans Light&quot;;--awb-text-font-style:normal;--awb-text-font-weight:400;\" data-animationType=\"fadeInUp\" data-animationDuration=\"0.3\" data-animationOffset=\"top-into-view\"><p>El nostre departament d\u2019I+D de Frescos y Elaborados Delisano, S.A., ha col\u00b7laborat en el projecte SMARTFARM (Expedient IDI-20210049), basat en l\u2019an\u00e0lisi de punts cr\u00edtics i el refor\u00e7 dels sistemes de gesti\u00f3 integral de la qualitat a la ind\u00fastria aliment\u00e0ria mitjan\u00e7ant el desenvolupament d\u2019un model de detecci\u00f3 preventiva de Salmonella. Aquest projecte ha estat finan\u00e7at pel CDTI i cofinan\u00e7at pel Fons Europeu de Desenvolupament Regional (FEDER), amb l\u2019objectiu de promoure el desenvolupament tecnol\u00f2gic, la innovaci\u00f3 i la recerca de qualitat. <a href=\"https:\/\/cbmfoods.sharepoint.com\/:b:\/s\/CBMFMarketing\/EXOCO69Y5qlPpl76lhEQSv8BRCSNLopJfdFh5SR1QK0QmQ?e=3GSljg\" target=\"_blank\" rel=\"noopener\">Veure m\u00e9s detalls<\/a>.<\/p>\n<\/div><\/div><\/div><div class=\"fusion-layout-column fusion_builder_column fusion-builder-column-12 fusion_builder_column_1_3 1_3 fusion-flex-column\" style=\"--awb-bg-size:cover;--awb-width-large:33.333333333333%;--awb-margin-top-large:0px;--awb-spacing-right-large:5.76%;--awb-margin-bottom-large:20px;--awb-spacing-left-large:5.76%;--awb-width-medium:33.333333333333%;--awb-order-medium:0;--awb-spacing-right-medium:5.76%;--awb-spacing-left-medium:5.76%;--awb-width-small:100%;--awb-order-small:0;--awb-spacing-right-small:1.92%;--awb-spacing-left-small:1.92%;\"><div class=\"fusion-column-wrapper fusion-column-has-shadow fusion-flex-justify-content-flex-start fusion-content-layout-column\"><div class=\"fusion-image-element \" style=\"--awb-caption-title-font-family:var(--h2_typography-font-family);--awb-caption-title-font-weight:var(--h2_typography-font-weight);--awb-caption-title-font-style:var(--h2_typography-font-style);--awb-caption-title-size:var(--h2_typography-font-size);--awb-caption-title-transform:var(--h2_typography-text-transform);--awb-caption-title-line-height:var(--h2_typography-line-height);--awb-caption-title-letter-spacing:var(--h2_typography-letter-spacing);\"><span class=\" fusion-imageframe imageframe-none imageframe-9 hover-type-none\"><img decoding=\"async\" width=\"300\" height=\"56\" title=\"logo-CDTI-300&#215;56\" src=\"https:\/\/www.costabravafoods.com\/wp-content\/uploads\/2025\/05\/logo-CDTI-300x56-1.png\" alt class=\"img-responsive wp-image-5369\" srcset=\"https:\/\/www.costabravafoods.com\/wp-content\/uploads\/2025\/05\/logo-CDTI-300x56-1-200x37.png 200w, https:\/\/www.costabravafoods.com\/wp-content\/uploads\/2025\/05\/logo-CDTI-300x56-1.png 300w\" sizes=\"(max-width: 640px) 100vw, 300px\" \/><\/span><\/div><\/div><\/div><\/div><\/div><\/div><div class=\"fusion-fullwidth fullwidth-box fusion-builder-row-3 fusion-flex-container has-pattern-background has-mask-background nonhundred-percent-fullwidth non-hundred-percent-height-scrolling fusion-no-medium-visibility\" style=\"--link_hover_color: #ff0000;--link_color: var(--awb-color1);--awb-border-sizes-top:0px;--awb-border-sizes-bottom:0px;--awb-border-sizes-left:0px;--awb-border-sizes-right:0px;--awb-border-color:#d1d1d1;--awb-border-radius-top-left:0px;--awb-border-radius-top-right:0px;--awb-border-radius-bottom-right:0px;--awb-border-radius-bottom-left:0px;--awb-padding-top:60px;--awb-padding-right:0px;--awb-padding-bottom:80px;--awb-padding-left:0px;--awb-padding-top-medium:20px;--awb-padding-right-medium:20px;--awb-padding-bottom-medium:20px;--awb-padding-left-medium:20px;--awb-margin-top:0px;--awb-margin-bottom:0px;--awb-background-color:var(--awb-color1);--awb-flex-wrap:wrap;\" ><div class=\"fusion-builder-row fusion-row fusion-flex-align-items-stretch fusion-flex-justify-content-center fusion-flex-content-wrap\" style=\"max-width:calc( 1200px + 0px );margin-left: calc(-0px \/ 2 );margin-right: calc(-0px \/ 2 );\"><div class=\"fusion-layout-column fusion_builder_column fusion-builder-column-13 fusion-flex-column fusion-animated\" style=\"--awb-padding-top:80px;--awb-bg-color:var(--awb-color1);--awb-bg-color-hover:var(--awb-color1);--awb-bg-size:cover;--awb-border-color:var(--awb-color5);--awb-border-style:solid;--awb-width-large:8%;--awb-margin-top-large:0px;--awb-spacing-right-large:calc( 0.25 * calc( 100% - 0 ) );--awb-margin-bottom-large:0px;--awb-spacing-left-large:0px;--awb-width-medium:50%;--awb-order-medium:0;--awb-spacing-right-medium:calc( 0.04 * calc( 100% - 0 ) );--awb-margin-bottom-medium:0px;--awb-spacing-left-medium:calc( 0.04 * calc( 100% - 0 ) );--awb-width-small:100%;--awb-order-small:0;--awb-spacing-right-small:0px;--awb-margin-bottom-small:0px;--awb-spacing-left-small:0px;\" data-animationType=\"fadeInUp\" data-animationDuration=\"1.3\" data-animationOffset=\"top-into-view\" data-scroll-devices=\"small-visibility,medium-visibility,large-visibility\"><div class=\"fusion-column-wrapper fusion-column-has-shadow fusion-flex-justify-content-flex-start fusion-content-layout-column\"><\/div><\/div><div class=\"fusion-layout-column fusion_builder_column fusion-builder-column-14 fusion_builder_column_1_5 1_5 fusion-flex-column fusion-animated\" style=\"--awb-padding-top:25px;--awb-padding-bottom:25px;--awb-bg-color:var(--awb-color8);--awb-bg-color-hover:var(--awb-color8);--awb-bg-size:cover;--awb-border-color:var(--awb-color5);--awb-border-style:solid;--awb-width-large:20%;--awb-margin-top-large:0px;--awb-spacing-right-large:0px;--awb-margin-bottom-large:20px;--awb-spacing-left-large:0px;--awb-width-medium:50%;--awb-order-medium:0;--awb-spacing-right-medium:0px;--awb-margin-bottom-medium:0px;--awb-spacing-left-medium:calc( 0.04 * calc( 100% - 0 ) );--awb-width-small:100%;--awb-order-small:0;--awb-spacing-right-small:0px;--awb-margin-bottom-small:0px;--awb-spacing-left-small:0px;\" data-animationType=\"fadeInUp\" data-animationDuration=\"1.3\" data-animationOffset=\"top-into-view\" data-scroll-devices=\"small-visibility,medium-visibility,large-visibility\"><div class=\"fusion-column-wrapper fusion-column-has-shadow fusion-flex-justify-content-flex-start fusion-content-layout-column\"><div class=\"fusion-image-element \" style=\"text-align:center;--awb-caption-title-font-family:var(--h2_typography-font-family);--awb-caption-title-font-weight:var(--h2_typography-font-weight);--awb-caption-title-font-style:var(--h2_typography-font-style);--awb-caption-title-size:var(--h2_typography-font-size);--awb-caption-title-transform:var(--h2_typography-text-transform);--awb-caption-title-line-height:var(--h2_typography-line-height);--awb-caption-title-letter-spacing:var(--h2_typography-letter-spacing);\"><span class=\" fusion-imageframe imageframe-none imageframe-10 hover-type-none\"><img decoding=\"async\" width=\"112\" height=\"74\" title=\"icon-idi-1-1\" src=\"https:\/\/www.costabravafoods.com\/wp-content\/uploads\/2025\/05\/icon-idi-1-1.svg\" alt class=\"img-responsive wp-image-5375\"\/><\/span><\/div><div class=\"fusion-text fusion-text-5 fusion-animated fusion-text-no-margin\" style=\"--awb-content-alignment:center;--awb-font-size:16px;--awb-line-height:14px;--awb-text-color:var(--awb-color1);--awb-margin-top:15px;--awb-margin-right:25px;--awb-margin-bottom:20px;--awb-margin-left:25px;--awb-text-font-family:&quot;Noto Sans Light&quot;;--awb-text-font-style:normal;--awb-text-font-weight:400;\" data-animationType=\"fadeInUp\" data-animationDuration=\"0.3\" data-animationOffset=\"top-into-view\"><p>Plantes equipades amb els m\u00e9s avan\u00e7ats sistemes de producci\u00f3 industrialPlantes equipades amb els m\u00e9s avan\u00e7ats sistemes de producci\u00f3 industrial<\/p>\n<\/div><\/div><\/div><div class=\"fusion-layout-column fusion_builder_column fusion-builder-column-15 fusion_builder_column_1_5 1_5 fusion-flex-column fusion-animated\" style=\"--awb-padding-top:25px;--awb-padding-bottom:25px;--awb-bg-color:var(--awb-color8);--awb-bg-color-hover:var(--awb-color8);--awb-bg-size:cover;--awb-border-color:var(--awb-color5);--awb-border-style:solid;--awb-width-large:20%;--awb-margin-top-large:0px;--awb-spacing-right-large:0px;--awb-margin-bottom-large:20px;--awb-spacing-left-large:0px;--awb-width-medium:50%;--awb-order-medium:0;--awb-spacing-right-medium:0px;--awb-margin-bottom-medium:0px;--awb-spacing-left-medium:calc( 0.04 * calc( 100% - 0 ) );--awb-width-small:100%;--awb-order-small:0;--awb-spacing-right-small:0px;--awb-margin-bottom-small:0px;--awb-spacing-left-small:0px;\" data-animationType=\"fadeInUp\" data-animationDuration=\"1.3\" data-animationOffset=\"top-into-view\" data-scroll-devices=\"small-visibility,medium-visibility,large-visibility\"><div class=\"fusion-column-wrapper fusion-column-has-shadow fusion-flex-justify-content-flex-start fusion-content-layout-column\"><div class=\"fusion-image-element \" style=\"text-align:center;--awb-caption-title-font-family:var(--h2_typography-font-family);--awb-caption-title-font-weight:var(--h2_typography-font-weight);--awb-caption-title-font-style:var(--h2_typography-font-style);--awb-caption-title-size:var(--h2_typography-font-size);--awb-caption-title-transform:var(--h2_typography-text-transform);--awb-caption-title-line-height:var(--h2_typography-line-height);--awb-caption-title-letter-spacing:var(--h2_typography-letter-spacing);\"><span class=\" fusion-imageframe imageframe-none imageframe-11 hover-type-none\"><img decoding=\"async\" width=\"69\" height=\"74\" title=\"icon-idi-2b\" src=\"https:\/\/www.costabravafoods.com\/wp-content\/uploads\/2025\/05\/icon-idi-2b.svg\" alt class=\"img-responsive wp-image-5399\"\/><\/span><\/div><div class=\"fusion-text fusion-text-6 fusion-animated fusion-text-no-margin\" style=\"--awb-content-alignment:center;--awb-font-size:16px;--awb-line-height:14px;--awb-text-color:var(--awb-color1);--awb-margin-top:15px;--awb-margin-right:25px;--awb-margin-bottom:20px;--awb-margin-left:25px;--awb-text-font-family:&quot;Noto Sans Light&quot;;--awb-text-font-style:normal;--awb-text-font-weight:400;\" data-animationType=\"fadeInUp\" data-animationDuration=\"0.3\" data-animationOffset=\"top-into-view\"><p style=\"text-align: center;\">T\u00e8cniques disruptives per trobar noves solucions aliment\u00e0ries<\/p>\n<\/div><\/div><\/div><div class=\"fusion-layout-column fusion_builder_column fusion-builder-column-16 fusion_builder_column_1_5 1_5 fusion-flex-column fusion-animated\" style=\"--awb-padding-top:25px;--awb-padding-bottom:25px;--awb-bg-color:var(--awb-color8);--awb-bg-color-hover:var(--awb-color8);--awb-bg-size:cover;--awb-border-color:var(--awb-color5);--awb-border-style:solid;--awb-width-large:20%;--awb-margin-top-large:0px;--awb-spacing-right-large:0px;--awb-margin-bottom-large:20px;--awb-spacing-left-large:0px;--awb-width-medium:50%;--awb-order-medium:0;--awb-spacing-right-medium:0px;--awb-margin-bottom-medium:0px;--awb-spacing-left-medium:calc( 0.04 * calc( 100% - 0 ) );--awb-width-small:100%;--awb-order-small:0;--awb-spacing-right-small:0px;--awb-margin-bottom-small:0px;--awb-spacing-left-small:0px;\" data-animationType=\"fadeInUp\" data-animationDuration=\"1.3\" data-animationOffset=\"top-into-view\" data-scroll-devices=\"small-visibility,medium-visibility,large-visibility\"><div class=\"fusion-column-wrapper fusion-column-has-shadow fusion-flex-justify-content-flex-start fusion-content-layout-column\"><div class=\"fusion-image-element \" style=\"text-align:center;--awb-caption-title-font-family:var(--h2_typography-font-family);--awb-caption-title-font-weight:var(--h2_typography-font-weight);--awb-caption-title-font-style:var(--h2_typography-font-style);--awb-caption-title-size:var(--h2_typography-font-size);--awb-caption-title-transform:var(--h2_typography-text-transform);--awb-caption-title-line-height:var(--h2_typography-line-height);--awb-caption-title-letter-spacing:var(--h2_typography-letter-spacing);\"><span class=\" fusion-imageframe imageframe-none imageframe-12 hover-type-none\"><img decoding=\"async\" width=\"59\" height=\"74\" title=\"icon-idi-3b\" src=\"https:\/\/www.costabravafoods.com\/wp-content\/uploads\/2025\/05\/icon-idi-3b.svg\" alt class=\"img-responsive wp-image-5405\"\/><\/span><\/div><div class=\"fusion-text fusion-text-7 fusion-animated fusion-text-no-margin\" style=\"--awb-content-alignment:center;--awb-font-size:16px;--awb-line-height:14px;--awb-text-color:var(--awb-color1);--awb-margin-top:15px;--awb-margin-right:25px;--awb-margin-bottom:20px;--awb-margin-left:25px;--awb-text-font-family:&quot;Noto Sans Light&quot;;--awb-text-font-style:normal;--awb-text-font-weight:400;\" data-animationType=\"fadeInUp\" data-animationDuration=\"0.3\" data-animationOffset=\"top-into-view\"><p>Cinquanta anys de traject\u00f2ria i el coneixement de tres generacions<\/p>\n<\/div><\/div><\/div><div class=\"fusion-layout-column fusion_builder_column fusion-builder-column-17 fusion_builder_column_1_5 1_5 fusion-flex-column fusion-animated\" style=\"--awb-padding-top:25px;--awb-padding-bottom:25px;--awb-bg-color:var(--awb-color8);--awb-bg-color-hover:var(--awb-color8);--awb-bg-size:cover;--awb-border-color:var(--awb-color5);--awb-border-style:solid;--awb-width-large:20%;--awb-margin-top-large:0px;--awb-spacing-right-large:0px;--awb-margin-bottom-large:20px;--awb-spacing-left-large:0px;--awb-width-medium:50%;--awb-order-medium:0;--awb-spacing-right-medium:0px;--awb-margin-bottom-medium:0px;--awb-spacing-left-medium:calc( 0.04 * calc( 100% - 0 ) );--awb-width-small:100%;--awb-order-small:0;--awb-spacing-right-small:0px;--awb-margin-bottom-small:0px;--awb-spacing-left-small:0px;\" data-animationType=\"fadeInUp\" data-animationDuration=\"1.3\" data-animationOffset=\"top-into-view\" data-scroll-devices=\"small-visibility,medium-visibility,large-visibility\"><div class=\"fusion-column-wrapper fusion-column-has-shadow fusion-flex-justify-content-flex-start fusion-content-layout-column\"><div class=\"fusion-image-element \" style=\"text-align:center;--awb-caption-title-font-family:var(--h2_typography-font-family);--awb-caption-title-font-weight:var(--h2_typography-font-weight);--awb-caption-title-font-style:var(--h2_typography-font-style);--awb-caption-title-size:var(--h2_typography-font-size);--awb-caption-title-transform:var(--h2_typography-text-transform);--awb-caption-title-line-height:var(--h2_typography-line-height);--awb-caption-title-letter-spacing:var(--h2_typography-letter-spacing);\"><span class=\" fusion-imageframe imageframe-none imageframe-13 hover-type-none\"><img decoding=\"async\" width=\"73\" height=\"74\" title=\"icon-idi-4c\" src=\"https:\/\/www.costabravafoods.com\/wp-content\/uploads\/2025\/05\/icon-idi-4c.svg\" alt class=\"img-responsive wp-image-5417\"\/><\/span><\/div><div class=\"fusion-text fusion-text-8 fusion-animated fusion-text-no-margin\" style=\"--awb-content-alignment:center;--awb-font-size:16px;--awb-line-height:14px;--awb-text-color:var(--awb-color1);--awb-margin-top:15px;--awb-margin-right:15px;--awb-margin-bottom:20px;--awb-margin-left:15px;--awb-text-font-family:&quot;Noto Sans Light&quot;;--awb-text-font-style:normal;--awb-text-font-weight:400;\" data-animationType=\"fadeInUp\" data-animationDuration=\"0.3\" data-animationOffset=\"top-into-view\"><p style=\"text-align: center;\">Provar, millorar, provar, millorar i seguir sempre endavant perqu\u00e8 som inconformistes<\/p>\n<\/div><\/div><\/div><div class=\"fusion-layout-column fusion_builder_column fusion-builder-column-18 fusion-flex-column fusion-animated\" style=\"--awb-padding-top:80px;--awb-bg-color:var(--awb-color1);--awb-bg-color-hover:var(--awb-color1);--awb-bg-size:cover;--awb-border-color:var(--awb-color5);--awb-border-style:solid;--awb-width-large:8%;--awb-margin-top-large:0px;--awb-spacing-right-large:calc( 0.25 * calc( 100% - 0 ) );--awb-margin-bottom-large:0px;--awb-spacing-left-large:0px;--awb-width-medium:50%;--awb-order-medium:0;--awb-spacing-right-medium:calc( 0.04 * calc( 100% - 0 ) );--awb-margin-bottom-medium:0px;--awb-spacing-left-medium:calc( 0.04 * calc( 100% - 0 ) );--awb-width-small:100%;--awb-order-small:0;--awb-spacing-right-small:0px;--awb-margin-bottom-small:0px;--awb-spacing-left-small:0px;\" data-animationType=\"fadeInUp\" data-animationDuration=\"1.3\" data-animationOffset=\"top-into-view\" data-scroll-devices=\"small-visibility,medium-visibility,large-visibility\"><div class=\"fusion-column-wrapper fusion-column-has-shadow fusion-flex-justify-content-flex-start fusion-content-layout-column\"><\/div><\/div><\/div><\/div><div class=\"fusion-fullwidth fullwidth-box fusion-builder-row-4 fusion-flex-container has-pattern-background has-mask-background nonhundred-percent-fullwidth non-hundred-percent-height-scrolling fusion-no-small-visibility fusion-no-large-visibility\" style=\"--link_hover_color: #ff0000;--link_color: var(--awb-color1);--awb-border-sizes-top:0px;--awb-border-sizes-bottom:0px;--awb-border-sizes-left:0px;--awb-border-sizes-right:0px;--awb-border-color:#d1d1d1;--awb-border-radius-top-left:0px;--awb-border-radius-top-right:0px;--awb-border-radius-bottom-right:0px;--awb-border-radius-bottom-left:0px;--awb-padding-top:60px;--awb-padding-right:0px;--awb-padding-bottom:80px;--awb-padding-left:0px;--awb-padding-top-medium:20px;--awb-padding-right-medium:20px;--awb-padding-bottom-medium:20px;--awb-padding-left-medium:20px;--awb-margin-top:0px;--awb-margin-bottom:0px;--awb-background-color:var(--awb-color1);--awb-flex-wrap:wrap;\" ><div class=\"fusion-builder-row fusion-row fusion-flex-align-items-stretch fusion-flex-justify-content-center fusion-flex-content-wrap\" style=\"max-width:calc( 1200px + 0px );margin-left: calc(-0px \/ 2 );margin-right: calc(-0px \/ 2 );\"><div class=\"fusion-layout-column fusion_builder_column fusion-builder-column-19 fusion_builder_column_1_4 1_4 fusion-flex-column fusion-animated\" style=\"--awb-padding-top:25px;--awb-padding-bottom:25px;--awb-bg-color:var(--awb-color8);--awb-bg-color-hover:var(--awb-color8);--awb-bg-size:cover;--awb-border-color:var(--awb-color5);--awb-border-style:solid;--awb-width-large:25%;--awb-margin-top-large:0px;--awb-spacing-right-large:0px;--awb-margin-bottom-large:20px;--awb-spacing-left-large:0px;--awb-width-medium:50%;--awb-order-medium:0;--awb-spacing-right-medium:0px;--awb-margin-bottom-medium:0px;--awb-spacing-left-medium:calc( 0.04 * calc( 100% - 0 ) );--awb-width-small:100%;--awb-order-small:0;--awb-spacing-right-small:0px;--awb-margin-bottom-small:0px;--awb-spacing-left-small:0px;\" data-animationType=\"fadeInUp\" data-animationDuration=\"1.3\" data-animationOffset=\"top-into-view\" data-scroll-devices=\"small-visibility,medium-visibility,large-visibility\"><div class=\"fusion-column-wrapper fusion-column-has-shadow fusion-flex-justify-content-flex-start fusion-content-layout-column\"><div class=\"fusion-image-element \" style=\"text-align:center;--awb-caption-title-font-family:var(--h2_typography-font-family);--awb-caption-title-font-weight:var(--h2_typography-font-weight);--awb-caption-title-font-style:var(--h2_typography-font-style);--awb-caption-title-size:var(--h2_typography-font-size);--awb-caption-title-transform:var(--h2_typography-text-transform);--awb-caption-title-line-height:var(--h2_typography-line-height);--awb-caption-title-letter-spacing:var(--h2_typography-letter-spacing);\"><span class=\" fusion-imageframe imageframe-none imageframe-14 hover-type-none\"><img decoding=\"async\" width=\"112\" height=\"74\" title=\"icon-idi-1-1\" src=\"https:\/\/www.costabravafoods.com\/wp-content\/uploads\/2025\/05\/icon-idi-1-1.svg\" alt class=\"img-responsive wp-image-5375\"\/><\/span><\/div><div class=\"fusion-text fusion-text-9 fusion-animated fusion-text-no-margin\" style=\"--awb-content-alignment:center;--awb-font-size:16px;--awb-line-height:14px;--awb-text-color:var(--awb-color1);--awb-margin-top:15px;--awb-margin-right:25px;--awb-margin-bottom:20px;--awb-margin-left:25px;--awb-text-font-family:&quot;Noto Sans Light&quot;;--awb-text-font-style:normal;--awb-text-font-weight:400;\" data-animationType=\"fadeInUp\" data-animationDuration=\"0.3\" data-animationOffset=\"top-into-view\"><p>Plantes equipades amb els m\u00e9s avan\u00e7ats sistemes de producci\u00f3 industrialPlantes equipades amb els m\u00e9s avan\u00e7ats sistemes de producci\u00f3 industrial<\/p>\n<\/div><\/div><\/div><div class=\"fusion-layout-column fusion_builder_column fusion-builder-column-20 fusion_builder_column_1_4 1_4 fusion-flex-column fusion-animated\" style=\"--awb-padding-top:25px;--awb-padding-bottom:25px;--awb-bg-color:var(--awb-color8);--awb-bg-color-hover:var(--awb-color8);--awb-bg-size:cover;--awb-border-color:var(--awb-color5);--awb-border-style:solid;--awb-width-large:25%;--awb-margin-top-large:0px;--awb-spacing-right-large:0px;--awb-margin-bottom-large:20px;--awb-spacing-left-large:0px;--awb-width-medium:50%;--awb-order-medium:0;--awb-spacing-right-medium:0px;--awb-margin-bottom-medium:0px;--awb-spacing-left-medium:calc( 0.04 * calc( 100% - 0 ) );--awb-width-small:100%;--awb-order-small:0;--awb-spacing-right-small:0px;--awb-margin-bottom-small:0px;--awb-spacing-left-small:0px;\" data-animationType=\"fadeInUp\" data-animationDuration=\"1.3\" data-animationOffset=\"top-into-view\" data-scroll-devices=\"small-visibility,medium-visibility,large-visibility\"><div class=\"fusion-column-wrapper fusion-column-has-shadow fusion-flex-justify-content-flex-start fusion-content-layout-column\"><div class=\"fusion-image-element \" style=\"text-align:center;--awb-caption-title-font-family:var(--h2_typography-font-family);--awb-caption-title-font-weight:var(--h2_typography-font-weight);--awb-caption-title-font-style:var(--h2_typography-font-style);--awb-caption-title-size:var(--h2_typography-font-size);--awb-caption-title-transform:var(--h2_typography-text-transform);--awb-caption-title-line-height:var(--h2_typography-line-height);--awb-caption-title-letter-spacing:var(--h2_typography-letter-spacing);\"><span class=\" fusion-imageframe imageframe-none imageframe-15 hover-type-none\"><img decoding=\"async\" width=\"69\" height=\"74\" title=\"icon-idi-2b\" src=\"https:\/\/www.costabravafoods.com\/wp-content\/uploads\/2025\/05\/icon-idi-2b.svg\" alt class=\"img-responsive wp-image-5399\"\/><\/span><\/div><div class=\"fusion-text fusion-text-10 fusion-animated fusion-text-no-margin\" style=\"--awb-content-alignment:center;--awb-font-size:16px;--awb-line-height:14px;--awb-text-color:var(--awb-color1);--awb-margin-top:15px;--awb-margin-right:25px;--awb-margin-bottom:20px;--awb-margin-left:25px;--awb-text-font-family:&quot;Noto Sans Light&quot;;--awb-text-font-style:normal;--awb-text-font-weight:400;\" data-animationType=\"fadeInUp\" data-animationDuration=\"0.3\" data-animationOffset=\"top-into-view\"><p style=\"text-align: center;\">T\u00e8cniques disruptives per trobar noves solucions aliment\u00e0ries<\/p>\n<\/div><\/div><\/div><div class=\"fusion-layout-column fusion_builder_column fusion-builder-column-21 fusion_builder_column_1_4 1_4 fusion-flex-column fusion-animated\" style=\"--awb-padding-top:25px;--awb-padding-bottom:25px;--awb-bg-color:var(--awb-color8);--awb-bg-color-hover:var(--awb-color8);--awb-bg-size:cover;--awb-border-color:var(--awb-color5);--awb-border-style:solid;--awb-width-large:25%;--awb-margin-top-large:0px;--awb-spacing-right-large:0px;--awb-margin-bottom-large:20px;--awb-spacing-left-large:0px;--awb-width-medium:50%;--awb-order-medium:0;--awb-spacing-right-medium:0px;--awb-margin-bottom-medium:0px;--awb-spacing-left-medium:calc( 0.04 * calc( 100% - 0 ) );--awb-width-small:100%;--awb-order-small:0;--awb-spacing-right-small:0px;--awb-margin-bottom-small:0px;--awb-spacing-left-small:0px;\" data-animationType=\"fadeInUp\" data-animationDuration=\"1.3\" data-animationOffset=\"top-into-view\" data-scroll-devices=\"small-visibility,medium-visibility,large-visibility\"><div class=\"fusion-column-wrapper fusion-column-has-shadow fusion-flex-justify-content-flex-start fusion-content-layout-column\"><div class=\"fusion-image-element \" style=\"text-align:center;--awb-caption-title-font-family:var(--h2_typography-font-family);--awb-caption-title-font-weight:var(--h2_typography-font-weight);--awb-caption-title-font-style:var(--h2_typography-font-style);--awb-caption-title-size:var(--h2_typography-font-size);--awb-caption-title-transform:var(--h2_typography-text-transform);--awb-caption-title-line-height:var(--h2_typography-line-height);--awb-caption-title-letter-spacing:var(--h2_typography-letter-spacing);\"><span class=\" fusion-imageframe imageframe-none imageframe-16 hover-type-none\"><img decoding=\"async\" width=\"59\" height=\"74\" title=\"icon-idi-3b\" src=\"https:\/\/www.costabravafoods.com\/wp-content\/uploads\/2025\/05\/icon-idi-3b.svg\" alt class=\"img-responsive wp-image-5405\"\/><\/span><\/div><div class=\"fusion-text fusion-text-11 fusion-animated fusion-text-no-margin\" style=\"--awb-content-alignment:center;--awb-font-size:16px;--awb-line-height:14px;--awb-text-color:var(--awb-color1);--awb-margin-top:15px;--awb-margin-right:25px;--awb-margin-bottom:20px;--awb-margin-left:25px;--awb-text-font-family:&quot;Noto Sans Light&quot;;--awb-text-font-style:normal;--awb-text-font-weight:400;\" data-animationType=\"fadeInUp\" data-animationDuration=\"0.3\" data-animationOffset=\"top-into-view\"><p>Cinquanta anys de traject\u00f2ria i el coneixement de tres generacions<\/p>\n<\/div><\/div><\/div><div class=\"fusion-layout-column fusion_builder_column fusion-builder-column-22 fusion_builder_column_1_4 1_4 fusion-flex-column fusion-animated\" style=\"--awb-padding-top:25px;--awb-padding-bottom:25px;--awb-bg-color:var(--awb-color8);--awb-bg-color-hover:var(--awb-color8);--awb-bg-size:cover;--awb-border-color:var(--awb-color5);--awb-border-style:solid;--awb-width-large:25%;--awb-margin-top-large:0px;--awb-spacing-right-large:0px;--awb-margin-bottom-large:20px;--awb-spacing-left-large:0px;--awb-width-medium:50%;--awb-order-medium:0;--awb-spacing-right-medium:0px;--awb-margin-bottom-medium:0px;--awb-spacing-left-medium:calc( 0.04 * calc( 100% - 0 ) );--awb-width-small:100%;--awb-order-small:0;--awb-spacing-right-small:0px;--awb-margin-bottom-small:0px;--awb-spacing-left-small:0px;\" data-animationType=\"fadeInUp\" data-animationDuration=\"1.3\" data-animationOffset=\"top-into-view\" data-scroll-devices=\"small-visibility,medium-visibility,large-visibility\"><div class=\"fusion-column-wrapper fusion-column-has-shadow fusion-flex-justify-content-flex-start fusion-content-layout-column\"><div class=\"fusion-image-element \" style=\"text-align:center;--awb-caption-title-font-family:var(--h2_typography-font-family);--awb-caption-title-font-weight:var(--h2_typography-font-weight);--awb-caption-title-font-style:var(--h2_typography-font-style);--awb-caption-title-size:var(--h2_typography-font-size);--awb-caption-title-transform:var(--h2_typography-text-transform);--awb-caption-title-line-height:var(--h2_typography-line-height);--awb-caption-title-letter-spacing:var(--h2_typography-letter-spacing);\"><span class=\" fusion-imageframe imageframe-none imageframe-17 hover-type-none\"><img decoding=\"async\" width=\"73\" height=\"74\" title=\"icon-idi-4c\" src=\"https:\/\/www.costabravafoods.com\/wp-content\/uploads\/2025\/05\/icon-idi-4c.svg\" alt class=\"img-responsive wp-image-5417\"\/><\/span><\/div><div class=\"fusion-text fusion-text-12 fusion-animated fusion-text-no-margin\" style=\"--awb-content-alignment:center;--awb-font-size:16px;--awb-line-height:14px;--awb-text-color:var(--awb-color1);--awb-margin-top:15px;--awb-margin-right:15px;--awb-margin-bottom:20px;--awb-margin-left:15px;--awb-text-font-family:&quot;Noto Sans Light&quot;;--awb-text-font-style:normal;--awb-text-font-weight:400;\" data-animationType=\"fadeInUp\" data-animationDuration=\"0.3\" data-animationOffset=\"top-into-view\"><p style=\"text-align: center;\">Provar, millorar, provar, millorar i seguir sempre endavant perqu\u00e8 som inconformistes<\/p>\n<\/div><\/div><\/div><\/div><\/div><div id=\"estructura\" class=\"fusion-container-anchor\"><div class=\"fusion-fullwidth fullwidth-box fusion-builder-row-5 fusion-flex-container has-pattern-background has-mask-background nonhundred-percent-fullwidth non-hundred-percent-height-scrolling\" style=\"--awb-border-radius-top-left:0px;--awb-border-radius-top-right:0px;--awb-border-radius-bottom-right:0px;--awb-border-radius-bottom-left:0px;--awb-padding-top:0px;--awb-flex-wrap:wrap;\" ><div class=\"fusion-builder-row fusion-row fusion-flex-align-items-flex-start fusion-flex-content-wrap\" style=\"max-width:1248px;margin-left: calc(-4% \/ 2 );margin-right: calc(-4% \/ 2 );\"><div class=\"fusion-layout-column fusion_builder_column fusion-builder-column-23 fusion_builder_column_1_1 1_1 fusion-flex-column fusion-flex-align-self-stretch fusion-column-inner-bg-wrapper\" style=\"--awb-padding-top:0vw;--awb-padding-right:0vw;--awb-padding-bottom:0vw;--awb-padding-left:0vw;--awb-inner-bg-size:cover;--awb-border-color:#9e7c0b;--awb-border-style:solid;--awb-width-large:100%;--awb-margin-top-large:0px;--awb-spacing-right-large:1.92%;--awb-margin-bottom-large:20px;--awb-spacing-left-large:1.92%;--awb-width-medium:100%;--awb-order-medium:0;--awb-spacing-right-medium:1.92%;--awb-spacing-left-medium:1.92%;--awb-width-small:100%;--awb-order-small:0;--awb-spacing-right-small:1.92%;--awb-spacing-left-small:1.92%;\" data-scroll-devices=\"small-visibility,medium-visibility,large-visibility\"><span class=\"fusion-column-inner-bg hover-type-none\"><a class=\"fusion-column-anchor\" href=\"#\"><span class=\"fusion-column-inner-bg-image\"><\/span><\/a><\/span><div class=\"fusion-column-wrapper fusion-column-has-shadow fusion-flex-justify-content-space-evenly fusion-content-layout-column\"><div class=\"fusion-title title fusion-title-2 fusion-title-center fusion-title-text fusion-title-size-one\" style=\"--awb-text-color:#051d30;--awb-margin-top-small:10px;--awb-margin-right-small:0px;--awb-margin-bottom-small:10px;--awb-margin-left-small:0px;--awb-sep-color:var(--awb-color4);--awb-font-size:28px;\"><div class=\"title-sep-container title-sep-container-left\"><div class=\"title-sep sep-single sep-solid\" style=\"border-color:var(--awb-color4);\"><\/div><\/div><span class=\"awb-title-spacer\"><\/span><h1 class=\"fusion-title-heading title-heading-center\" style=\"font-family:&quot;Noto Sans Bold&quot;;font-style:normal;font-weight:400;margin:0;letter-spacing:0.5px;font-size:1em;\">DOCUMENTACI\u00d3 I INFORMACI\u00d3 PER EMPRESES<\/h1><span class=\"awb-title-spacer\"><\/span><div class=\"title-sep-container title-sep-container-right\"><div class=\"title-sep sep-single sep-solid\" style=\"border-color:var(--awb-color4);\"><\/div><\/div><\/div><\/div><\/div><\/div><\/div><\/div><div class=\"fusion-fullwidth fullwidth-box fusion-builder-row-6 fusion-flex-container has-pattern-background has-mask-background nonhundred-percent-fullwidth non-hundred-percent-height-scrolling fusion-no-small-visibility\" style=\"--link_color: var(--awb-color4);--awb-border-radius-top-left:0px;--awb-border-radius-top-right:0px;--awb-border-radius-bottom-right:0px;--awb-border-radius-bottom-left:0px;--awb-padding-right:150px;--awb-padding-left:150px;--awb-margin-top:25px;--awb-flex-wrap:wrap;\" ><div class=\"fusion-builder-row fusion-row fusion-flex-align-items-center fusion-flex-content-wrap\" style=\"max-width:1248px;margin-left: calc(-4% \/ 2 );margin-right: calc(-4% \/ 2 );\"><div class=\"fusion-layout-column fusion_builder_column fusion-builder-column-24 fusion_builder_column_1_1 1_1 fusion-flex-column\" style=\"--awb-bg-size:cover;--awb-width-large:100%;--awb-margin-top-large:0px;--awb-spacing-right-large:1.92%;--awb-margin-bottom-large:0px;--awb-spacing-left-large:25px;--awb-width-medium:100%;--awb-order-medium:0;--awb-spacing-right-medium:1.92%;--awb-spacing-left-medium:25px;--awb-width-small:100%;--awb-order-small:0;--awb-spacing-right-small:1.92%;--awb-spacing-left-small:1.92%;\" data-scroll-devices=\"small-visibility,medium-visibility,large-visibility\"><div class=\"fusion-column-wrapper fusion-column-has-shadow fusion-flex-justify-content-flex-start fusion-content-layout-column\"><div class=\"accordian fusion-accordian\" style=\"--awb-border-size:1px;--awb-icon-size:16px;--awb-content-font-size:var(--awb-typography4-font-size);--awb-icon-alignment:left;--awb-hover-color:var(--awb-color2);--awb-border-color:var(--awb-color3);--awb-background-color:var(--awb-color1);--awb-divider-color:var(--awb-color3);--awb-divider-hover-color:var(--awb-color3);--awb-icon-color:var(--awb-color1);--awb-title-color:var(--awb-color8);--awb-content-color:var(--awb-color8);--awb-icon-box-color:var(--awb-color7);--awb-toggle-hover-accent-color:var(--awb-color4);--awb-title-font-family:var(--awb-typography1-font-family);--awb-title-font-weight:var(--awb-typography1-font-weight);--awb-title-font-style:var(--awb-typography1-font-style);--awb-title-font-size:16px;--awb-content-font-family:var(--awb-typography4-font-family);--awb-content-font-weight:var(--awb-typography4-font-weight);--awb-content-font-style:var(--awb-typography4-font-style);\"><div class=\"panel-group fusion-toggle-icon-boxed\" id=\"accordion-20495-1\"><div class=\"fusion-panel panel-default panel-0f320e309e351b3c1 fusion-toggle-has-divider\" style=\"--awb-title-color:var(--awb-color8);--awb-content-color:var(--awb-color8);\"><div class=\"panel-heading\"><h4 class=\"panel-title toggle\" id=\"toggle_0f320e309e351b3c1\"><a aria-expanded=\"false\" aria-controls=\"0f320e309e351b3c1\" role=\"button\" data-toggle=\"collapse\" data-parent=\"#accordion-20495-1\" data-target=\"#0f320e309e351b3c1\" href=\"#0f320e309e351b3c1\"><span class=\"fusion-toggle-icon-wrapper\" aria-hidden=\"true\"><i class=\"fa-fusion-box active-icon awb-icon-minus\" aria-hidden=\"true\"><\/i><i class=\"fa-fusion-box inactive-icon awb-icon-plus\" aria-hidden=\"true\"><\/i><\/span><span class=\"fusion-toggle-heading\">FRIGOR\u00cdFICOS COSTA BRAVA S.A.U.<\/span><\/a><\/h4><\/div><div id=\"0f320e309e351b3c1\" class=\"panel-collapse collapse \" aria-labelledby=\"toggle_0f320e309e351b3c1\"><div class=\"panel-body toggle-content fusion-clearfix\">\n<p>No nom\u00e9s complim amb la legislaci\u00f3 vigent en mat\u00e8ria ambiental sin\u00f3 que anem m\u00e9s enll\u00e0 dels requisits legals establint protocols propis d\u2019aplicaci\u00f3 de Millores T\u00e8cniques Disponibles (MTD). Aplicant la nostra <a href=\"https:\/\/cbmfoods.sharepoint.com\/:b:\/s\/CBMFMarketing\/EVQnnBXnfvBPoCg7phdkbk4BpwVKvqVRTb_3dbBI9GlhsA?e=70n2Hq\" target=\"_blank\" rel=\"noopener\">Pol\u00edtica Ambiental<\/a>, treballem cada dia per aconseguir els seg\u00fcents objectius: optimitzaci\u00f3 en el consum d\u2019aigua mitjan\u00e7ant mesures de reutilitzaci\u00f3, reutilitzaci\u00f3 dels materials, reciclatge mitjan\u00e7ant recollida selectiva, reducci\u00f3 del consum energ\u00e8tic.<\/p>\n<p>Alguns dels nostres nous projectes de millora en autoconsum han rebut una ajuda a trav\u00e9s de l\u2019INSTITUT DE DIVERSIFICACI\u00d3 I ESTALVI D\u2019ENERGIA (IDAE) <a href=\"https:\/\/cbmfoods.sharepoint.com\/:b:\/s\/CBMFMarketing\/EQK3CVi4aCJAjdcxPeDa1jUBkW-V2UeYEKNMjsRWymYj_A?e=WD0zfG\" target=\"_blank\" rel=\"noopener\">Llegiu m\u00e9s detalls<\/a>, i de l\u2019INSTITUT CATAL\u00c0 D\u2019ENERGIA (ICAEN)<u>\u00a0<\/u><a href=\"https:\/\/cbmfoods.sharepoint.com\/:b:\/s\/CBMFMarketing\/EfV4mUmfKsVAgL_Gjq4elnoBWx-wOMnnOQjNYtTTmMTC5g?e=495m1G\" target=\"_blank\" rel=\"noopener\">Llegiu m\u00e9s detalls<\/a>, cofinan\u00e7ats per la Uni\u00f3 Europea a trav\u00e9s del Programa Operatiu FEDER.<\/p>\n<p>Projecte acollit al programa d\u2019incentius lligats a l\u2019autoconsum i emmagatzematge, amb fonts d\u2019energia renovable, aix\u00ed com a la implantaci\u00f3 de sistemes t\u00e8rmics renovables en el sector residencial, en el marc del Pla de Recuperaci\u00f3, Transformaci\u00f3 i Resili\u00e8ncia, finan\u00e7at per la Uni\u00f3 Europea \u2013 NextGenerationEU. <a href=\"https:\/\/cbmfoods.sharepoint.com\/:b:\/s\/CBMFMarketing\/EbWPBhAUeLZEkB3nq8kzoZQB1EeuOf7w12XCMQiJcWuXWA?e=eywTC6\" target=\"_blank\" rel=\"noopener\">Tots els detalls aqu\u00ed<\/a>.<\/p>\n<p>Tamb\u00e9 estem en el projecte relatiu a la transformaci\u00f3 i comercialitzaci\u00f3 d\u2019aliments, del \u00abPrograma de Desenvolupament Rural de Catalunya 2014-2020\u00bb cofinan\u00e7at pel Fons Europeu Agr\u00edcola de Desenvolupament Rural: <em>Europa inverteix en les zones rurals<\/em>, i cofinan\u00e7at tamb\u00e9 pel Departament d\u2019Agricultura, Ramaderia, Pesca i Alimentaci\u00f3 de la Generalitat de Catalunya. <a href=\"https:\/\/cbmfoods.sharepoint.com\/:b:\/s\/CBMFMarketing\/EbbGG1dQKPxPkZVv2jDGpT8BD12zOrGg3GgJ-ajwcjDb8w?e=gcchDb\" target=\"_blank\" rel=\"noopener\">Llegiu m\u00e9s detalls<\/a>.<\/p>\n<p>A Frigor\u00edfics Costa Brava hem rebut subvencions per part d\u2019ICAE per a dos projectes importants relacionats amb el nostre objectiu d\u2019estalvi i efici\u00e8ncia energ\u00e8tica. Un d\u2019ells es basa en l\u2019automatitzaci\u00f3 del sistema d\u2019envasat multif\u00f2rmula i paletitzat (<a href=\"https:\/\/www.costabravafoods.com\/wp-content\/uploads\/2025\/01\/Publicidad_web_exp_188.pdf\" target=\"_blank\" rel=\"noopener\">llegiu els detalls aqu\u00ed<\/a>) i l\u2019altre en una automatitzaci\u00f3 del sistema de paletitzat per a una millora energ\u00e8tica de 3a fase (<a href=\"https:\/\/www.costabravafoods.com\/wp-content\/uploads\/2025\/01\/Publicidad_web_exp_259.pdf\" target=\"_blank\" rel=\"noopener\">llegiu els detalls aqu\u00ed<\/a>).<\/p>\n<p style=\"text-align: center;\"><img decoding=\"async\" class=\"alignnone size-full wp-image-2559\" src=\"https:\/\/www.costabravafoods.com\/wp-content\/uploads\/2025\/05\/ES_Funded_by_NextGenEU_vert_RGB_POS-e1689767243232.png\" alt=\"\" width=\"99\" height=\"113\" \/><\/p>\n<p>A Frigor\u00edfics Costa Brava formem part del projecte IRC2025-CORALIA, que busca desenvolupar i validar un sistema integrat que optimitzi el consum d\u2019aigua, millori el benestar animal i aporti tra\u00e7abilitat en temps real als corrals mitjan\u00e7ant tecnologies d\u2019Intel\u00b7lig\u00e8ncia Artificial. <a href=\"https:\/\/www.costabravafoods.com\/wp-content\/uploads\/2026\/04\/nota_difusio_CORALIA_catala.pdf\" target=\"_blank\" rel=\"noopener\">Llegir m\u00e9s detalls.<\/a><\/p>\n<p style=\"text-align: center;\"><a href=\"https:\/\/www.costabravafoods.com\/wp-content\/uploads\/2026\/04\/accio_gen_cat2.png\"><img decoding=\"async\" class=\"alignnone size-full wp-image-35889\" src=\"https:\/\/www.costabravafoods.com\/wp-content\/uploads\/2026\/04\/accio_gen_cat2.png\" alt=\"\" width=\"368\" height=\"88\" srcset=\"https:\/\/www.costabravafoods.com\/wp-content\/uploads\/2026\/04\/accio_gen_cat2-200x48.png 200w, https:\/\/www.costabravafoods.com\/wp-content\/uploads\/2026\/04\/accio_gen_cat2-300x72.png 300w, https:\/\/www.costabravafoods.com\/wp-content\/uploads\/2026\/04\/accio_gen_cat2.png 368w\" sizes=\"(max-width: 368px) 100vw, 368px\" \/><\/a><\/p>\n<\/div><\/div><\/div><div class=\"fusion-panel panel-default panel-26469b2215f8d5bf4 fusion-toggle-has-divider\" style=\"--awb-title-color:var(--awb-color8);--awb-content-color:var(--awb-color8);\"><div class=\"panel-heading\"><h4 class=\"panel-title toggle\" id=\"toggle_26469b2215f8d5bf4\"><a aria-expanded=\"false\" aria-controls=\"26469b2215f8d5bf4\" role=\"button\" data-toggle=\"collapse\" data-parent=\"#accordion-20495-1\" data-target=\"#26469b2215f8d5bf4\" href=\"#26469b2215f8d5bf4\"><span class=\"fusion-toggle-icon-wrapper\" aria-hidden=\"true\"><i class=\"fa-fusion-box active-icon awb-icon-minus\" aria-hidden=\"true\"><\/i><i class=\"fa-fusion-box inactive-icon awb-icon-plus\" aria-hidden=\"true\"><\/i><\/span><span class=\"fusion-toggle-heading\">FRESCOS Y ELABORADOS DELISANO S.A.U.<\/span><\/a><\/h4><\/div><div id=\"26469b2215f8d5bf4\" class=\"panel-collapse collapse \" aria-labelledby=\"toggle_26469b2215f8d5bf4\"><div class=\"panel-body toggle-content fusion-clearfix\">Apostem per la sostenibilitat dels nostres entorns mitjan\u00e7ant el nostre Sistema de Gesti\u00f3 Ambiental, basat en la Norma UNE-EN ISO 14001:2015. Ens comprometem a complir amb tots els requisits legals que ens siguin d\u2019aplicaci\u00f3 i altres que l\u2019organitzaci\u00f3 subscrigui: protecci\u00f3 del medi ambient, disminuci\u00f3 progressiva de la generaci\u00f3 de residus, reducci\u00f3 del consum de recursos naturals, actualitzaci\u00f3 cont\u00ednua de la Pol\u00edtica i del Programa Ambiental, establint els objectius i metes del nostre Sistema de Gesti\u00f3 Ambiental. <a href=\"https:\/\/www.costabravafoods.com\/wp-content\/uploads\/2025\/05\/Politica-Ambiental-Delisano_.pdf\" target=\"_blank\" rel=\"noopener\">Llegiu m\u00e9s detalls.<\/a><\/p>\n<p>Invertim en la millora cont\u00ednua de la sostenibilitat de la companyia, com hem fet recentment en la l\u00ednia de tall de carn i en la millora de l\u2019efici\u00e8ncia de la l\u00ednia de croquetes. La millora en la l\u00ednia de tall de carn (Expedient E4IN12\/2019\/84) \u00e9s un projecte que compta amb ajudes de l\u2019IVACE i el FEDER per la seva millora de l\u2019efici\u00e8ncia energ\u00e8tica. <a href=\"https:\/\/cbmfoods.sharepoint.com\/:b:\/s\/CBMFMarketing\/Eb5s7KgXNH9Cq1Dvtm0g0tEBMxCzXHRSQQr6qmL4bOC4Tw?e=K1hq7n\" target=\"_blank\" rel=\"noopener\">Llegiu m\u00e9s detalls.<\/a><\/p>\n<p>Pel que fa a la millora de la l\u00ednia de croquetes (Expedient E4IDIN\/2019\/11) s\u2019ha substitu\u00eft l\u2019envasadora vertical per un sistema d\u2019envasat vertical autom\u00e0tic en l\u00ednia, la qual cosa suposa una millora t\u00e8cnica clara d\u2019aquest proc\u00e9s reduint el consum de la planta en m\u00e9s de 93.000 kWh\/any i evitant l\u2019emissi\u00f3 de m\u00e9s de 33.000 kg de CO\u2082 a l\u2019any. Projecte acollit a les Ajudes d\u2019IDAE i IVACE cofinan\u00e7at per la Uni\u00f3 Europea dins del Programa Operatiu FEDER. <a href=\"https:\/\/cbmfoods.sharepoint.com\/:b:\/s\/CBMFMarketing\/EXrxZ2paSyhNlMvj4wCC5cUBbDF8LeEuzbSNxMuKpoQoUw?e=vzooeb\" target=\"_blank\" rel=\"noopener\">Llegiu m\u00e9s detalls<\/a>.<\/p>\n<p>Per la nostra actuaci\u00f3 per efici\u00e8ncia energ\u00e8tica en la millora de la tecnologia en equips i processos industrials, hem rebut una ajuda pel Projecte \u201c<em>Millora de l\u2019efici\u00e8ncia en l\u00ednia skin m\u00e9s flow pack<\/em>\u201d (Expedient: E4IDIN\/2019\/230) amb l\u2019objectiu de reduir el consum d\u2019energia a la planta. Projecte acollit a les Ajudes d\u2019IDAE i IVACE cofinan\u00e7at per la Uni\u00f3 Europea dins del Programa Operatiu FEDER. <a href=\"https:\/\/cbmfoods.sharepoint.com\/:b:\/s\/CBMFMarketing\/EcLeHz-TD8VPmkNS_0tVhhYBbsK1MKft7aIu7iy-hO3dIw?e=uiCV7c\" target=\"_blank\" rel=\"noopener\">Coneix tota la informaci\u00f3 aqu\u00ed.<\/a><\/p>\n<p>Seguim treballant en la millora de l\u2019efici\u00e8ncia energ\u00e8tica de la tecnologia en equips i processos industrials, hem rebut una ajuda pel Projecte \u201c<em>Millora de l\u2019efici\u00e8ncia en l\u00ednia 11<\/em>\u201d (Expedient: E4IDIN\/2019\/194) amb l\u2019objectiu de reduir el consum d\u2019energia a la planta automatitzant l\u2019envasat dels nostres productes. Projecte acollit a les Ajudes d\u2019IDAE i IVACE cofinan\u00e7at per la Uni\u00f3 Europea dins del Programa Operatiu FEDER. Coneix tota la informaci\u00f3 aqu\u00ed. <a href=\"https:\/\/cbmfoods.sharepoint.com\/:b:\/s\/CBMFMarketing\/ET0wJzwmtFtFnK1Ek_dZ6C4B4oqS4Vfnb6wwa1iI8iOlWw?e=PqUNxf\" target=\"_blank\" rel=\"noopener\">Coneix tota la informaci\u00f3 aqu\u00ed.<\/a><\/p>\n<p>Frescos i Elaborats Delisano, SAU hem rebut una ajuda per al projecte d\u2019autoconsum \u201c<em>Fotovoltaica per autoconsum<\/em>\u201d (Expedient: IDAUT2\/2021\/65) amb l\u2019objectiu d\u2019aconseguir una economia m\u00e9s neta i sostenible. Projecte acollit al programa d\u2019incentius lligats a l\u2019autoconsum i l\u2019emmagatzematge, amb fonts d\u2019energia renovable, aix\u00ed com a la implantaci\u00f3 de sistemes t\u00e8rmics renovables en el sector residencial, en el marc del Pla de Recuperaci\u00f3, Transformaci\u00f3 i Resili\u00e8ncia, finan\u00e7ament per la Uni\u00f3 Europea \u2013 NextGenerationEU. Coneix tota la informaci\u00f3 <a href=\"https:\/\/cbmfoods.sharepoint.com\/:b:\/s\/CBMFMarketing\/Efjw0doYeD5Lkj9XCSnkH94BIg-JgDajTvoOS9sq_72DWQ?e=cHE2nA\" target=\"_blank\" rel=\"noopener\">aqu\u00ed.<\/a><\/p>\n<p>En l\u2019\u00e0mbit social, la nostra planta de Cheste (Frescos y Elaborados Delisano, S.A.) ha rebut de LABORA Servei Valenci\u00e0 d\u2019Ocupaci\u00f3 i Formaci\u00f3, una subvenci\u00f3 de 2.826,24 \u20ac per fomentar la contractaci\u00f3 de persones amb diversitat funcional. <a href=\"https:\/\/cbmfoods.sharepoint.com\/:b:\/s\/CBMFMarketing\/Edhm5U2pDI5LhsLt6UoLRSEBXkjR-gREM5otgoX5g_PGvQ?e=effjtZ\" target=\"_blank\" rel=\"noopener\">M\u00e9s informaci\u00f3<\/a><\/p>\n<p>Hem implementat un nou projecte de tres punts de rec\u00e0rrega gr\u00e0cies a l\u2019ajuda cofinan\u00e7ada pel Mecanisme Europeu de Recuperaci\u00f3 i Resili\u00e8ncia PRTR-Next Generation EU coordinat a trav\u00e9s d\u2019IDAE i gestionat pel Reial Decret 266\/2021 amb l\u2019objectiu d\u2019aconseguir una economia m\u00e9s neta i sostenible. <a href=\"https:\/\/www.costabravafoods.com\/wp-content\/uploads\/2025\/04\/Publicitat-Delisano.pdf\" target=\"_blank\" rel=\"noopener\">M\u00e9s informaci\u00f3<\/a><\/p>\n<p>FRESCOS Y ELABORADOS DELISANO SAU ha rebut una ajuda per al seu projecte d\u2019estalvi i efici\u00e8ncia energ\u00e8tica, projecte expedient E4IDIN\/2019\/443, acollit a les ajudes d\u2019IDAE i IVACE cofinan\u00e7at per la Uni\u00f3 Europea dins del Programa Operatiu FEDER 2014-2020 amb Fons Europeu de Desenvolupament Regional (FEDER), coordinada per IDAE i gestionada per les autonomies, amb c\u00e0rrec al Fons Nacional d\u2019Efici\u00e8ncia Energ\u00e8tica, amb l\u2019objectiu d\u2019aconseguir una economia m\u00e9s neta i sostenible. S\u2019ha elaborat un projecte d\u2019estalvi i efici\u00e8ncia energ\u00e8tica consistent en la substituci\u00f3 d\u2019una bomba de calor per a la climatitzaci\u00f3 de les oficines. S\u2019ha requerit la col\u00b7laboraci\u00f3 dels millors fabricants d\u2019equipament del sector, que ens aportaran grans estalvis energ\u00e8tics i mediambientals en el proc\u00e9s. Gr\u00e0cies al projecte s\u2019estalvien 12,12 teps anuals. <a href=\"https:\/\/cbmfoods.sharepoint.com\/:b:\/s\/CBMFMarketing\/ESq9ep-d9BVLvANLXHn9MP8BLVZ7xgrq52R3wHKlbr9gUw?e=T29NzW\" target=\"_blank\" rel=\"noopener\">Coneix tota la informaci\u00f3 aqu\u00ed<\/a>.<\/p>\n<p>A Delisano s\u2019ha elaborat un projecte d\u2019estalvi i efici\u00e8ncia energ\u00e8tica consistent en l\u2019automatitzaci\u00f3 de la l\u00ednia 7 de costelles, projecte acollit a les ajudes d\u2019IDAE i IVACE cofinan\u00e7at per la Uni\u00f3 Europea dins del Programa Operatiu FEDER 2014-2020 amb Fons Europeu de Desenvolupament Regional (FEDER), coordinada per IDAE i gestionada per les autonomies, amb c\u00e0rrec al Fons Nacional d\u2019Efici\u00e8ncia Energ\u00e8tica. <a href=\"https:\/\/www.costabravafoods.com\/wp-content\/uploads\/2025\/05\/Publicidad_web_435.pdf\" target=\"_blank\" rel=\"noopener\">Clica aqu\u00ed per con\u00e8ixer tota la informaci\u00f3.\u00a0<\/a><\/p>\n<p>Tamb\u00e9 s\u2019ha elaborat un projecte d\u2019estalvi i efici\u00e8ncia energ\u00e8tica consistent en la substituci\u00f3 d\u2019un equip de termoformat de la l\u00ednia 116, projecte acollit a les ajudes d\u2019IDAE i IVACE cofinan\u00e7at per la Uni\u00f3 Europea dins del Programa Operatiu FEDER 2014-2020 amb Fons Europeu de Desenvolupament Regional (FEDER), coordinada per IDAE i gestionada per les autonomies, amb c\u00e0rrec al Fons Nacional d\u2019Efici\u00e8ncia Energ\u00e8tica. <a href=\"https:\/\/www.costabravafoods.com\/wp-content\/uploads\/2025\/05\/Publicidad_web_449.pdf\" target=\"_blank\" rel=\"noopener\">Coneix tota la informaci\u00f3 aqu\u00ed<\/a>.<\/p>\n<p style=\"text-align: center;\"><img decoding=\"async\" class=\"alignnone size-full wp-image-2561\" src=\"https:\/\/www.costabravafoods.com\/wp-content\/uploads\/2025\/05\/frescos-e1690979414542.png\" alt=\"\" width=\"480\" height=\"200\" srcset=\"https:\/\/www.costabravafoods.com\/wp-content\/uploads\/2025\/05\/frescos-e1690979414542-200x83.png 200w, https:\/\/www.costabravafoods.com\/wp-content\/uploads\/2025\/05\/frescos-e1690979414542-300x125.png 300w, https:\/\/www.costabravafoods.com\/wp-content\/uploads\/2025\/05\/frescos-e1690979414542-400x167.png 400w, https:\/\/www.costabravafoods.com\/wp-content\/uploads\/2025\/05\/frescos-e1690979414542.png 480w\" sizes=\"(max-width: 480px) 100vw, 480px\" \/><\/p>\n<\/div><\/div><\/div><div class=\"fusion-panel panel-default panel-0ca72a45151112963 fusion-toggle-has-divider\" style=\"--awb-title-color:var(--awb-color8);--awb-content-color:var(--awb-color8);\"><div class=\"panel-heading\"><h4 class=\"panel-title toggle\" id=\"toggle_0ca72a45151112963\"><a aria-expanded=\"false\" aria-controls=\"0ca72a45151112963\" role=\"button\" data-toggle=\"collapse\" data-parent=\"#accordion-20495-1\" data-target=\"#0ca72a45151112963\" href=\"#0ca72a45151112963\"><span class=\"fusion-toggle-icon-wrapper\" aria-hidden=\"true\"><i class=\"fa-fusion-box active-icon awb-icon-minus\" aria-hidden=\"true\"><\/i><i class=\"fa-fusion-box inactive-icon awb-icon-plus\" aria-hidden=\"true\"><\/i><\/span><span class=\"fusion-toggle-heading\">EMBUTIDOS CASEROS COLLELL S.A.<\/span><\/a><\/h4><\/div><div id=\"0ca72a45151112963\" class=\"panel-collapse collapse \" aria-labelledby=\"toggle_0ca72a45151112963\"><div class=\"panel-body toggle-content fusion-clearfix\">V\u00e0rem elaborar un projecte d&#8217;estalvi i efici\u00e8ncia energ\u00e8tica consistent en la implantaci\u00f3 d&#8217;un variador de freq\u00fc\u00e8ncia en els compressors de fred, amb un estalvi estimat de 58,89 te\/any. Tamb\u00e9 hem substitu\u00eft el sistema de ventilaci\u00f3 del secador A8 de lloms per aconseguir una economia m\u00e9s neta i sostenible, que ens permet un estalvi energ\u00e8tic de 10,61 teps anuals. Ambd\u00f3s projectes han estat cofinan\u00e7ats pel Fons Europeu de Desenvolupament Regional (FEDER) i l\u2019Institut per a la Diversificaci\u00f3 i Estalvi d\u2019Energia (IDAE). <a href=\"https:\/\/cbmfoods.sharepoint.com\/:b:\/s\/CBMFMarketing\/Eac3tJUKRwNBsM0rCFmmEsIBZugE18Ocz9rPObkktFBFDw?e=FC18iI\" target=\"_blank\" rel=\"noopener\">Llegiu m\u00e9s detalls.<\/a><\/p>\n<p>La nostra planta Embotits caseros Collell S.A. ha rebut una ajuda per al nostre projecte d\u2019estalvi i efici\u00e8ncia energ\u00e8tica \u00abSubstituci\u00f3 del sistema flowpack a la l\u00ednia de fuet\u00bb, cofinan\u00e7ada pel Fons Europeu de Desenvolupament Regional (FEDER) amb l\u2019objectiu d\u2019aconseguir una economia m\u00e9s neta i sostenible. Amb el projecte s\u2019estalvien 20,95 teps anuals. <a href=\"https:\/\/cbmfoods.sharepoint.com\/:b:\/s\/CBMFMarketing\/EV_0cX78mqVHn2PNK-6MA-gB0FanuY1nvEqkAvNv_vcxcw?e=Rop6ed\" target=\"_blank\" rel=\"noopener\">Llegiu m\u00e9s detalls<\/a><\/p>\n<p>Hem elaborat un projecte d\u2019estalvi i efici\u00e8ncia energ\u00e8tica, cofinan\u00e7at pel FEDER i coordinat per IDAE, consistent en la substituci\u00f3 d\u2019un secador A11 per un secador nou d\u2019alta efici\u00e8ncia energ\u00e8tica. Gr\u00e0cies al projecte aconseguim estalviar 17 teps anuals. <a href=\"https:\/\/cbmfoods.sharepoint.com\/:b:\/s\/CBMFMarketing\/Ede38DyLtHJCnGz_ATLkjdYBKnqY2M9BvMGXn2gG526NEA?e=PKbb4M\" target=\"_blank\" rel=\"noopener\">Coneix m\u00e9s detalls<\/a><\/p>\n<p>Amb el mateix programa d\u2019estalvi i efici\u00e8ncia energ\u00e8tica del Fons Europeu, hem implementat una nova rentadora de caixes d\u2019alta efici\u00e8ncia, amb la qual estalviem 41,13 teps anuals.<a href=\"https:\/\/cbmfoods.sharepoint.com\/:b:\/s\/CBMFMarketing\/ESDx_aIPPgJFmxIhj_6N0qIBxHe_PHiubk7iHTXjPzTUHw?e=FZN0Cl\" target=\"_blank\" rel=\"noopener\">Coneix m\u00e9s detalls.<\/a><\/p>\n<p>Cofinan\u00e7at pel FEDER, coordinat per IDAE i gestionat per les autonomies, amb c\u00e0rrec al Fons Nacional d\u2019Efici\u00e8ncia Energ\u00e8tica, realitzem un projecte de substituci\u00f3 d\u2019un sistema flowpack convencional per un d\u2019alta efici\u00e8ncia, amb l\u2019objectiu d\u2019aconseguir una economia m\u00e9s neta i sostenible. Amb aquest projecte s\u2019estalviaran 17,59 teps anuals.<a href=\"https:\/\/www.costabravafoods.com\/wp-content\/uploads\/2024\/11\/Publicidad_web_556.pdf\" target=\"_blank\" rel=\"noopener\">Llegiu els detalls<\/a>.<\/p>\n<p>Nou projecte de substituci\u00f3 d\u2019una termoformadora convencional amb l\u2019objectiu d\u2019aconseguir m\u00e9s estalvi i efici\u00e8ncia energ\u00e8tica, amb el qual s\u2019estalviaran 15,89 teps anuals. <a href=\"https:\/\/www.costabravafoods.com\/wp-content\/uploads\/2024\/11\/Publicidad_web_548.pdf\" target=\"_blank\" rel=\"noopener\">Coneix els detalls<\/a>.<\/p>\n<p>Treballem dia a dia i anem m\u00e9s enll\u00e0 de la legislaci\u00f3 vigent en mat\u00e8ria ambiental, tal com es pot observar en l\u2019enlla\u00e7 que es troba a continuaci\u00f3 amb la nostra Pol\u00edtica Ambiental. <a href=\"https:\/\/cbmfoods.sharepoint.com\/:b:\/g\/Ec2rVuyqO_NKhuJF7wJS2qgBC91RXHwgMJoCva1KsKdAGg?e=285GK8\" target=\"_blank\" rel=\"noopener\">Coneix els detalls<\/a>.<\/div><\/div><\/div><\/div><\/div><\/div><\/div><div class=\"fusion-layout-column fusion_builder_column fusion-builder-column-25 fusion_builder_column_1_1 1_1 fusion-flex-column\" style=\"--awb-bg-size:cover;--awb-width-large:100%;--awb-margin-top-large:-5px;--awb-spacing-right-large:1.92%;--awb-margin-bottom-large:20px;--awb-spacing-left-large:25px;--awb-width-medium:100%;--awb-order-medium:0;--awb-spacing-right-medium:1.92%;--awb-spacing-left-medium:25px;--awb-width-small:100%;--awb-order-small:0;--awb-spacing-right-small:1.92%;--awb-spacing-left-small:1.92%;\" data-scroll-devices=\"small-visibility,medium-visibility,large-visibility\"><div class=\"fusion-column-wrapper fusion-column-has-shadow fusion-flex-justify-content-flex-start fusion-content-layout-column\"><div class=\"accordian fusion-accordian\" style=\"--awb-border-size:1px;--awb-icon-size:16px;--awb-content-font-size:var(--awb-typography4-font-size);--awb-icon-alignment:left;--awb-hover-color:var(--awb-color2);--awb-border-color:var(--awb-color3);--awb-background-color:var(--awb-color1);--awb-divider-color:var(--awb-color3);--awb-divider-hover-color:var(--awb-color3);--awb-icon-color:var(--awb-color1);--awb-title-color:var(--awb-color8);--awb-content-color:var(--awb-color8);--awb-icon-box-color:var(--awb-color7);--awb-toggle-hover-accent-color:var(--awb-color4);--awb-title-font-family:var(--awb-typography1-font-family);--awb-title-font-weight:var(--awb-typography1-font-weight);--awb-title-font-style:var(--awb-typography1-font-style);--awb-title-font-size:16px;--awb-content-font-family:var(--awb-typography4-font-family);--awb-content-font-weight:var(--awb-typography4-font-weight);--awb-content-font-style:var(--awb-typography4-font-style);\"><div class=\"panel-group fusion-toggle-icon-boxed\" id=\"accordion-20495-2\"><div class=\"fusion-panel panel-default panel-c8a349a43eb943f54 fusion-toggle-has-divider\" style=\"--awb-title-color:var(--awb-color8);--awb-content-color:var(--awb-color8);\"><div class=\"panel-heading\"><h4 class=\"panel-title toggle\" id=\"toggle_c8a349a43eb943f54\"><a aria-expanded=\"false\" aria-controls=\"c8a349a43eb943f54\" role=\"button\" data-toggle=\"collapse\" data-parent=\"#accordion-20495-2\" data-target=\"#c8a349a43eb943f54\" href=\"#c8a349a43eb943f54\"><span class=\"fusion-toggle-icon-wrapper\" aria-hidden=\"true\"><i class=\"fa-fusion-box active-icon awb-icon-minus\" aria-hidden=\"true\"><\/i><i class=\"fa-fusion-box inactive-icon awb-icon-plus\" aria-hidden=\"true\"><\/i><\/span><span class=\"fusion-toggle-heading\">COOPERCARN GIRONA S.L.U.<\/span><\/a><\/h4><\/div><div id=\"c8a349a43eb943f54\" class=\"panel-collapse collapse \" aria-labelledby=\"toggle_c8a349a43eb943f54\"><div class=\"panel-body toggle-content fusion-clearfix\">\n<div class=\"text\">\n<p>Hem rebut una ajuda per al projecte d\u2019estalvi i efici\u00e8ncia energ\u00e8tica \u201c<em>Implantaci\u00f3 de tecnologies eficients en proc\u00e9s productiu<\/em>\u201d, cofinan\u00e7ada pel Fons Europeu de Desenvolupament Regional (FEDER), coordinada per l\u2019IDAE i gestionada per les comunitats aut\u00f2nomes, amb c\u00e0rrec al Fons Nacional d\u2019Efici\u00e8ncia Energ\u00e8tica, amb l\u2019objectiu d\u2019aconseguir una economia m\u00e9s neta i sostenible. S\u2019ha elaborat un projecte d\u2019estalvi i efici\u00e8ncia energ\u00e8tica consistent en la implantaci\u00f3 de tecnologies eficients en els sistemes de tall de producte per a processos productius mitjan\u00e7ant la substituci\u00f3 dels equips existents per sistemes d\u2019alta efici\u00e8ncia. S\u2019ha requerit la col\u00b7laboraci\u00f3 dels millors fabricants d\u2019equipament del sector, que aportaran grans estalvis energ\u00e8tics i mediambientals en el proc\u00e9s. Gr\u00e0cies al projecte s\u2019estalvien 37,96 teps anuals. <a href=\"https:\/\/cbmfoods.sharepoint.com\/:b:\/s\/CBMFMarketing\/EVOgBaUtp2NIguT5fwcMQTIBCzRY54K4hdvc63B5AzG93g?e=dgwTOH\" target=\"_blank\" rel=\"noopener\">Llegir m\u00e9s detalls.<\/a><\/p>\n<p style=\"text-align: center;\"><img decoding=\"async\" class=\"alignnone size-full wp-image-2562\" src=\"https:\/\/www.costabravafoods.com\/wp-content\/uploads\/2025\/05\/Imagen-1-e1691057936109.png\" alt=\"\" width=\"164\" height=\"125\" \/><\/p>\n<p><a href=\"https:\/\/cbmfoods.sharepoint.com\/sites\/CBMFMarketing\/Documentos%20compartidos\/Forms\/AllItems.aspx?id=%2Fsites%2FCBMFMarketing%2FDocumentos%20compartidos%2FWEB%2FWEB%202020%2F5%2DCONOCENOS%2FTEXTOS%20ADJUNTS%2FCOOPE%5F177%5F409%2Epdf&amp;parent=%2Fsites%2FCBMFMarketing%2FDocumentos%20compartidos%2FWEB%2FWEB%202020%2F5%2DCONOCENOS%2FTEXTOS%20ADJUNTS&amp;p=true&amp;ga=1\" target=\"_blank\" rel=\"noopener\">EXPEDIENTE ICA012\/19\/000177: Implantaci\u00f3n de tecnolog\u00edas eficientes en proceso productivo<\/a><\/p>\n<p><a href=\"https:\/\/www.costabravafoods.com\/wp-content\/uploads\/2025\/12\/Publicidad_web_218.pdf\" target=\"_blank\" rel=\"noopener\">EXPEDIENTE ICA012\/19\/000218: Mejora energ\u00e9tica en sistemas de fr\u00edo por sistema productivo<\/a><\/p>\n<p><a href=\"https:\/\/www.costabravafoods.com\/wp-content\/uploads\/2025\/12\/Publicidad_web_409.pdf\" target=\"_blank\" rel=\"noopener\">EXPEDIENTE ICA022\/21\/000409: Implantaci\u00f3n de un sistema de etiquetado autom\u00e1tico para la reducci\u00f3n de mermas en la planta de Quart<\/a><\/p>\n<p><a href=\"https:\/\/www.costabravafoods.com\/wp-content\/uploads\/2025\/12\/Publicidad_web_621.pdf\" target=\"_blank\" rel=\"noopener\">EXPEDIENTE ICA022\/21\/000621: Optimizaci\u00f3n energ\u00e9tica del circuito frigor\u00edfico<\/a><\/p>\n<\/div>\n<\/div><\/div><\/div><div class=\"fusion-panel panel-default panel-3798c1647b769a3e4 fusion-toggle-has-divider\" style=\"--awb-title-color:var(--awb-color8);--awb-content-color:var(--awb-color8);\"><div class=\"panel-heading\"><h4 class=\"panel-title toggle\" id=\"toggle_3798c1647b769a3e4\"><a aria-expanded=\"false\" aria-controls=\"3798c1647b769a3e4\" role=\"button\" data-toggle=\"collapse\" data-parent=\"#accordion-20495-2\" data-target=\"#3798c1647b769a3e4\" href=\"#3798c1647b769a3e4\"><span class=\"fusion-toggle-icon-wrapper\" aria-hidden=\"true\"><i class=\"fa-fusion-box active-icon awb-icon-minus\" aria-hidden=\"true\"><\/i><i class=\"fa-fusion-box inactive-icon awb-icon-plus\" aria-hidden=\"true\"><\/i><\/span><span class=\"fusion-toggle-heading\">FRIGOR\u00cdFICOS C\u00c1RNICOS LAS FORCAS S.L.<\/span><\/a><\/h4><\/div><div id=\"3798c1647b769a3e4\" class=\"panel-collapse collapse \" aria-labelledby=\"toggle_3798c1647b769a3e4\"><div class=\"panel-body toggle-content fusion-clearfix\">\n<p>Mitjan\u00e7ant l\u2019Ordre ARP\/159\/2019, de 12 d\u2019agost, el Departament d\u2019Acci\u00f3 Clim\u00e0tica, Alimentaci\u00f3 i Agenda Rural, ens ha concedit una ajuda de 500.000 \u20ac pel projecte de <em>\u201cMillores tecnol\u00f2giques en un escorxador de bov\u00ed amb sala de despatx annexa d\u2019ov\u00ed\u201d. <\/em><a href=\"https:\/\/cbmfoods.sharepoint.com\/:b:\/s\/CBMFMarketing\/EVRwONofKN9BgjkFJWSNkLgBSxAwPqBnUZuvpG0tmeCxaQ?e=zv2bhc\" target=\"_blank\" rel=\"noopener\">Veure m\u00e9s detalls.<\/a><\/p>\n<p style=\"text-align: center;\"><img decoding=\"async\" class=\"alignnone size-full wp-image-2563\" src=\"https:\/\/www.costabravafoods.com\/wp-content\/uploads\/2025\/05\/rural-e1691057576492.png\" alt=\"\" width=\"210\" height=\"60\" srcset=\"https:\/\/www.costabravafoods.com\/wp-content\/uploads\/2025\/05\/rural-e1691057576492-200x57.png 200w, https:\/\/www.costabravafoods.com\/wp-content\/uploads\/2025\/05\/rural-e1691057576492.png 210w\" sizes=\"(max-width: 210px) 100vw, 210px\" \/><\/p>\n<p>Hemos recibido una ayuda para nuestros proyectos de ahorro y eficiencia energ\u00e9tica \u00ab<em>Mejora del uso energ\u00e9tico en la nueva c\u00e1mara frigor\u00edfica\u00bb\u00a0<\/em>y\u00a0<em>\u00abL\u00ednea de envasado completa en contin\u00fao\u00bb<\/em>, cofinanciada por el Fondo Europeo de Desarrollo Regional (FEDER), coordinada por IDAE y gestionada por las autonom\u00edas, con cargo al Fondo Nacional de Eficiencia Energ\u00e9tica, con el objetivo de conseguir una econom\u00eda m\u00e1s limpia y sostenible.\u00a0<a href=\"https:\/\/www.costabravafoods.com\/wp-content\/uploads\/2026\/02\/EXPEDIENTEICA02221000166.pdf\" target=\"_blank\" rel=\"noopener\">Pulsa para m\u00e1s informaci\u00f3n.<\/a><\/p>\n<p style=\"text-align: center;\"><a href=\"https:\/\/www.costabravafoods.com\/wp-content\/uploads\/2025\/07\/Fondo_Europeo_Desarrollo_Regional.png\"><img decoding=\"async\" class=\"alignnone size-full wp-image-19372\" src=\"https:\/\/www.costabravafoods.com\/wp-content\/uploads\/2025\/07\/Fondo_Europeo_Desarrollo_Regional.png\" alt=\"\" width=\"210\" height=\"69\" srcset=\"https:\/\/www.costabravafoods.com\/wp-content\/uploads\/2025\/07\/Fondo_Europeo_Desarrollo_Regional-200x66.png 200w, https:\/\/www.costabravafoods.com\/wp-content\/uploads\/2025\/07\/Fondo_Europeo_Desarrollo_Regional-300x99.png 300w, https:\/\/www.costabravafoods.com\/wp-content\/uploads\/2025\/07\/Fondo_Europeo_Desarrollo_Regional.png 327w\" sizes=\"(max-width: 210px) 100vw, 210px\" \/><\/a><\/p>\n<p>En Fricafor hemos elaborado un proyecto de ahorro y eficiencia energ\u00e9tica consistente en la sustituci\u00f3n de la l\u00ednea de envasado vacuno, por otros que incorporan las t\u00e9cnicas m\u00e1s avanzadas en productividad y eficiencia energ\u00e9tica.\u00a0<a href=\"https:\/\/cbmfoods.sharepoint.com\/:b:\/s\/CBMFMarketing\/Eb1RghTyEvVHjwK4h-dyAZMBj8wgh_-xqkKUNqOqOTmgCQ\" target=\"_blank\" rel=\"noopener\">Conoce m\u00e1s sobre el proyecto<\/a><\/p>\n<p style=\"text-align: center;\"><a href=\"https:\/\/www.costabravafoods.com\/wp-content\/uploads\/2025\/07\/inst_cat_energia_IDAE.jpg\"><img decoding=\"async\" class=\"alignnone size-full wp-image-19379\" src=\"https:\/\/www.costabravafoods.com\/wp-content\/uploads\/2025\/07\/inst_cat_energia_IDAE.jpg\" alt=\"\" width=\"406\" height=\"86\" srcset=\"https:\/\/www.costabravafoods.com\/wp-content\/uploads\/2025\/07\/inst_cat_energia_IDAE-200x42.jpg 200w, https:\/\/www.costabravafoods.com\/wp-content\/uploads\/2025\/07\/inst_cat_energia_IDAE-300x64.jpg 300w, https:\/\/www.costabravafoods.com\/wp-content\/uploads\/2025\/07\/inst_cat_energia_IDAE-400x85.jpg 400w, https:\/\/www.costabravafoods.com\/wp-content\/uploads\/2025\/07\/inst_cat_energia_IDAE.jpg 406w\" sizes=\"(max-width: 406px) 100vw, 406px\" \/><\/a><\/p>\n<p>Nuevo proyecto basado en la sustituci\u00f3n de la caldera convencional actual por una de alta eficiencia energ\u00e9tica.\u00a0<a href=\"https:\/\/cbmfoods.sharepoint.com\/:b:\/s\/CBMFMarketing\/EVgiA7NC_6xHrhn9XCd5PIMB6X2EsV6cosSpcpdBRkZYTA?e=pHNr5e\" target=\"_blank\" rel=\"noopener\">Ver los detalles del proyecto.\u00a0<\/a><\/p>\n<p style=\"text-align: center;\"><a href=\"https:\/\/www.costabravafoods.com\/wp-content\/uploads\/2025\/07\/inst_cat_energia_IDAE.jpg\"><img decoding=\"async\" class=\"alignnone size-full wp-image-19379\" src=\"https:\/\/www.costabravafoods.com\/wp-content\/uploads\/2025\/07\/inst_cat_energia_IDAE.jpg\" alt=\"\" width=\"406\" height=\"86\" srcset=\"https:\/\/www.costabravafoods.com\/wp-content\/uploads\/2025\/07\/inst_cat_energia_IDAE-200x42.jpg 200w, https:\/\/www.costabravafoods.com\/wp-content\/uploads\/2025\/07\/inst_cat_energia_IDAE-300x64.jpg 300w, https:\/\/www.costabravafoods.com\/wp-content\/uploads\/2025\/07\/inst_cat_energia_IDAE-400x85.jpg 400w, https:\/\/www.costabravafoods.com\/wp-content\/uploads\/2025\/07\/inst_cat_energia_IDAE.jpg 406w\" sizes=\"(max-width: 406px) 100vw, 406px\" \/><\/a><\/p>\n<\/div><\/div><\/div><div class=\"fusion-panel panel-default panel-02a7321c5b871e3a0 fusion-toggle-has-divider\" style=\"--awb-title-color:var(--awb-color8);--awb-content-color:var(--awb-color8);\"><div class=\"panel-heading\"><h4 class=\"panel-title toggle\" id=\"toggle_02a7321c5b871e3a0\"><a aria-expanded=\"false\" aria-controls=\"02a7321c5b871e3a0\" role=\"button\" data-toggle=\"collapse\" data-parent=\"#accordion-20495-2\" data-target=\"#02a7321c5b871e3a0\" href=\"#02a7321c5b871e3a0\"><span class=\"fusion-toggle-icon-wrapper\" aria-hidden=\"true\"><i class=\"fa-fusion-box active-icon awb-icon-minus\" aria-hidden=\"true\"><\/i><i class=\"fa-fusion-box inactive-icon awb-icon-plus\" aria-hidden=\"true\"><\/i><\/span><span class=\"fusion-toggle-heading\">EMBUTIDOS MONTER S.L.U.<\/span><\/a><\/h4><\/div><div id=\"02a7321c5b871e3a0\" class=\"panel-collapse collapse \" aria-labelledby=\"toggle_02a7321c5b871e3a0\"><div class=\"panel-body toggle-content fusion-clearfix\">\n<div class=\"text\">\n<p>Realitzem projecte acollit al programa d\u2019incentius vinculats a l\u2019autoconsum i emmagatzematge, amb fonts d\u2019energia renovable, aix\u00ed com a la implantaci\u00f3 de sistemes t\u00e8rmics renovables en el sector residencial, en el marc del Pla de Recuperaci\u00f3, Transformaci\u00f3 i Resili\u00e8ncia, finan\u00e7at per la Uni\u00f3 Europea \u2013 NextGenerationEU.<\/p>\n<p><a href=\"https:\/\/cbmfoods.sharepoint.com\/:b:\/s\/CBMFMarketing\/Efe3QX4KJvBErNP_Cfqn_k8BeV2tph1Z6xp7S-wPVBNMbw?e=Nz0GLu\" target=\"_blank\" rel=\"noopener\">Veure m\u00e9s detalls del projecte a la planta de Sant Jaume de Llierca.<\/a><\/p>\n<p><a href=\"https:\/\/cbmfoods.sharepoint.com\/:b:\/s\/CBMFMarketing\/EYyu_PbowwBIj_ZRQc0Um7ABfWmaUcyHuqqryzezJOCufA?e=xnMTsF\" target=\"_blank\" rel=\"noopener\">Veure m\u00e9s detalls del projecte a la planta de Les Planes d\u2019Hostoles<\/a><\/p>\n<p style=\"text-align: center;\">\n<\/div>\n<\/div><\/div><\/div><\/div><\/div><\/div><\/div><\/div><\/div><div class=\"fusion-fullwidth fullwidth-box fusion-builder-row-7 fusion-flex-container has-pattern-background has-mask-background nonhundred-percent-fullwidth non-hundred-percent-height-scrolling fusion-no-medium-visibility fusion-no-large-visibility\" style=\"--link_color: var(--awb-color4);--awb-border-radius-top-left:0px;--awb-border-radius-top-right:0px;--awb-border-radius-bottom-right:0px;--awb-border-radius-bottom-left:0px;--awb-margin-top:25px;--awb-flex-wrap:wrap;\" ><div class=\"fusion-builder-row fusion-row fusion-flex-align-items-center fusion-flex-content-wrap\" style=\"max-width:1248px;margin-left: calc(-4% \/ 2 );margin-right: calc(-4% \/ 2 );\"><div class=\"fusion-layout-column fusion_builder_column fusion-builder-column-26 fusion_builder_column_1_1 1_1 fusion-flex-column\" style=\"--awb-bg-size:cover;--awb-width-large:100%;--awb-margin-top-large:0px;--awb-spacing-right-large:1.92%;--awb-margin-bottom-large:0px;--awb-spacing-left-large:25px;--awb-width-medium:100%;--awb-order-medium:0;--awb-spacing-right-medium:1.92%;--awb-spacing-left-medium:25px;--awb-width-small:100%;--awb-order-small:0;--awb-spacing-right-small:1.92%;--awb-spacing-left-small:1.92%;\" data-scroll-devices=\"small-visibility,medium-visibility,large-visibility\"><div class=\"fusion-column-wrapper fusion-column-has-shadow fusion-flex-justify-content-flex-start fusion-content-layout-column\"><div class=\"accordian fusion-accordian\" style=\"--awb-border-size:1px;--awb-icon-size:16px;--awb-content-font-size:var(--awb-typography4-font-size);--awb-icon-alignment:left;--awb-hover-color:var(--awb-color2);--awb-border-color:var(--awb-color3);--awb-background-color:var(--awb-color1);--awb-divider-color:var(--awb-color3);--awb-divider-hover-color:var(--awb-color3);--awb-icon-color:var(--awb-color1);--awb-title-color:var(--awb-color8);--awb-content-color:var(--awb-color8);--awb-icon-box-color:var(--awb-color7);--awb-toggle-hover-accent-color:var(--awb-color4);--awb-title-font-family:var(--awb-typography1-font-family);--awb-title-font-weight:var(--awb-typography1-font-weight);--awb-title-font-style:var(--awb-typography1-font-style);--awb-title-font-size:16px;--awb-content-font-family:var(--awb-typography4-font-family);--awb-content-font-weight:var(--awb-typography4-font-weight);--awb-content-font-style:var(--awb-typography4-font-style);\"><div class=\"panel-group fusion-toggle-icon-boxed\" id=\"accordion-20495-3\"><div class=\"fusion-panel panel-default panel-47be574d6ec6d5e86 fusion-toggle-has-divider\" style=\"--awb-title-color:var(--awb-color8);--awb-content-color:var(--awb-color8);\"><div class=\"panel-heading\"><h4 class=\"panel-title toggle\" id=\"toggle_47be574d6ec6d5e86\"><a aria-expanded=\"false\" aria-controls=\"47be574d6ec6d5e86\" role=\"button\" data-toggle=\"collapse\" data-parent=\"#accordion-20495-3\" data-target=\"#47be574d6ec6d5e86\" href=\"#47be574d6ec6d5e86\"><span class=\"fusion-toggle-icon-wrapper\" aria-hidden=\"true\"><i class=\"fa-fusion-box active-icon awb-icon-minus\" aria-hidden=\"true\"><\/i><i class=\"fa-fusion-box inactive-icon awb-icon-plus\" aria-hidden=\"true\"><\/i><\/span><span class=\"fusion-toggle-heading\">FRIGOR\u00cdFICOS COSTA BRAVA S.A.U.<\/span><\/a><\/h4><\/div><div id=\"47be574d6ec6d5e86\" class=\"panel-collapse collapse \" aria-labelledby=\"toggle_47be574d6ec6d5e86\"><div class=\"panel-body toggle-content fusion-clearfix\">\n<p>No nom\u00e9s complim amb la legislaci\u00f3 vigent en mat\u00e8ria ambiental sin\u00f3 que anem m\u00e9s enll\u00e0 dels requisits legals establint protocols propis d\u2019aplicaci\u00f3 de Millores T\u00e8cniques Disponibles (MTD). Aplicant la nostra <a href=\"https:\/\/cbmfoods.sharepoint.com\/:b:\/s\/CBMFMarketing\/EVQnnBXnfvBPoCg7phdkbk4BpwVKvqVRTb_3dbBI9GlhsA?e=70n2Hq\" target=\"_blank\" rel=\"noopener\">Pol\u00edtica Ambiental<\/a>, treballem cada dia per aconseguir els seg\u00fcents objectius: optimitzaci\u00f3 en el consum d\u2019aigua mitjan\u00e7ant mesures de reutilitzaci\u00f3, reutilitzaci\u00f3 dels materials, reciclatge mitjan\u00e7ant recollida selectiva, reducci\u00f3 del consum energ\u00e8tic.<\/p>\n<p>Alguns dels nostres nous projectes de millora en autoconsum han rebut una ajuda a trav\u00e9s de l\u2019INSTITUT DE DIVERSIFICACI\u00d3 I ESTALVI D\u2019ENERGIA (IDAE) <a href=\"https:\/\/cbmfoods.sharepoint.com\/:b:\/s\/CBMFMarketing\/EQK3CVi4aCJAjdcxPeDa1jUBkW-V2UeYEKNMjsRWymYj_A?e=WD0zfG\" target=\"_blank\" rel=\"noopener\">Llegiu m\u00e9s detalls<\/a>, i de l\u2019INSTITUT CATAL\u00c0 D\u2019ENERGIA (ICAEN)<u>\u00a0<\/u><a href=\"https:\/\/cbmfoods.sharepoint.com\/:b:\/s\/CBMFMarketing\/EfV4mUmfKsVAgL_Gjq4elnoBWx-wOMnnOQjNYtTTmMTC5g?e=495m1G\" target=\"_blank\" rel=\"noopener\">Llegiu m\u00e9s detalls<\/a>, cofinan\u00e7ats per la Uni\u00f3 Europea a trav\u00e9s del Programa Operatiu FEDER.<\/p>\n<p>Projecte acollit al programa d\u2019incentius lligats a l\u2019autoconsum i emmagatzematge, amb fonts d\u2019energia renovable, aix\u00ed com a la implantaci\u00f3 de sistemes t\u00e8rmics renovables en el sector residencial, en el marc del Pla de Recuperaci\u00f3, Transformaci\u00f3 i Resili\u00e8ncia, finan\u00e7at per la Uni\u00f3 Europea \u2013 NextGenerationEU. <a href=\"https:\/\/cbmfoods.sharepoint.com\/:b:\/s\/CBMFMarketing\/EbWPBhAUeLZEkB3nq8kzoZQB1EeuOf7w12XCMQiJcWuXWA?e=eywTC6\" target=\"_blank\" rel=\"noopener\">Tots els detalls aqu\u00ed<\/a>.<\/p>\n<p>Tamb\u00e9 estem en el projecte relatiu a la transformaci\u00f3 i comercialitzaci\u00f3 d\u2019aliments, del \u00abPrograma de Desenvolupament Rural de Catalunya 2014-2020\u00bb cofinan\u00e7at pel Fons Europeu Agr\u00edcola de Desenvolupament Rural: <em>Europa inverteix en les zones rurals<\/em>, i cofinan\u00e7at tamb\u00e9 pel Departament d\u2019Agricultura, Ramaderia, Pesca i Alimentaci\u00f3 de la Generalitat de Catalunya. <a href=\"https:\/\/cbmfoods.sharepoint.com\/:b:\/s\/CBMFMarketing\/EbbGG1dQKPxPkZVv2jDGpT8BD12zOrGg3GgJ-ajwcjDb8w?e=gcchDb\" target=\"_blank\" rel=\"noopener\">Llegiu m\u00e9s detalls<\/a>.<\/p>\n<p>A Frigor\u00edfics Costa Brava hem rebut subvencions per part d\u2019ICAE per a dos projectes importants relacionats amb el nostre objectiu d\u2019estalvi i efici\u00e8ncia energ\u00e8tica. Un d\u2019ells es basa en l\u2019automatitzaci\u00f3 del sistema d\u2019envasat multif\u00f2rmula i paletitzat (<a href=\"https:\/\/www.costabravafoods.com\/wp-content\/uploads\/2025\/01\/Publicidad_web_exp_188.pdf\" target=\"_blank\" rel=\"noopener\">llegiu els detalls aqu\u00ed<\/a>) i l\u2019altre en una automatitzaci\u00f3 del sistema de paletitzat per a una millora energ\u00e8tica de 3a fase (<a href=\"https:\/\/www.costabravafoods.com\/wp-content\/uploads\/2025\/01\/Publicidad_web_exp_259.pdf\" target=\"_blank\" rel=\"noopener\">llegiu els detalls aqu\u00ed<\/a>).<\/p>\n<p style=\"text-align: center;\"><img decoding=\"async\" class=\"alignnone size-full wp-image-2559\" src=\"https:\/\/www.costabravafoods.com\/wp-content\/uploads\/2025\/05\/ES_Funded_by_NextGenEU_vert_RGB_POS-e1689767243232.png\" alt=\"\" width=\"99\" height=\"113\" \/><\/p>\n<p>A Frigor\u00edfics Costa Brava formem part del projecte IRC2025-CORALIA, que busca desenvolupar i validar un sistema integrat que optimitzi el consum d\u2019aigua, millori el benestar animal i aporti tra\u00e7abilitat en temps real als corrals mitjan\u00e7ant tecnologies d\u2019Intel\u00b7lig\u00e8ncia Artificial. <a href=\"https:\/\/www.costabravafoods.com\/wp-content\/uploads\/2026\/04\/nota_difusio_CORALIA_catala.pdf\" target=\"_blank\" rel=\"noopener\">Llegir m\u00e9s detalls.<\/a><\/p>\n<p style=\"text-align: center;\"><a href=\"https:\/\/www.costabravafoods.com\/wp-content\/uploads\/2026\/04\/accio_gen_cat2.png\"><img decoding=\"async\" class=\"alignnone size-full wp-image-35889\" src=\"https:\/\/www.costabravafoods.com\/wp-content\/uploads\/2026\/04\/accio_gen_cat2.png\" alt=\"\" width=\"368\" height=\"88\" srcset=\"https:\/\/www.costabravafoods.com\/wp-content\/uploads\/2026\/04\/accio_gen_cat2-200x48.png 200w, https:\/\/www.costabravafoods.com\/wp-content\/uploads\/2026\/04\/accio_gen_cat2-300x72.png 300w, https:\/\/www.costabravafoods.com\/wp-content\/uploads\/2026\/04\/accio_gen_cat2.png 368w\" sizes=\"(max-width: 368px) 100vw, 368px\" \/><\/a><\/p>\n<\/div><\/div><\/div><div class=\"fusion-panel panel-default panel-53e9fc30bd453602e fusion-toggle-has-divider\" style=\"--awb-title-color:var(--awb-color8);--awb-content-color:var(--awb-color8);\"><div class=\"panel-heading\"><h4 class=\"panel-title toggle\" id=\"toggle_53e9fc30bd453602e\"><a aria-expanded=\"false\" aria-controls=\"53e9fc30bd453602e\" role=\"button\" data-toggle=\"collapse\" data-parent=\"#accordion-20495-3\" data-target=\"#53e9fc30bd453602e\" href=\"#53e9fc30bd453602e\"><span class=\"fusion-toggle-icon-wrapper\" aria-hidden=\"true\"><i class=\"fa-fusion-box active-icon awb-icon-minus\" aria-hidden=\"true\"><\/i><i class=\"fa-fusion-box inactive-icon awb-icon-plus\" aria-hidden=\"true\"><\/i><\/span><span class=\"fusion-toggle-heading\">FRESCOS Y ELABORADOS DELISANO S.A.U.<\/span><\/a><\/h4><\/div><div id=\"53e9fc30bd453602e\" class=\"panel-collapse collapse \" aria-labelledby=\"toggle_53e9fc30bd453602e\"><div class=\"panel-body toggle-content fusion-clearfix\">Apostem per la sostenibilitat dels nostres entorns mitjan\u00e7ant el nostre Sistema de Gesti\u00f3 Ambiental, basat en la Norma UNE-EN ISO 14001:2015. Ens comprometem a complir amb tots els requisits legals que ens siguin d\u2019aplicaci\u00f3 i altres que l\u2019organitzaci\u00f3 subscrigui: protecci\u00f3 del medi ambient, disminuci\u00f3 progressiva de la generaci\u00f3 de residus, reducci\u00f3 del consum de recursos naturals, actualitzaci\u00f3 cont\u00ednua de la Pol\u00edtica i del Programa Ambiental, establint els objectius i metes del nostre Sistema de Gesti\u00f3 Ambiental. <a href=\"https:\/\/www.costabravafoods.com\/wp-content\/uploads\/2025\/05\/Politica-Ambiental-Delisano_.pdf\" target=\"_blank\" rel=\"noopener\">Llegiu m\u00e9s detalls.<\/a><\/p>\n<p>Invertim en la millora cont\u00ednua de la sostenibilitat de la companyia, com hem fet recentment en la l\u00ednia de tall de carn i en la millora de l\u2019efici\u00e8ncia de la l\u00ednia de croquetes. La millora en la l\u00ednia de tall de carn (Expedient E4IN12\/2019\/84) \u00e9s un projecte que compta amb ajudes de l\u2019IVACE i el FEDER per la seva millora de l\u2019efici\u00e8ncia energ\u00e8tica. <a href=\"https:\/\/cbmfoods.sharepoint.com\/:b:\/s\/CBMFMarketing\/Eb5s7KgXNH9Cq1Dvtm0g0tEBMxCzXHRSQQr6qmL4bOC4Tw?e=K1hq7n\" target=\"_blank\" rel=\"noopener\">Llegiu m\u00e9s detalls.<\/a><\/p>\n<p>Pel que fa a la millora de la l\u00ednia de croquetes (Expedient E4IDIN\/2019\/11) s\u2019ha substitu\u00eft l\u2019envasadora vertical per un sistema d\u2019envasat vertical autom\u00e0tic en l\u00ednia, la qual cosa suposa una millora t\u00e8cnica clara d\u2019aquest proc\u00e9s reduint el consum de la planta en m\u00e9s de 93.000 kWh\/any i evitant l\u2019emissi\u00f3 de m\u00e9s de 33.000 kg de CO\u2082 a l\u2019any. Projecte acollit a les Ajudes d\u2019IDAE i IVACE cofinan\u00e7at per la Uni\u00f3 Europea dins del Programa Operatiu FEDER. <a href=\"https:\/\/cbmfoods.sharepoint.com\/:b:\/s\/CBMFMarketing\/EXrxZ2paSyhNlMvj4wCC5cUBbDF8LeEuzbSNxMuKpoQoUw?e=vzooeb\" target=\"_blank\" rel=\"noopener\">Llegiu m\u00e9s detalls<\/a>.<\/p>\n<p>Per la nostra actuaci\u00f3 per efici\u00e8ncia energ\u00e8tica en la millora de la tecnologia en equips i processos industrials, hem rebut una ajuda pel Projecte \u201c<em>Millora de l\u2019efici\u00e8ncia en l\u00ednia skin m\u00e9s flow pack<\/em>\u201d (Expedient: E4IDIN\/2019\/230) amb l\u2019objectiu de reduir el consum d\u2019energia a la planta. Projecte acollit a les Ajudes d\u2019IDAE i IVACE cofinan\u00e7at per la Uni\u00f3 Europea dins del Programa Operatiu FEDER. <a href=\"https:\/\/cbmfoods.sharepoint.com\/:b:\/s\/CBMFMarketing\/EcLeHz-TD8VPmkNS_0tVhhYBbsK1MKft7aIu7iy-hO3dIw?e=uiCV7c\" target=\"_blank\" rel=\"noopener\">Coneix tota la informaci\u00f3 aqu\u00ed.<\/a><\/p>\n<p>Seguim treballant en la millora de l\u2019efici\u00e8ncia energ\u00e8tica de la tecnologia en equips i processos industrials, hem rebut una ajuda pel Projecte \u201c<em>Millora de l\u2019efici\u00e8ncia en l\u00ednia 11<\/em>\u201d (Expedient: E4IDIN\/2019\/194) amb l\u2019objectiu de reduir el consum d\u2019energia a la planta automatitzant l\u2019envasat dels nostres productes. Projecte acollit a les Ajudes d\u2019IDAE i IVACE cofinan\u00e7at per la Uni\u00f3 Europea dins del Programa Operatiu FEDER. Coneix tota la informaci\u00f3 aqu\u00ed. <a href=\"https:\/\/cbmfoods.sharepoint.com\/:b:\/s\/CBMFMarketing\/ET0wJzwmtFtFnK1Ek_dZ6C4B4oqS4Vfnb6wwa1iI8iOlWw?e=PqUNxf\" target=\"_blank\" rel=\"noopener\">Coneix tota la informaci\u00f3 aqu\u00ed.<\/a><\/p>\n<p>Frescos i Elaborats Delisano, SAU hem rebut una ajuda per al projecte d\u2019autoconsum \u201c<em>Fotovoltaica per autoconsum<\/em>\u201d (Expedient: IDAUT2\/2021\/65) amb l\u2019objectiu d\u2019aconseguir una economia m\u00e9s neta i sostenible. Projecte acollit al programa d\u2019incentius lligats a l\u2019autoconsum i l\u2019emmagatzematge, amb fonts d\u2019energia renovable, aix\u00ed com a la implantaci\u00f3 de sistemes t\u00e8rmics renovables en el sector residencial, en el marc del Pla de Recuperaci\u00f3, Transformaci\u00f3 i Resili\u00e8ncia, finan\u00e7ament per la Uni\u00f3 Europea \u2013 NextGenerationEU. Coneix tota la informaci\u00f3 <a href=\"https:\/\/cbmfoods.sharepoint.com\/:b:\/s\/CBMFMarketing\/Efjw0doYeD5Lkj9XCSnkH94BIg-JgDajTvoOS9sq_72DWQ?e=cHE2nA\" target=\"_blank\" rel=\"noopener\">aqu\u00ed.<\/a><\/p>\n<p>En l\u2019\u00e0mbit social, la nostra planta de Cheste (Frescos y Elaborados Delisano, S.A.) ha rebut de LABORA Servei Valenci\u00e0 d\u2019Ocupaci\u00f3 i Formaci\u00f3, una subvenci\u00f3 de 2.826,24 \u20ac per fomentar la contractaci\u00f3 de persones amb diversitat funcional. <a href=\"https:\/\/cbmfoods.sharepoint.com\/:b:\/s\/CBMFMarketing\/Edhm5U2pDI5LhsLt6UoLRSEBXkjR-gREM5otgoX5g_PGvQ?e=effjtZ\" target=\"_blank\" rel=\"noopener\">M\u00e9s informaci\u00f3<\/a><\/p>\n<p>Hem implementat un nou projecte de tres punts de rec\u00e0rrega gr\u00e0cies a l\u2019ajuda cofinan\u00e7ada pel Mecanisme Europeu de Recuperaci\u00f3 i Resili\u00e8ncia PRTR-Next Generation EU coordinat a trav\u00e9s d\u2019IDAE i gestionat pel Reial Decret 266\/2021 amb l\u2019objectiu d\u2019aconseguir una economia m\u00e9s neta i sostenible. <a href=\"https:\/\/www.costabravafoods.com\/wp-content\/uploads\/2025\/04\/Publicitat-Delisano.pdf\" target=\"_blank\" rel=\"noopener\">M\u00e9s informaci\u00f3<\/a><\/p>\n<p>FRESCOS Y ELABORADOS DELISANO SAU ha rebut una ajuda per al seu projecte d\u2019estalvi i efici\u00e8ncia energ\u00e8tica, projecte expedient E4IDIN\/2019\/443, acollit a les ajudes d\u2019IDAE i IVACE cofinan\u00e7at per la Uni\u00f3 Europea dins del Programa Operatiu FEDER 2014-2020 amb Fons Europeu de Desenvolupament Regional (FEDER), coordinada per IDAE i gestionada per les autonomies, amb c\u00e0rrec al Fons Nacional d\u2019Efici\u00e8ncia Energ\u00e8tica, amb l\u2019objectiu d\u2019aconseguir una economia m\u00e9s neta i sostenible. S\u2019ha elaborat un projecte d\u2019estalvi i efici\u00e8ncia energ\u00e8tica consistent en la substituci\u00f3 d\u2019una bomba de calor per a la climatitzaci\u00f3 de les oficines. S\u2019ha requerit la col\u00b7laboraci\u00f3 dels millors fabricants d\u2019equipament del sector, que ens aportaran grans estalvis energ\u00e8tics i mediambientals en el proc\u00e9s. Gr\u00e0cies al projecte s\u2019estalvien 12,12 teps anuals. <a href=\"https:\/\/cbmfoods.sharepoint.com\/:b:\/s\/CBMFMarketing\/ESq9ep-d9BVLvANLXHn9MP8BLVZ7xgrq52R3wHKlbr9gUw?e=T29NzW\" target=\"_blank\" rel=\"noopener\">Coneix tota la informaci\u00f3 aqu\u00ed<\/a>.<\/p>\n<p>A Delisano s\u2019ha elaborat un projecte d\u2019estalvi i efici\u00e8ncia energ\u00e8tica consistent en l\u2019automatitzaci\u00f3 de la l\u00ednia 7 de costelles, projecte acollit a les ajudes d\u2019IDAE i IVACE cofinan\u00e7at per la Uni\u00f3 Europea dins del Programa Operatiu FEDER 2014-2020 amb Fons Europeu de Desenvolupament Regional (FEDER), coordinada per IDAE i gestionada per les autonomies, amb c\u00e0rrec al Fons Nacional d\u2019Efici\u00e8ncia Energ\u00e8tica. <a href=\"https:\/\/www.costabravafoods.com\/wp-content\/uploads\/2025\/05\/Publicidad_web_435.pdf\" target=\"_blank\" rel=\"noopener\">Clica aqu\u00ed per con\u00e8ixer tota la informaci\u00f3.\u00a0<\/a><\/p>\n<p>Tamb\u00e9 s\u2019ha elaborat un projecte d\u2019estalvi i efici\u00e8ncia energ\u00e8tica consistent en la substituci\u00f3 d\u2019un equip de termoformat de la l\u00ednia 116, projecte acollit a les ajudes d\u2019IDAE i IVACE cofinan\u00e7at per la Uni\u00f3 Europea dins del Programa Operatiu FEDER 2014-2020 amb Fons Europeu de Desenvolupament Regional (FEDER), coordinada per IDAE i gestionada per les autonomies, amb c\u00e0rrec al Fons Nacional d\u2019Efici\u00e8ncia Energ\u00e8tica. <a href=\"https:\/\/www.costabravafoods.com\/wp-content\/uploads\/2025\/05\/Publicidad_web_449.pdf\" target=\"_blank\" rel=\"noopener\">Coneix tota la informaci\u00f3 aqu\u00ed<\/a>.<\/p>\n<p style=\"text-align: center;\"><img decoding=\"async\" class=\"alignnone size-full wp-image-2561\" src=\"https:\/\/www.costabravafoods.com\/wp-content\/uploads\/2025\/05\/frescos-e1690979414542.png\" alt=\"\" width=\"480\" height=\"200\" srcset=\"https:\/\/www.costabravafoods.com\/wp-content\/uploads\/2025\/05\/frescos-e1690979414542-200x83.png 200w, https:\/\/www.costabravafoods.com\/wp-content\/uploads\/2025\/05\/frescos-e1690979414542-300x125.png 300w, https:\/\/www.costabravafoods.com\/wp-content\/uploads\/2025\/05\/frescos-e1690979414542-400x167.png 400w, https:\/\/www.costabravafoods.com\/wp-content\/uploads\/2025\/05\/frescos-e1690979414542.png 480w\" sizes=\"(max-width: 480px) 100vw, 480px\" \/><\/p>\n<\/div><\/div><\/div><div class=\"fusion-panel panel-default panel-745afd3334b53b70d fusion-toggle-has-divider\" style=\"--awb-title-color:var(--awb-color8);--awb-content-color:var(--awb-color8);\"><div class=\"panel-heading\"><h4 class=\"panel-title toggle\" id=\"toggle_745afd3334b53b70d\"><a aria-expanded=\"false\" aria-controls=\"745afd3334b53b70d\" role=\"button\" data-toggle=\"collapse\" data-parent=\"#accordion-20495-3\" data-target=\"#745afd3334b53b70d\" href=\"#745afd3334b53b70d\"><span class=\"fusion-toggle-icon-wrapper\" aria-hidden=\"true\"><i class=\"fa-fusion-box active-icon awb-icon-minus\" aria-hidden=\"true\"><\/i><i class=\"fa-fusion-box inactive-icon awb-icon-plus\" aria-hidden=\"true\"><\/i><\/span><span class=\"fusion-toggle-heading\">EMBUTIDOS CASEROS COLLELL S.A.<\/span><\/a><\/h4><\/div><div id=\"745afd3334b53b70d\" class=\"panel-collapse collapse \" aria-labelledby=\"toggle_745afd3334b53b70d\"><div class=\"panel-body toggle-content fusion-clearfix\">V\u00e0rem elaborar un projecte d&#8217;estalvi i efici\u00e8ncia energ\u00e8tica consistent en la implantaci\u00f3 d&#8217;un variador de freq\u00fc\u00e8ncia en els compressors de fred, amb un estalvi estimat de 58,89 te\/any. Tamb\u00e9 hem substitu\u00eft el sistema de ventilaci\u00f3 del secador A8 de lloms per aconseguir una economia m\u00e9s neta i sostenible, que ens permet un estalvi energ\u00e8tic de 10,61 teps anuals. Ambd\u00f3s projectes han estat cofinan\u00e7ats pel Fons Europeu de Desenvolupament Regional (FEDER) i l\u2019Institut per a la Diversificaci\u00f3 i Estalvi d\u2019Energia (IDAE). <a href=\"https:\/\/cbmfoods.sharepoint.com\/:b:\/s\/CBMFMarketing\/Eac3tJUKRwNBsM0rCFmmEsIBZugE18Ocz9rPObkktFBFDw?e=FC18iI\" target=\"_blank\" rel=\"noopener\">Llegiu m\u00e9s detalls.<\/a><\/p>\n<p>La nostra planta Embotits caseros Collell S.A. ha rebut una ajuda per al nostre projecte d\u2019estalvi i efici\u00e8ncia energ\u00e8tica \u00abSubstituci\u00f3 del sistema flowpack a la l\u00ednia de fuet\u00bb, cofinan\u00e7ada pel Fons Europeu de Desenvolupament Regional (FEDER) amb l\u2019objectiu d\u2019aconseguir una economia m\u00e9s neta i sostenible. Amb el projecte s\u2019estalvien 20,95 teps anuals. <a href=\"https:\/\/cbmfoods.sharepoint.com\/:b:\/s\/CBMFMarketing\/EV_0cX78mqVHn2PNK-6MA-gB0FanuY1nvEqkAvNv_vcxcw?e=Rop6ed\" target=\"_blank\" rel=\"noopener\">Llegiu m\u00e9s detalls<\/a><\/p>\n<p>Hem elaborat un projecte d\u2019estalvi i efici\u00e8ncia energ\u00e8tica, cofinan\u00e7at pel FEDER i coordinat per IDAE, consistent en la substituci\u00f3 d\u2019un secador A11 per un secador nou d\u2019alta efici\u00e8ncia energ\u00e8tica. Gr\u00e0cies al projecte aconseguim estalviar 17 teps anuals. <a href=\"https:\/\/cbmfoods.sharepoint.com\/:b:\/s\/CBMFMarketing\/Ede38DyLtHJCnGz_ATLkjdYBKnqY2M9BvMGXn2gG526NEA?e=PKbb4M\" target=\"_blank\" rel=\"noopener\">Coneix m\u00e9s detalls<\/a><\/p>\n<p>Amb el mateix programa d\u2019estalvi i efici\u00e8ncia energ\u00e8tica del Fons Europeu, hem implementat una nova rentadora de caixes d\u2019alta efici\u00e8ncia, amb la qual estalviem 41,13 teps anuals.<a href=\"https:\/\/cbmfoods.sharepoint.com\/:b:\/s\/CBMFMarketing\/ESDx_aIPPgJFmxIhj_6N0qIBxHe_PHiubk7iHTXjPzTUHw?e=FZN0Cl\" target=\"_blank\" rel=\"noopener\">Coneix m\u00e9s detalls.<\/a><\/p>\n<p>Cofinan\u00e7at pel FEDER, coordinat per IDAE i gestionat per les autonomies, amb c\u00e0rrec al Fons Nacional d\u2019Efici\u00e8ncia Energ\u00e8tica, realitzem un projecte de substituci\u00f3 d\u2019un sistema flowpack convencional per un d\u2019alta efici\u00e8ncia, amb l\u2019objectiu d\u2019aconseguir una economia m\u00e9s neta i sostenible. Amb aquest projecte s\u2019estalviaran 17,59 teps anuals.<a href=\"https:\/\/www.costabravafoods.com\/wp-content\/uploads\/2024\/11\/Publicidad_web_556.pdf\" target=\"_blank\" rel=\"noopener\">Llegiu els detalls<\/a>.<\/p>\n<p>Nou projecte de substituci\u00f3 d\u2019una termoformadora convencional amb l\u2019objectiu d\u2019aconseguir m\u00e9s estalvi i efici\u00e8ncia energ\u00e8tica, amb el qual s\u2019estalviaran 15,89 teps anuals. <a href=\"https:\/\/www.costabravafoods.com\/wp-content\/uploads\/2024\/11\/Publicidad_web_548.pdf\" target=\"_blank\" rel=\"noopener\">Coneix els detalls<\/a>.<\/p>\n<p>Treballem dia a dia i anem m\u00e9s enll\u00e0 de la legislaci\u00f3 vigent en mat\u00e8ria ambiental, tal com es pot observar en l\u2019enlla\u00e7 que es troba a continuaci\u00f3 amb la nostra Pol\u00edtica Ambiental. <a href=\"https:\/\/cbmfoods.sharepoint.com\/:b:\/g\/Ec2rVuyqO_NKhuJF7wJS2qgBC91RXHwgMJoCva1KsKdAGg?e=285GK8\" target=\"_blank\" rel=\"noopener\">Coneix els detalls<\/a>.<\/div><\/div><\/div><\/div><\/div><\/div><\/div><div class=\"fusion-layout-column fusion_builder_column fusion-builder-column-27 fusion_builder_column_1_1 1_1 fusion-flex-column\" style=\"--awb-bg-size:cover;--awb-width-large:100%;--awb-margin-top-large:-5px;--awb-spacing-right-large:1.92%;--awb-margin-bottom-large:20px;--awb-spacing-left-large:25px;--awb-width-medium:100%;--awb-order-medium:0;--awb-spacing-right-medium:1.92%;--awb-spacing-left-medium:25px;--awb-width-small:100%;--awb-order-small:0;--awb-spacing-right-small:1.92%;--awb-spacing-left-small:1.92%;\" data-scroll-devices=\"small-visibility,medium-visibility,large-visibility\"><div class=\"fusion-column-wrapper fusion-column-has-shadow fusion-flex-justify-content-flex-start fusion-content-layout-column\"><div class=\"accordian fusion-accordian\" style=\"--awb-border-size:1px;--awb-icon-size:16px;--awb-content-font-size:var(--awb-typography4-font-size);--awb-icon-alignment:left;--awb-hover-color:var(--awb-color2);--awb-border-color:var(--awb-color3);--awb-background-color:var(--awb-color1);--awb-divider-color:var(--awb-color3);--awb-divider-hover-color:var(--awb-color3);--awb-icon-color:var(--awb-color1);--awb-title-color:var(--awb-color8);--awb-content-color:var(--awb-color8);--awb-icon-box-color:var(--awb-color7);--awb-toggle-hover-accent-color:var(--awb-color4);--awb-title-font-family:var(--awb-typography1-font-family);--awb-title-font-weight:var(--awb-typography1-font-weight);--awb-title-font-style:var(--awb-typography1-font-style);--awb-title-font-size:16px;--awb-content-font-family:var(--awb-typography4-font-family);--awb-content-font-weight:var(--awb-typography4-font-weight);--awb-content-font-style:var(--awb-typography4-font-style);\"><div class=\"panel-group fusion-toggle-icon-boxed\" id=\"accordion-20495-4\"><div class=\"fusion-panel panel-default panel-a5e87813869cad9b6 fusion-toggle-has-divider\" style=\"--awb-title-color:var(--awb-color8);--awb-content-color:var(--awb-color8);\"><div class=\"panel-heading\"><h4 class=\"panel-title toggle\" id=\"toggle_a5e87813869cad9b6\"><a aria-expanded=\"false\" aria-controls=\"a5e87813869cad9b6\" role=\"button\" data-toggle=\"collapse\" data-parent=\"#accordion-20495-4\" data-target=\"#a5e87813869cad9b6\" href=\"#a5e87813869cad9b6\"><span class=\"fusion-toggle-icon-wrapper\" aria-hidden=\"true\"><i class=\"fa-fusion-box active-icon awb-icon-minus\" aria-hidden=\"true\"><\/i><i class=\"fa-fusion-box inactive-icon awb-icon-plus\" aria-hidden=\"true\"><\/i><\/span><span class=\"fusion-toggle-heading\">COOPERCARN GIRONA S.L.U.<\/span><\/a><\/h4><\/div><div id=\"a5e87813869cad9b6\" class=\"panel-collapse collapse \" aria-labelledby=\"toggle_a5e87813869cad9b6\"><div class=\"panel-body toggle-content fusion-clearfix\">\n<div class=\"text\">\n<p>Hem rebut una ajuda per al projecte d\u2019estalvi i efici\u00e8ncia energ\u00e8tica \u201c<em>Implantaci\u00f3 de tecnologies eficients en proc\u00e9s productiu<\/em>\u201d, cofinan\u00e7ada pel Fons Europeu de Desenvolupament Regional (FEDER), coordinada per l\u2019IDAE i gestionada per les comunitats aut\u00f2nomes, amb c\u00e0rrec al Fons Nacional d\u2019Efici\u00e8ncia Energ\u00e8tica, amb l\u2019objectiu d\u2019aconseguir una economia m\u00e9s neta i sostenible. S\u2019ha elaborat un projecte d\u2019estalvi i efici\u00e8ncia energ\u00e8tica consistent en la implantaci\u00f3 de tecnologies eficients en els sistemes de tall de producte per a processos productius mitjan\u00e7ant la substituci\u00f3 dels equips existents per sistemes d\u2019alta efici\u00e8ncia. S\u2019ha requerit la col\u00b7laboraci\u00f3 dels millors fabricants d\u2019equipament del sector, que aportaran grans estalvis energ\u00e8tics i mediambientals en el proc\u00e9s. Gr\u00e0cies al projecte s\u2019estalvien 37,96 teps anuals. <a href=\"https:\/\/cbmfoods.sharepoint.com\/:b:\/s\/CBMFMarketing\/EVOgBaUtp2NIguT5fwcMQTIBCzRY54K4hdvc63B5AzG93g?e=dgwTOH\" target=\"_blank\" rel=\"noopener\">Llegir m\u00e9s detalls.<\/a><\/p>\n<p style=\"text-align: center;\"><img decoding=\"async\" class=\"alignnone size-full wp-image-2562\" src=\"https:\/\/www.costabravafoods.com\/wp-content\/uploads\/2025\/05\/Imagen-1-e1691057936109.png\" alt=\"\" width=\"164\" height=\"125\" \/><\/p>\n<\/div>\n<\/div><\/div><\/div><div class=\"fusion-panel panel-default panel-cbedd18bbfea334da fusion-toggle-has-divider\" style=\"--awb-title-color:var(--awb-color8);--awb-content-color:var(--awb-color8);\"><div class=\"panel-heading\"><h4 class=\"panel-title toggle\" id=\"toggle_cbedd18bbfea334da\"><a aria-expanded=\"false\" aria-controls=\"cbedd18bbfea334da\" role=\"button\" data-toggle=\"collapse\" data-parent=\"#accordion-20495-4\" data-target=\"#cbedd18bbfea334da\" href=\"#cbedd18bbfea334da\"><span class=\"fusion-toggle-icon-wrapper\" aria-hidden=\"true\"><i class=\"fa-fusion-box active-icon awb-icon-minus\" aria-hidden=\"true\"><\/i><i class=\"fa-fusion-box inactive-icon awb-icon-plus\" aria-hidden=\"true\"><\/i><\/span><span class=\"fusion-toggle-heading\">FRIGOR\u00cdFICOS C\u00c1RNICOS LAS FORCAS S.L.<\/span><\/a><\/h4><\/div><div id=\"cbedd18bbfea334da\" class=\"panel-collapse collapse \" aria-labelledby=\"toggle_cbedd18bbfea334da\"><div class=\"panel-body toggle-content fusion-clearfix\">\n<p>Mitjan\u00e7ant l\u2019Ordre ARP\/159\/2019, de 12 d\u2019agost, el Departament d\u2019Acci\u00f3 Clim\u00e0tica, Alimentaci\u00f3 i Agenda Rural, ens ha concedit una ajuda de 500.000 \u20ac pel projecte de <em>\u201cMillores tecnol\u00f2giques en un escorxador de bov\u00ed amb sala de despatx annexa d\u2019ov\u00ed\u201d. <\/em><a href=\"https:\/\/cbmfoods.sharepoint.com\/:b:\/s\/CBMFMarketing\/EVRwONofKN9BgjkFJWSNkLgBSxAwPqBnUZuvpG0tmeCxaQ?e=zv2bhc\" target=\"_blank\" rel=\"noopener\">Veure m\u00e9s detalls.<\/a><\/p>\n<p style=\"text-align: center;\"><img decoding=\"async\" class=\"alignnone size-full wp-image-2563\" src=\"https:\/\/www.costabravafoods.com\/wp-content\/uploads\/2025\/05\/rural-e1691057576492.png\" alt=\"\" width=\"210\" height=\"60\" srcset=\"https:\/\/www.costabravafoods.com\/wp-content\/uploads\/2025\/05\/rural-e1691057576492-200x57.png 200w, https:\/\/www.costabravafoods.com\/wp-content\/uploads\/2025\/05\/rural-e1691057576492.png 210w\" sizes=\"(max-width: 210px) 100vw, 210px\" \/><\/p>\n<p>Hem rebut una ajuda pels nostres projectes d\u2019estalvi i efici\u00e8ncia energ\u00e8tica \u00abMillora de l\u2019\u00fas energ\u00e8tic a la nova cambra frigor\u00edfica\u00bb i \u00abL\u00ednia d\u2019envasat completa en continu\u00bb, cofinan\u00e7ada pel Fons Europeu de Desenvolupament Regional (FEDER), coordinada per l\u2019IDAE i gestionada per les comunitats aut\u00f2nomes, amb c\u00e0rrec al Fons Nacional d\u2019Efici\u00e8ncia Energ\u00e8tica, amb l\u2019objectiu d\u2019aconseguir una economia m\u00e9s neta i sostenible. <a href=\"https:\/\/www.costabravafoods.com\/wp-content\/uploads\/2026\/02\/EXPEDIENTEICA02221000166.pdf\" target=\"_blank\" rel=\"noopener\">Fes clic per a m\u00e9s informaci\u00f3.<\/a><\/p>\n<p style=\"text-align: center;\"><a href=\"https:\/\/www.costabravafoods.com\/wp-content\/uploads\/2025\/07\/Fondo_Europeo_Desarrollo_Regional.png\"><img decoding=\"async\" class=\"alignnone size-full wp-image-19372\" src=\"https:\/\/www.costabravafoods.com\/wp-content\/uploads\/2025\/07\/Fondo_Europeo_Desarrollo_Regional.png\" alt=\"\" width=\"210\" height=\"69\" srcset=\"https:\/\/www.costabravafoods.com\/wp-content\/uploads\/2025\/07\/Fondo_Europeo_Desarrollo_Regional-200x66.png 200w, https:\/\/www.costabravafoods.com\/wp-content\/uploads\/2025\/07\/Fondo_Europeo_Desarrollo_Regional-300x99.png 300w, https:\/\/www.costabravafoods.com\/wp-content\/uploads\/2025\/07\/Fondo_Europeo_Desarrollo_Regional.png 327w\" sizes=\"(max-width: 210px) 100vw, 210px\" \/><\/a><\/p>\n<p>A Fricafor hem elaborat un projecte d\u2019estalvi i efici\u00e8ncia energ\u00e8tica consistent en la substituci\u00f3 de la l\u00ednia d\u2019envasat de bov\u00ed per altres que incorporen les t\u00e8cniques m\u00e9s avan\u00e7ades en productivitat i efici\u00e8ncia energ\u00e8tica. <a href=\"https:\/\/cbmfoods.sharepoint.com\/:b:\/s\/CBMFMarketing\/Eb1RghTyEvVHjwK4h-dyAZMBj8wgh_-xqkKUNqOqOTmgCQ\" target=\"_blank\" rel=\"noopener\">Coneix m\u00e9s sobre el projecte<\/a><\/p>\n<p style=\"text-align: center;\"><a href=\"https:\/\/www.costabravafoods.com\/wp-content\/uploads\/2025\/07\/inst_cat_energia_IDAE.jpg\"><img decoding=\"async\" class=\"alignnone size-full wp-image-19379\" src=\"https:\/\/www.costabravafoods.com\/wp-content\/uploads\/2025\/07\/inst_cat_energia_IDAE.jpg\" alt=\"\" width=\"406\" height=\"86\" srcset=\"https:\/\/www.costabravafoods.com\/wp-content\/uploads\/2025\/07\/inst_cat_energia_IDAE-200x42.jpg 200w, https:\/\/www.costabravafoods.com\/wp-content\/uploads\/2025\/07\/inst_cat_energia_IDAE-300x64.jpg 300w, https:\/\/www.costabravafoods.com\/wp-content\/uploads\/2025\/07\/inst_cat_energia_IDAE-400x85.jpg 400w, https:\/\/www.costabravafoods.com\/wp-content\/uploads\/2025\/07\/inst_cat_energia_IDAE.jpg 406w\" sizes=\"(max-width: 406px) 100vw, 406px\" \/><\/a><\/p>\n<p>Nou projecte basat en la substituci\u00f3 de la caldera convencional actual per una d\u2019alta efici\u00e8ncia energ\u00e8tica. <a href=\"https:\/\/cbmfoods.sharepoint.com\/:b:\/s\/CBMFMarketing\/EVgiA7NC_6xHrhn9XCd5PIMB6X2EsV6cosSpcpdBRkZYTA?e=pHNr5e\" target=\"_blank\" rel=\"noopener\">Veure els detalls del projecte.\u00a0<\/a><\/p>\n<p style=\"text-align: center;\"><a href=\"https:\/\/www.costabravafoods.com\/wp-content\/uploads\/2025\/07\/inst_cat_energia_IDAE.jpg\"><img decoding=\"async\" class=\"alignnone size-full wp-image-19379\" src=\"https:\/\/www.costabravafoods.com\/wp-content\/uploads\/2025\/07\/inst_cat_energia_IDAE.jpg\" alt=\"\" width=\"406\" height=\"86\" srcset=\"https:\/\/www.costabravafoods.com\/wp-content\/uploads\/2025\/07\/inst_cat_energia_IDAE-200x42.jpg 200w, https:\/\/www.costabravafoods.com\/wp-content\/uploads\/2025\/07\/inst_cat_energia_IDAE-300x64.jpg 300w, https:\/\/www.costabravafoods.com\/wp-content\/uploads\/2025\/07\/inst_cat_energia_IDAE-400x85.jpg 400w, https:\/\/www.costabravafoods.com\/wp-content\/uploads\/2025\/07\/inst_cat_energia_IDAE.jpg 406w\" sizes=\"(max-width: 406px) 100vw, 406px\" \/><\/a><\/p>\n<\/div><\/div><\/div><div class=\"fusion-panel panel-default panel-2475027a7a7a4d15a fusion-toggle-has-divider\" style=\"--awb-title-color:var(--awb-color8);--awb-content-color:var(--awb-color8);\"><div class=\"panel-heading\"><h4 class=\"panel-title toggle\" id=\"toggle_2475027a7a7a4d15a\"><a aria-expanded=\"false\" aria-controls=\"2475027a7a7a4d15a\" role=\"button\" data-toggle=\"collapse\" data-parent=\"#accordion-20495-4\" data-target=\"#2475027a7a7a4d15a\" href=\"#2475027a7a7a4d15a\"><span class=\"fusion-toggle-icon-wrapper\" aria-hidden=\"true\"><i class=\"fa-fusion-box active-icon awb-icon-minus\" aria-hidden=\"true\"><\/i><i class=\"fa-fusion-box inactive-icon awb-icon-plus\" aria-hidden=\"true\"><\/i><\/span><span class=\"fusion-toggle-heading\">EMBUTIDOS MONTER S.L.U.<\/span><\/a><\/h4><\/div><div id=\"2475027a7a7a4d15a\" class=\"panel-collapse collapse \" aria-labelledby=\"toggle_2475027a7a7a4d15a\"><div class=\"panel-body toggle-content fusion-clearfix\">\n<div class=\"text\">\n<p>Realitzem projecte acollit al programa d\u2019incentius vinculats a l\u2019autoconsum i emmagatzematge, amb fonts d\u2019energia renovable, aix\u00ed com a la implantaci\u00f3 de sistemes t\u00e8rmics renovables en el sector residencial, en el marc del Pla de Recuperaci\u00f3, Transformaci\u00f3 i Resili\u00e8ncia, finan\u00e7at per la Uni\u00f3 Europea \u2013 NextGenerationEU.<\/p>\n<p><a href=\"https:\/\/cbmfoods.sharepoint.com\/:b:\/s\/CBMFMarketing\/Efe3QX4KJvBErNP_Cfqn_k8BeV2tph1Z6xp7S-wPVBNMbw?e=Nz0GLu\" target=\"_blank\" rel=\"noopener\">Veure m\u00e9s detalls del projecte a la planta de Sant Jaume de Llierca.<\/a><\/p>\n<p><a href=\"https:\/\/cbmfoods.sharepoint.com\/:b:\/s\/CBMFMarketing\/EYyu_PbowwBIj_ZRQc0Um7ABfWmaUcyHuqqryzezJOCufA?e=xnMTsF\" target=\"_blank\" rel=\"noopener\">Veure m\u00e9s detalls del projecte a la planta de Les Planes d\u2019Hostoles<\/a><\/p>\n<p style=\"text-align: center;\">\n<\/div>\n<\/div><\/div><\/div><\/div><\/div><\/div><\/div><\/div><\/div><\/p>\n","protected":false},"excerpt":{"rendered":"","protected":false},"author":1,"featured_media":0,"parent":0,"menu_order":0,"comment_status":"closed","ping_status":"closed","template":"100-width.php","meta":{"footnotes":""},"class_list":["post-20495","page","type-page","status-publish","hentry"],"yoast_head":"<!-- This site is optimized with the Yoast SEO plugin v27.2 - https:\/\/yoast.com\/product\/yoast-seo-wordpress\/ -->\n<title>Altre Documentaci\u00f3 - Costa Brava Foods<\/title>\n<meta name=\"robots\" content=\"index, follow, max-snippet:-1, max-image-preview:large, max-video-preview:-1\" \/>\n<link rel=\"canonical\" href=\"https:\/\/www.costabravafoods.com\/ca\/altre-documentacio\/\" \/>\n<meta property=\"og:locale\" content=\"ca_ES\" \/>\n<meta property=\"og:type\" content=\"article\" \/>\n<meta property=\"og:title\" content=\"Altre Documentaci\u00f3 - Costa Brava Foods\" \/>\n<meta property=\"og:url\" content=\"https:\/\/www.costabravafoods.com\/ca\/altre-documentacio\/\" \/>\n<meta property=\"og:site_name\" content=\"Costa Brava Foods\" \/>\n<meta property=\"article:modified_time\" content=\"2026-04-14T18:18:07+00:00\" \/>\n<meta property=\"og:image\" content=\"https:\/\/www.costabravafoods.com\/wp-content\/uploads\/2025\/05\/ES_Funded_by_NextGenEU_vert_RGB_POS-e1689767243232.png\" \/>\n<meta name=\"twitter:card\" content=\"summary_large_image\" \/>\n<meta name=\"twitter:label1\" content=\"Temps estimat de lectura\" \/>\n\t<meta name=\"twitter:data1\" content=\"27 minuts\" \/>\n<script type=\"application\/ld+json\" class=\"yoast-schema-graph\">{\"@context\":\"https:\/\/schema.org\",\"@graph\":[{\"@type\":\"WebPage\",\"@id\":\"https:\/\/www.costabravafoods.com\/ca\/altre-documentacio\/\",\"url\":\"https:\/\/www.costabravafoods.com\/ca\/altre-documentacio\/\",\"name\":\"Altre Documentaci\u00f3 - Costa Brava Foods\",\"isPartOf\":{\"@id\":\"https:\/\/www.costabravafoods.com\/#website\"},\"primaryImageOfPage\":{\"@id\":\"https:\/\/www.costabravafoods.com\/ca\/altre-documentacio\/#primaryimage\"},\"image\":{\"@id\":\"https:\/\/www.costabravafoods.com\/ca\/altre-documentacio\/#primaryimage\"},\"thumbnailUrl\":\"https:\/\/www.costabravafoods.com\/wp-content\/uploads\/2025\/05\/ES_Funded_by_NextGenEU_vert_RGB_POS-e1689767243232.png\",\"datePublished\":\"2025-05-22T10:15:07+00:00\",\"dateModified\":\"2026-04-14T18:18:07+00:00\",\"breadcrumb\":{\"@id\":\"https:\/\/www.costabravafoods.com\/ca\/altre-documentacio\/#breadcrumb\"},\"inLanguage\":\"ca\",\"potentialAction\":[{\"@type\":\"ReadAction\",\"target\":[\"https:\/\/www.costabravafoods.com\/ca\/altre-documentacio\/\"]}]},{\"@type\":\"ImageObject\",\"inLanguage\":\"ca\",\"@id\":\"https:\/\/www.costabravafoods.com\/ca\/altre-documentacio\/#primaryimage\",\"url\":\"https:\/\/www.costabravafoods.com\/wp-content\/uploads\/2025\/05\/ES_Funded_by_NextGenEU_vert_RGB_POS-e1689767243232.png\",\"contentUrl\":\"https:\/\/www.costabravafoods.com\/wp-content\/uploads\/2025\/05\/ES_Funded_by_NextGenEU_vert_RGB_POS-e1689767243232.png\"},{\"@type\":\"BreadcrumbList\",\"@id\":\"https:\/\/www.costabravafoods.com\/ca\/altre-documentacio\/#breadcrumb\",\"itemListElement\":[{\"@type\":\"ListItem\",\"position\":1,\"name\":\"Portada\",\"item\":\"https:\/\/www.costabravafoods.com\/ca\/\"},{\"@type\":\"ListItem\",\"position\":2,\"name\":\"Altre Documentaci\u00f3\"}]},{\"@type\":\"WebSite\",\"@id\":\"https:\/\/www.costabravafoods.com\/#website\",\"url\":\"https:\/\/www.costabravafoods.com\/\",\"name\":\"Costa Brava Foods\",\"description\":\"\",\"potentialAction\":[{\"@type\":\"SearchAction\",\"target\":{\"@type\":\"EntryPoint\",\"urlTemplate\":\"https:\/\/www.costabravafoods.com\/?s={search_term_string}\"},\"query-input\":{\"@type\":\"PropertyValueSpecification\",\"valueRequired\":true,\"valueName\":\"search_term_string\"}}],\"inLanguage\":\"ca\"}]}<\/script>\n<!-- \/ Yoast SEO plugin. -->","yoast_head_json":{"title":"Altre Documentaci\u00f3 - Costa Brava Foods","robots":{"index":"index","follow":"follow","max-snippet":"max-snippet:-1","max-image-preview":"max-image-preview:large","max-video-preview":"max-video-preview:-1"},"canonical":"https:\/\/www.costabravafoods.com\/ca\/altre-documentacio\/","og_locale":"ca_ES","og_type":"article","og_title":"Altre Documentaci\u00f3 - Costa Brava Foods","og_url":"https:\/\/www.costabravafoods.com\/ca\/altre-documentacio\/","og_site_name":"Costa Brava Foods","article_modified_time":"2026-04-14T18:18:07+00:00","og_image":[{"url":"https:\/\/www.costabravafoods.com\/wp-content\/uploads\/2025\/05\/ES_Funded_by_NextGenEU_vert_RGB_POS-e1689767243232.png","type":"","width":"","height":""}],"twitter_card":"summary_large_image","twitter_misc":{"Temps estimat de lectura":"27 minuts"},"schema":{"@context":"https:\/\/schema.org","@graph":[{"@type":"WebPage","@id":"https:\/\/www.costabravafoods.com\/ca\/altre-documentacio\/","url":"https:\/\/www.costabravafoods.com\/ca\/altre-documentacio\/","name":"Altre Documentaci\u00f3 - Costa Brava Foods","isPartOf":{"@id":"https:\/\/www.costabravafoods.com\/#website"},"primaryImageOfPage":{"@id":"https:\/\/www.costabravafoods.com\/ca\/altre-documentacio\/#primaryimage"},"image":{"@id":"https:\/\/www.costabravafoods.com\/ca\/altre-documentacio\/#primaryimage"},"thumbnailUrl":"https:\/\/www.costabravafoods.com\/wp-content\/uploads\/2025\/05\/ES_Funded_by_NextGenEU_vert_RGB_POS-e1689767243232.png","datePublished":"2025-05-22T10:15:07+00:00","dateModified":"2026-04-14T18:18:07+00:00","breadcrumb":{"@id":"https:\/\/www.costabravafoods.com\/ca\/altre-documentacio\/#breadcrumb"},"inLanguage":"ca","potentialAction":[{"@type":"ReadAction","target":["https:\/\/www.costabravafoods.com\/ca\/altre-documentacio\/"]}]},{"@type":"ImageObject","inLanguage":"ca","@id":"https:\/\/www.costabravafoods.com\/ca\/altre-documentacio\/#primaryimage","url":"https:\/\/www.costabravafoods.com\/wp-content\/uploads\/2025\/05\/ES_Funded_by_NextGenEU_vert_RGB_POS-e1689767243232.png","contentUrl":"https:\/\/www.costabravafoods.com\/wp-content\/uploads\/2025\/05\/ES_Funded_by_NextGenEU_vert_RGB_POS-e1689767243232.png"},{"@type":"BreadcrumbList","@id":"https:\/\/www.costabravafoods.com\/ca\/altre-documentacio\/#breadcrumb","itemListElement":[{"@type":"ListItem","position":1,"name":"Portada","item":"https:\/\/www.costabravafoods.com\/ca\/"},{"@type":"ListItem","position":2,"name":"Altre Documentaci\u00f3"}]},{"@type":"WebSite","@id":"https:\/\/www.costabravafoods.com\/#website","url":"https:\/\/www.costabravafoods.com\/","name":"Costa Brava Foods","description":"","potentialAction":[{"@type":"SearchAction","target":{"@type":"EntryPoint","urlTemplate":"https:\/\/www.costabravafoods.com\/?s={search_term_string}"},"query-input":{"@type":"PropertyValueSpecification","valueRequired":true,"valueName":"search_term_string"}}],"inLanguage":"ca"}]}},"_links":{"self":[{"href":"https:\/\/www.costabravafoods.com\/ca\/wp-json\/wp\/v2\/pages\/20495","targetHints":{"allow":["GET"]}}],"collection":[{"href":"https:\/\/www.costabravafoods.com\/ca\/wp-json\/wp\/v2\/pages"}],"about":[{"href":"https:\/\/www.costabravafoods.com\/ca\/wp-json\/wp\/v2\/types\/page"}],"author":[{"embeddable":true,"href":"https:\/\/www.costabravafoods.com\/ca\/wp-json\/wp\/v2\/users\/1"}],"replies":[{"embeddable":true,"href":"https:\/\/www.costabravafoods.com\/ca\/wp-json\/wp\/v2\/comments?post=20495"}],"version-history":[{"count":13,"href":"https:\/\/www.costabravafoods.com\/ca\/wp-json\/wp\/v2\/pages\/20495\/revisions"}],"predecessor-version":[{"id":35897,"href":"https:\/\/www.costabravafoods.com\/ca\/wp-json\/wp\/v2\/pages\/20495\/revisions\/35897"}],"wp:attachment":[{"href":"https:\/\/www.costabravafoods.com\/ca\/wp-json\/wp\/v2\/media?parent=20495"}],"curies":[{"name":"wp","href":"https:\/\/api.w.org\/{rel}","templated":true}]}}