

{"id":20507,"date":"2025-04-09T10:44:03","date_gmt":"2025-04-09T08:44:03","guid":{"rendered":"https:\/\/www.costabravafoods.com\/soziale-initiativen\/"},"modified":"2025-08-26T19:15:42","modified_gmt":"2025-08-26T17:15:42","slug":"soziale-initiativen","status":"publish","type":"page","link":"https:\/\/www.costabravafoods.com\/de\/soziale-initiativen\/","title":{"rendered":"SOZIALE INITIATIVEN"},"content":{"rendered":"<p><div class=\"fusion-fullwidth fullwidth-box fusion-builder-row-1 fusion-flex-container has-pattern-background has-mask-background fusion-parallax-none nonhundred-percent-fullwidth non-hundred-percent-height-scrolling fusion-no-small-visibility\" style=\"--awb-border-radius-top-left:0px;--awb-border-radius-top-right:0px;--awb-border-radius-bottom-right:0px;--awb-border-radius-bottom-left:0px;--awb-padding-top:50px;--awb-background-image:url(&quot;https:\/\/www.costabravafoods.com\/wp-content\/uploads\/2025\/04\/bg-origenmediterraneo_ok.jpg&quot;);--awb-background-size:cover;--awb-flex-wrap:wrap;\" ><div class=\"fusion-builder-row fusion-row fusion-flex-align-items-flex-start fusion-flex-content-wrap\" style=\"max-width:1248px;margin-left: calc(-4% \/ 2 );margin-right: calc(-4% \/ 2 );\"><div class=\"fusion-layout-column fusion_builder_column fusion-builder-column-0 fusion_builder_column_1_1 1_1 fusion-flex-column fusion-flex-align-self-center\" style=\"--awb-bg-blend:overlay;--awb-bg-size:cover;--awb-width-large:100%;--awb-margin-top-large:0px;--awb-spacing-right-large:-10px;--awb-margin-bottom-large:40px;--awb-spacing-left-large:-10px;--awb-width-medium:100%;--awb-order-medium:0;--awb-spacing-right-medium:-10px;--awb-spacing-left-medium:-10px;--awb-width-small:100%;--awb-order-small:0;--awb-spacing-right-small:1.92%;--awb-spacing-left-small:1.92%;\" data-scroll-devices=\"small-visibility,medium-visibility,large-visibility\"><div class=\"fusion-column-wrapper fusion-column-has-shadow fusion-flex-justify-content-center fusion-content-layout-column\"><div class=\"fusion-title title fusion-title-1 fusion-title-center fusion-title-text fusion-title-size-one\" style=\"--awb-text-color:#051d30;--awb-margin-top-small:10px;--awb-margin-right-small:0px;--awb-margin-bottom-small:10px;--awb-margin-left-small:0px;--awb-sep-color:var(--awb-color4);--awb-font-size:28px;\"><div class=\"title-sep-container title-sep-container-left\"><div class=\"title-sep sep-single sep-solid\" style=\"border-color:var(--awb-color4);\"><\/div><\/div><span class=\"awb-title-spacer\"><\/span><h1 class=\"fusion-title-heading title-heading-center\" style=\"font-family:&quot;Noto Sans Bold&quot;;font-style:normal;font-weight:400;margin:0;letter-spacing:0.5px;font-size:1em;\"><div style=\"margin: 0 20px;\" data-mce-style=\"margin: 0 20px;\">SOZIALE INITIATIVEN<\/div><\/h1><span class=\"awb-title-spacer\"><\/span><div class=\"title-sep-container title-sep-container-right\"><div class=\"title-sep sep-single sep-solid\" style=\"border-color:var(--awb-color4);\"><\/div><\/div><\/div><\/div><\/div><div class=\"fusion-layout-column fusion_builder_column fusion-builder-column-1 fusion_builder_column_1_5 1_5 fusion-flex-column\" style=\"--awb-bg-blend:overlay;--awb-bg-size:cover;--awb-width-large:20%;--awb-margin-top-large:0px;--awb-spacing-right-large:9.6%;--awb-margin-bottom-large:50px;--awb-spacing-left-large:9.6%;--awb-width-medium:20%;--awb-spacing-right-medium:9.6%;--awb-spacing-left-medium:9.6%;--awb-width-small:100%;--awb-spacing-right-small:1.92%;--awb-spacing-left-small:1.92%;\"><div class=\"fusion-column-wrapper fusion-flex-justify-content-flex-start fusion-content-layout-column\"><\/div><\/div><div class=\"fusion-layout-column fusion_builder_column fusion-builder-column-2 fusion_builder_column_3_5 3_5 fusion-flex-column\" style=\"--awb-bg-blend:overlay;--awb-bg-size:cover;--awb-width-large:60%;--awb-margin-top-large:0px;--awb-spacing-right-large:3.2%;--awb-margin-bottom-large:50px;--awb-spacing-left-large:3.2%;--awb-width-medium:60%;--awb-spacing-right-medium:3.2%;--awb-spacing-left-medium:3.2%;--awb-width-small:100%;--awb-spacing-right-small:1.92%;--awb-spacing-left-small:1.92%;\"><div class=\"fusion-column-wrapper fusion-flex-justify-content-flex-start fusion-content-layout-column\"><div class=\"fusion-text fusion-text-1 fusion-animated fusion-text-no-margin\" style=\"--awb-font-size:17px;--awb-line-height:24px;--awb-margin-bottom:80px;--awb-text-font-family:&quot;Noto Sans Light&quot;;--awb-text-font-style:normal;--awb-text-font-weight:400;\" data-animationType=\"fadeInUp\" data-animationDuration=\"0.3\" data-animationOffset=\"top-into-view\"><p style=\"text-align: center;\" data-mce-style=\"text-align: center;\">Menschen sind der Motor unserer Gesellschaft und unser Weg in eine verantwortlichere, gerechtere und gleichberechtigtere Zukunft f\u00fcr alle f\u00fchrt \u00fcber die Pflege unserer umliegenden Gemeinschaften.<\/p>\n<\/div><\/div><\/div><div class=\"fusion-layout-column fusion_builder_column fusion-builder-column-3 fusion_builder_column_1_5 1_5 fusion-flex-column\" style=\"--awb-bg-blend:overlay;--awb-bg-size:cover;--awb-width-large:20%;--awb-margin-top-large:0px;--awb-spacing-right-large:9.6%;--awb-margin-bottom-large:50px;--awb-spacing-left-large:9.6%;--awb-width-medium:20%;--awb-spacing-right-medium:9.6%;--awb-spacing-left-medium:9.6%;--awb-width-small:100%;--awb-spacing-right-small:1.92%;--awb-spacing-left-small:1.92%;\"><div class=\"fusion-column-wrapper fusion-flex-justify-content-flex-start fusion-content-layout-column\"><\/div><\/div><\/div><\/div><div class=\"fusion-fullwidth fullwidth-box fusion-builder-row-2 fusion-flex-container has-pattern-background has-mask-background fusion-parallax-none nonhundred-percent-fullwidth non-hundred-percent-height-scrolling fusion-no-medium-visibility fusion-no-large-visibility\" style=\"--awb-border-radius-top-left:0px;--awb-border-radius-top-right:0px;--awb-border-radius-bottom-right:0px;--awb-border-radius-bottom-left:0px;--awb-padding-top:50px;--awb-margin-top:25px;--awb-background-image:url(&quot;https:\/\/www.costabravafoods.com\/wp-content\/uploads\/2025\/04\/bg-origenmediterraneo_ok.jpg&quot;);--awb-background-size:cover;--awb-flex-wrap:wrap;\" ><div class=\"fusion-builder-row fusion-row fusion-flex-align-items-flex-start fusion-flex-content-wrap\" style=\"max-width:1248px;margin-left: calc(-4% \/ 2 );margin-right: calc(-4% \/ 2 );\"><div class=\"fusion-layout-column fusion_builder_column fusion-builder-column-4 fusion_builder_column_1_1 1_1 fusion-flex-column fusion-flex-align-self-center\" style=\"--awb-bg-blend:overlay;--awb-bg-size:cover;--awb-width-large:100%;--awb-margin-top-large:0px;--awb-spacing-right-large:1.92%;--awb-margin-bottom-large:20px;--awb-spacing-left-large:1.92%;--awb-width-medium:100%;--awb-order-medium:0;--awb-spacing-right-medium:1.92%;--awb-spacing-left-medium:1.92%;--awb-width-small:100%;--awb-order-small:0;--awb-spacing-right-small:1.92%;--awb-spacing-left-small:1.92%;\" data-scroll-devices=\"small-visibility,medium-visibility,large-visibility\"><div class=\"fusion-column-wrapper fusion-column-has-shadow fusion-flex-justify-content-center fusion-content-layout-column\"><div class=\"fusion-separator\" style=\"align-self: center;margin-left: auto;margin-right: auto;margin-bottom:15px;width:100%;max-width:100px;\"><div class=\"fusion-separator-border sep-single sep-solid\" style=\"--awb-height:20px;--awb-amount:20px;--awb-sep-color:var(--awb-color4);border-color:var(--awb-color4);border-top-width:1px;\"><\/div><\/div>\n<div class=\"fusion-title title fusion-title-2 fusion-title-center fusion-title-text fusion-title-size-one\" style=\"--awb-text-color:#051d30;--awb-margin-top-small:10px;--awb-margin-right-small:0px;--awb-margin-bottom-small:10px;--awb-margin-left-small:0px;--awb-sep-color:var(--awb-color4);--awb-font-size:28px;\"><div class=\"title-sep-container title-sep-container-left\"><div class=\"title-sep sep-single sep-solid\" style=\"border-color:var(--awb-color4);\"><\/div><\/div><span class=\"awb-title-spacer\"><\/span><h1 class=\"fusion-title-heading title-heading-center\" style=\"font-family:&quot;Noto Sans Bold&quot;;font-style:normal;font-weight:400;margin:0;letter-spacing:0.5px;font-size:1em;\"><div style=\"margin: 0 20px;\" data-mce-style=\"margin: 0 20px;\">SOZIALE INITIATIVEN<\/div><\/h1><span class=\"awb-title-spacer\"><\/span><div class=\"title-sep-container title-sep-container-right\"><div class=\"title-sep sep-single sep-solid\" style=\"border-color:var(--awb-color4);\"><\/div><\/div><\/div><div class=\"fusion-separator\" style=\"align-self: center;margin-left: auto;margin-right: auto;margin-top:15px;width:100%;max-width:100px;\"><div class=\"fusion-separator-border sep-single sep-solid\" style=\"--awb-height:20px;--awb-amount:20px;--awb-sep-color:var(--awb-color4);border-color:var(--awb-color4);border-top-width:1px;\"><\/div><\/div>\n<\/div><\/div><div class=\"fusion-layout-column fusion_builder_column fusion-builder-column-5 fusion_builder_column_1_5 1_5 fusion-flex-column\" style=\"--awb-bg-blend:overlay;--awb-bg-size:cover;--awb-width-large:20%;--awb-margin-top-large:0px;--awb-spacing-right-large:9.6%;--awb-margin-bottom-large:50px;--awb-spacing-left-large:9.6%;--awb-width-medium:20%;--awb-spacing-right-medium:9.6%;--awb-spacing-left-medium:9.6%;--awb-width-small:100%;--awb-spacing-right-small:1.92%;--awb-spacing-left-small:1.92%;\"><div class=\"fusion-column-wrapper fusion-flex-justify-content-flex-start fusion-content-layout-column\"><\/div><\/div><div class=\"fusion-layout-column fusion_builder_column fusion-builder-column-6 fusion_builder_column_3_5 3_5 fusion-flex-column\" style=\"--awb-bg-blend:overlay;--awb-bg-size:cover;--awb-width-large:60%;--awb-margin-top-large:0px;--awb-spacing-right-large:3.2%;--awb-margin-bottom-large:50px;--awb-spacing-left-large:3.2%;--awb-width-medium:60%;--awb-spacing-right-medium:3.2%;--awb-spacing-left-medium:3.2%;--awb-width-small:100%;--awb-spacing-right-small:1.92%;--awb-spacing-left-small:1.92%;\"><div class=\"fusion-column-wrapper fusion-flex-justify-content-flex-start fusion-content-layout-column\"><div class=\"fusion-text fusion-text-2 fusion-animated fusion-text-no-margin\" style=\"--awb-font-size:17px;--awb-line-height:24px;--awb-margin-bottom:80px;--awb-text-font-family:&quot;Noto Sans Light&quot;;--awb-text-font-style:normal;--awb-text-font-weight:400;\" data-animationType=\"fadeInUp\" data-animationDuration=\"0.3\" data-animationOffset=\"top-into-view\"><p style=\"text-align: center;\" data-mce-style=\"text-align: center;\">Menschen sind der Motor unserer Gesellschaft und unser Weg in eine verantwortlichere, gerechtere und gleichberechtigtere Zukunft f\u00fcr alle f\u00fchrt \u00fcber die Pflege unserer umliegenden Gemeinschaften.<\/p>\n<\/div><\/div><\/div><div class=\"fusion-layout-column fusion_builder_column fusion-builder-column-7 fusion_builder_column_1_5 1_5 fusion-flex-column\" style=\"--awb-bg-blend:overlay;--awb-bg-size:cover;--awb-width-large:20%;--awb-margin-top-large:0px;--awb-spacing-right-large:9.6%;--awb-margin-bottom-large:50px;--awb-spacing-left-large:9.6%;--awb-width-medium:20%;--awb-spacing-right-medium:9.6%;--awb-spacing-left-medium:9.6%;--awb-width-small:100%;--awb-spacing-right-small:1.92%;--awb-spacing-left-small:1.92%;\"><div class=\"fusion-column-wrapper fusion-flex-justify-content-flex-start fusion-content-layout-column\"><\/div><\/div><\/div><\/div><div class=\"fusion-fullwidth fullwidth-box fusion-builder-row-3 fusion-flex-container has-pattern-background has-mask-background nonhundred-percent-fullwidth non-hundred-percent-height-scrolling fusion-no-small-visibility\" style=\"--awb-border-radius-top-left:0px;--awb-border-radius-top-right:0px;--awb-border-radius-bottom-right:0px;--awb-border-radius-bottom-left:0px;--awb-padding-top:50px;--awb-flex-wrap:wrap;\" ><div class=\"fusion-builder-row fusion-row fusion-flex-align-items-flex-start fusion-flex-content-wrap\" style=\"max-width:1248px;margin-left: calc(-4% \/ 2 );margin-right: calc(-4% \/ 2 );\"><div class=\"fusion-layout-column fusion_builder_column fusion-builder-column-8 fusion_builder_column_1_1 1_1 fusion-flex-column fusion-flex-align-self-center\" style=\"--awb-bg-blend:overlay;--awb-bg-size:cover;--awb-width-large:100%;--awb-margin-top-large:0px;--awb-spacing-right-large:-10px;--awb-margin-bottom-large:40px;--awb-spacing-left-large:-10px;--awb-width-medium:100%;--awb-order-medium:0;--awb-spacing-right-medium:-10px;--awb-spacing-left-medium:-10px;--awb-width-small:100%;--awb-order-small:0;--awb-spacing-right-small:1.92%;--awb-spacing-left-small:1.92%;\" data-scroll-devices=\"small-visibility,medium-visibility,large-visibility\"><div class=\"fusion-column-wrapper fusion-column-has-shadow fusion-flex-justify-content-center fusion-content-layout-column\"><div class=\"fusion-title title fusion-title-3 fusion-sep-none fusion-title-text fusion-title-size-one\" style=\"--awb-text-color:#051d30;--awb-margin-top-small:10px;--awb-margin-right-small:0px;--awb-margin-bottom-small:10px;--awb-margin-left-small:0px;--awb-sep-color:#a08e33;--awb-font-size:28px;\"><h1 class=\"fusion-title-heading title-heading-left\" style=\"font-family:&quot;Noto Sans Bold&quot;;font-style:normal;font-weight:400;margin:0;letter-spacing:0.5px;font-size:1em;\"><div style=\"margin: 0px 20px;\" data-mce-style=\"margin: 0px 20px;\">1. Inklusion und soziale Entwicklung<\/div><\/h1><\/div><div class=\"fusion-separator fusion-full-width-sep\" style=\"align-self: center;margin-left: auto;margin-right: auto;width:100%;\"><div class=\"fusion-separator-border sep-single sep-solid\" style=\"--awb-height:20px;--awb-amount:20px;--awb-sep-color:var(--awb-color4);border-color:var(--awb-color4);border-top-width:1px;\"><\/div><\/div><\/div><\/div><div class=\"fusion-layout-column fusion_builder_column fusion-builder-column-9 fusion_builder_column_1_1 1_1 fusion-flex-column\" style=\"--awb-bg-blend:overlay;--awb-bg-size:cover;--awb-width-large:100%;--awb-margin-top-large:0px;--awb-spacing-right-large:1.92%;--awb-margin-bottom-large:0px;--awb-spacing-left-large:1.92%;--awb-width-medium:100%;--awb-order-medium:0;--awb-spacing-right-medium:1.92%;--awb-spacing-left-medium:1.92%;--awb-width-small:100%;--awb-order-small:0;--awb-spacing-right-small:1.92%;--awb-spacing-left-small:1.92%;\" data-scroll-devices=\"small-visibility,medium-visibility,large-visibility\"><div class=\"fusion-column-wrapper fusion-column-has-shadow fusion-flex-justify-content-flex-start fusion-content-layout-column\"><div class=\"fusion-text fusion-text-3 fusion-animated fusion-text-no-margin\" style=\"--awb-font-size:17px;--awb-line-height:24px;--awb-margin-bottom:80px;--awb-text-font-family:&quot;Noto Sans Light&quot;;--awb-text-font-style:normal;--awb-text-font-weight:400;\" data-animationType=\"fadeInUp\" data-animationDuration=\"0.3\" data-animationOffset=\"top-into-view\"><p style=\"text-align: left;\" data-mce-style=\"text-align: left;\">Bei Costa Brava Mediterranean Foods unterst\u00fctzen wir Initiativen zur F\u00f6rderung der Inklusion und der sozialen Entwicklung, um so das Wohlergehen der Menschen sicherzustellen. \u00dcber Programme f\u00fcr inklusive Besch\u00e4ftigung, Ausbildung und Sport arbeiten wir in Zusammenarbeit mit sozialen Rechtstr\u00e4gern daran, Chancen zu schaffen und eine inklusivere und solidarischere Gesellschaft zu schaffen.<\/p>\n<\/div><\/div><\/div><div class=\"fusion-layout-column fusion_builder_column fusion-builder-column-10 fusion_builder_column_1_1 1_1 fusion-flex-column\" style=\"--awb-padding-top:0px;--awb-bg-size:cover;--awb-width-large:100%;--awb-margin-top-large:-20px;--awb-spacing-right-large:1.92%;--awb-margin-bottom-large:20px;--awb-spacing-left-large:1.92%;--awb-width-medium:100%;--awb-order-medium:0;--awb-spacing-right-medium:1.92%;--awb-spacing-left-medium:1.92%;--awb-width-small:100%;--awb-order-small:0;--awb-spacing-right-small:1.92%;--awb-spacing-left-small:1.92%;\" data-scroll-devices=\"small-visibility,medium-visibility,large-visibility\"><div class=\"fusion-column-wrapper fusion-column-has-shadow fusion-flex-justify-content-flex-start fusion-content-layout-column\"><div class=\"fusion-content-boxes content-boxes columns row fusion-columns-1 fusion-columns-total-4 fusion-content-boxes-1 content-boxes-timeline-vertical content-left content-boxes-timeline-layout content-boxes-icon-with-title fusion-delayed-animation\" style=\"--awb-backgroundcolor:#f1f4f6;--awb-body-color:#727279;--awb-title-color:#1d1d1f;--awb-iconcolor:#ffffff;--awb-hover-accent-color:#1d1d1f;--awb-circle-hover-accent-color:#1d1d1f;--awb-item-margin-bottom:40px;\" data-animation-delay=\"350\" data-animationOffset=\"top-into-view\"><div style=\"--awb-backgroundcolor:#f1f4f6;--awb-iconcolor:#ffffff;--awb-content-padding-left:70px;\" class=\"fusion-column content-box-column content-box-column content-box-column-1 col-lg-12 col-md-12 col-sm-12 fusion-content-box-hover content-box-column-last-in-row\"><div class=\"col content-box-wrapper content-wrapper-background link-area-link-icon content-icon-wrapper-yes icon-hover-animation-fade fusion-animated\" data-animationType=\"fadeIn\" data-animationDuration=\"0.25\" data-animationOffset=\"top-into-view\"><div class=\"heading heading-with-icon icon-left\" style=\"margin-top:11px;\"><div class=\"icon\" style=\"margin-top:-11px;margin-bottom:-11px;-webkit-animation-duration: 350ms;animation-duration: 350ms;\"><span style=\"height:48px;width:48px;line-height:24px;border-color:var(--awb-color4);border-width:1px;border-style:solid;background-color:var(--awb-color4);margin-right:20px;box-sizing:content-box;border-radius:100%;\"><i style=\"border-color:#282828;border-width:0px;background-color:var(--awb-color4);box-sizing:content-box;height:48px;width:48px;line-height:48px;border-radius:100%;position:relative;top:auto;left:auto;margin:0;border-radius:100%;font-size:24px;\" aria-hidden=\"true\" class=\"fontawesome-icon fa-leaf fas circle-yes\"><\/i><\/span><\/div><h3 class=\"content-box-heading\" style=\"--h3_typography-font-size:28px;line-height:33px;\">Schutz nat\u00fcrlicher Zonen von hohem Umweltwert und reicher Biodiversit\u00e4t.<\/h3><\/div><div class=\"fusion-clearfix\"><\/div><div class=\"content-container\">\n<p>Wir unterst\u00fctzen zusammen mit unseren Produktionsst\u00e4tten f\u00fcr Wurstwaren und Schinken (S\u00e8lvans) den Erhalt des Vulkans Can Ti\u00e0 (im Landkreis Garrotxa).<\/p>\n<p><img decoding=\"async\" class=\"alignnone wp-image-1864 size-thumbnail\" src=\"https:\/\/www.costabravafoods.com\/wp-content\/uploads\/2025\/04\/selvans-1-150x150.jpg\" alt=\"\" width=\"150\" height=\"150\" data-mce-src=\"https:\/\/www.costabravafoods.com\/wp-content\/uploads\/2025\/04\/selvans-1-150x150.jpg\" srcset=\"https:\/\/www.costabravafoods.com\/wp-content\/uploads\/2025\/04\/selvans-1-66x66.jpg 66w, https:\/\/www.costabravafoods.com\/wp-content\/uploads\/2025\/04\/selvans-1-150x150.jpg 150w, https:\/\/www.costabravafoods.com\/wp-content\/uploads\/2025\/04\/selvans-1-200x200.jpg 200w, https:\/\/www.costabravafoods.com\/wp-content\/uploads\/2025\/04\/selvans-1.jpg 260w\" sizes=\"(max-width: 150px) 100vw, 150px\" \/><\/p>\n<\/div><div class=\"content-box-shortcode-timeline-vertical\" style=\"border-color:var(--awb-color4);left:75px;top:60px;-webkit-transition-duration: 350ms;animation-duration: 350ms;\"><\/div><\/div><\/div><div style=\"--awb-backgroundcolor:#f1f4f6;--awb-iconcolor:#ffffff;--awb-content-padding-left:70px;\" class=\"fusion-column content-box-column content-box-column content-box-column-2 col-lg-12 col-md-12 col-sm-12 fusion-content-box-hover content-box-column-last-in-row\"><div class=\"col content-box-wrapper content-wrapper-background link-area-link-icon content-icon-wrapper-yes icon-hover-animation-fade fusion-animated\" data-animationType=\"fadeIn\" data-animationDuration=\"0.25\" data-animationOffset=\"top-into-view\"><div class=\"heading heading-with-icon icon-left\" style=\"margin-top:11px;\"><div class=\"icon\" style=\"margin-top:-11px;margin-bottom:-11px;-webkit-animation-duration: 350ms;animation-duration: 350ms;\"><span style=\"height:48px;width:48px;line-height:24px;border-color:var(--awb-color4);border-width:1px;border-style:solid;background-color:var(--awb-color4);margin-right:20px;box-sizing:content-box;border-radius:100%;\"><i style=\"border-color:#282828;border-width:0px;background-color:var(--awb-color4);box-sizing:content-box;height:48px;width:48px;line-height:48px;border-radius:100%;position:relative;top:auto;left:auto;margin:0;border-radius:100%;font-size:24px;\" aria-hidden=\"true\" class=\"fontawesome-icon fa-utensils fas circle-yes\"><\/i><\/span><\/div><h3 class=\"content-box-heading\" style=\"--h3_typography-font-size:28px;line-height:33px;\">Lebensmittelspenden f\u00fcr Personen in einer Lage der sozialen Verletzlichkeit<\/h3><\/div><div class=\"fusion-clearfix\"><\/div><div class=\"content-container\">\n<p>Wir arbeiten aktiv mit Einrichtungen wie Rotes Kreuz, Caritas, Casa Caridad und Tafeln zusammen und spenden Produkte.<\/p>\n<p><img decoding=\"async\" class=\"alignnone wp-image-1289 size-thumbnail\" src=\"https:\/\/www.costabravafoods.com\/wp-content\/uploads\/2025\/04\/tdsRQGYo_400x400-150x150.jpg\" alt=\"\" width=\"150\" height=\"150\" data-mce-src=\"https:\/\/www.costabravafoods.com\/wp-content\/uploads\/2025\/04\/tdsRQGYo_400x400-150x150.jpg\" srcset=\"https:\/\/www.costabravafoods.com\/wp-content\/uploads\/2025\/04\/tdsRQGYo_400x400-66x66.jpg 66w, https:\/\/www.costabravafoods.com\/wp-content\/uploads\/2025\/04\/tdsRQGYo_400x400-150x150.jpg 150w, https:\/\/www.costabravafoods.com\/wp-content\/uploads\/2025\/04\/tdsRQGYo_400x400-200x200.jpg 200w, https:\/\/www.costabravafoods.com\/wp-content\/uploads\/2025\/04\/tdsRQGYo_400x400-300x300.jpg 300w, https:\/\/www.costabravafoods.com\/wp-content\/uploads\/2025\/04\/tdsRQGYo_400x400.jpg 400w\" sizes=\"(max-width: 150px) 100vw, 150px\" \/> <img decoding=\"async\" class=\"alignnone wp-image-1288 size-thumbnail\" src=\"https:\/\/www.costabravafoods.com\/wp-content\/uploads\/2025\/04\/294_Asociacion_Valenciana_de_Caridad_-_Casa_Caridad_Valencia_2021_ong-info_contact-data_Casa-Caridad-web-baja_1617027421067-150x150.jpg\" alt=\"\" width=\"150\" height=\"150\" data-mce-src=\"https:\/\/www.costabravafoods.com\/wp-content\/uploads\/2025\/04\/294_Asociacion_Valenciana_de_Caridad_-_Casa_Caridad_Valencia_2021_ong-info_contact-data_Casa-Caridad-web-baja_1617027421067-150x150.jpg\" srcset=\"https:\/\/www.costabravafoods.com\/wp-content\/uploads\/2025\/04\/294_Asociacion_Valenciana_de_Caridad_-_Casa_Caridad_Valencia_2021_ong-info_contact-data_Casa-Caridad-web-baja_1617027421067-66x66.jpg 66w, https:\/\/www.costabravafoods.com\/wp-content\/uploads\/2025\/04\/294_Asociacion_Valenciana_de_Caridad_-_Casa_Caridad_Valencia_2021_ong-info_contact-data_Casa-Caridad-web-baja_1617027421067-150x150.jpg 150w, https:\/\/www.costabravafoods.com\/wp-content\/uploads\/2025\/04\/294_Asociacion_Valenciana_de_Caridad_-_Casa_Caridad_Valencia_2021_ong-info_contact-data_Casa-Caridad-web-baja_1617027421067-200x200.jpg 200w, https:\/\/www.costabravafoods.com\/wp-content\/uploads\/2025\/04\/294_Asociacion_Valenciana_de_Caridad_-_Casa_Caridad_Valencia_2021_ong-info_contact-data_Casa-Caridad-web-baja_1617027421067.jpg 300w\" sizes=\"(max-width: 150px) 100vw, 150px\" \/> <img decoding=\"async\" class=\"alignnone size-thumbnail wp-image-1446\" src=\"https:\/\/www.costabravafoods.com\/wp-content\/uploads\/2025\/04\/caritas-150x150.jpg\" alt=\"\" width=\"150\" height=\"150\" data-mce-src=\"https:\/\/www.costabravafoods.com\/wp-content\/uploads\/2025\/04\/caritas-150x150.jpg\" srcset=\"https:\/\/www.costabravafoods.com\/wp-content\/uploads\/2025\/04\/caritas-66x66.jpg 66w, https:\/\/www.costabravafoods.com\/wp-content\/uploads\/2025\/04\/caritas-150x150.jpg 150w, https:\/\/www.costabravafoods.com\/wp-content\/uploads\/2025\/04\/caritas-200x200.jpg 200w, https:\/\/www.costabravafoods.com\/wp-content\/uploads\/2025\/04\/caritas.jpg 260w\" sizes=\"(max-width: 150px) 100vw, 150px\" \/> <img decoding=\"async\" class=\"alignnone size-thumbnail wp-image-1865\" src=\"https:\/\/www.costabravafoods.com\/wp-content\/uploads\/2025\/04\/bancaliments-150x150.jpg\" alt=\"\" width=\"150\" height=\"150\" data-mce-src=\"https:\/\/www.costabravafoods.com\/wp-content\/uploads\/2025\/04\/bancaliments-150x150.jpg\" srcset=\"https:\/\/www.costabravafoods.com\/wp-content\/uploads\/2025\/04\/bancaliments-66x66.jpg 66w, https:\/\/www.costabravafoods.com\/wp-content\/uploads\/2025\/04\/bancaliments-150x150.jpg 150w, https:\/\/www.costabravafoods.com\/wp-content\/uploads\/2025\/04\/bancaliments-200x200.jpg 200w, https:\/\/www.costabravafoods.com\/wp-content\/uploads\/2025\/04\/bancaliments.jpg 260w\" sizes=\"(max-width: 150px) 100vw, 150px\" \/><\/p>\n<\/div><div class=\"content-box-shortcode-timeline-vertical\" style=\"border-color:var(--awb-color4);left:75px;top:60px;-webkit-transition-duration: 350ms;animation-duration: 350ms;\"><\/div><\/div><\/div><div style=\"--awb-backgroundcolor:#f1f4f6;--awb-iconcolor:#ffffff;--awb-content-padding-left:70px;\" class=\"fusion-column content-box-column content-box-column content-box-column-3 col-lg-12 col-md-12 col-sm-12 fusion-content-box-hover content-box-column-last-in-row\"><div class=\"col content-box-wrapper content-wrapper-background link-area-link-icon content-icon-wrapper-yes icon-hover-animation-fade fusion-animated\" data-animationType=\"fadeIn\" data-animationDuration=\"0.25\" data-animationOffset=\"top-into-view\"><div class=\"heading heading-with-icon icon-left\" style=\"margin-top:11px;\"><div class=\"icon\" style=\"margin-top:-11px;margin-bottom:-11px;-webkit-animation-duration: 350ms;animation-duration: 350ms;\"><span style=\"height:48px;width:48px;line-height:24px;border-color:var(--awb-color4);border-width:1px;border-style:solid;background-color:var(--awb-color4);margin-right:20px;box-sizing:content-box;border-radius:100%;\"><i style=\"border-color:#282828;border-width:0px;background-color:var(--awb-color4);box-sizing:content-box;height:48px;width:48px;line-height:48px;border-radius:100%;position:relative;top:auto;left:auto;margin:0;border-radius:100%;font-size:24px;\" aria-hidden=\"true\" class=\"fontawesome-icon fa-users fas circle-yes\"><\/i><\/span><\/div><h3 class=\"content-box-heading\" style=\"--h3_typography-font-size:28px;line-height:33px;\">Unterst\u00fctzung der arbeitsrechtlichen Inklusion von Personen mit psychischer Behinderung und funktioneller Diversit\u00e4t.<\/h3><\/div><div class=\"fusion-clearfix\"><\/div><div class=\"content-container\">\n<p>So arbeiten beispielsweise in Zusammenarbeit mit der Stiftung \u201eFundaci\u00f3 Astrid 21\u201c seit \u00fcber f\u00fcnf Jahren zwei betroffene Personen in unseren Betriebsst\u00e4tten in Riudellots und Vilamalla.<\/p>\n<p><img decoding=\"async\" class=\"alignnone wp-image-1284 size-thumbnail\" src=\"https:\/\/www.costabravafoods.com\/wp-content\/uploads\/2025\/04\/images-150x150.png\" alt=\"\" width=\"150\" height=\"150\" data-mce-src=\"https:\/\/www.costabravafoods.com\/wp-content\/uploads\/2025\/04\/images-150x150.png\" srcset=\"https:\/\/www.costabravafoods.com\/wp-content\/uploads\/2025\/04\/images-66x66.png 66w, https:\/\/www.costabravafoods.com\/wp-content\/uploads\/2025\/04\/images-150x150.png 150w, https:\/\/www.costabravafoods.com\/wp-content\/uploads\/2025\/04\/images-200x200.png 200w, https:\/\/www.costabravafoods.com\/wp-content\/uploads\/2025\/04\/images.png 225w\" sizes=\"(max-width: 150px) 100vw, 150px\" \/><\/p>\n<\/div><div class=\"content-box-shortcode-timeline-vertical\" style=\"border-color:var(--awb-color4);left:75px;top:60px;-webkit-transition-duration: 350ms;animation-duration: 350ms;\"><\/div><\/div><\/div><div style=\"--awb-backgroundcolor:#f1f4f6;--awb-iconcolor:#ffffff;--awb-content-padding-left:70px;\" class=\"fusion-column content-box-column content-box-column content-box-column-4 col-lg-12 col-md-12 col-sm-12 fusion-content-box-hover content-box-column-last content-box-column-last-in-row\"><div class=\"col content-box-wrapper content-wrapper-background link-area-link-icon content-icon-wrapper-yes icon-hover-animation-fade fusion-animated\" data-animationType=\"fadeIn\" data-animationDuration=\"0.25\" data-animationOffset=\"top-into-view\"><div class=\"heading heading-with-icon icon-left\" style=\"margin-top:11px;\"><div class=\"icon\" style=\"margin-top:-11px;margin-bottom:-11px;-webkit-animation-duration: 350ms;animation-duration: 350ms;\"><span style=\"height:48px;width:48px;line-height:24px;border-color:var(--awb-color4);border-width:1px;border-style:solid;background-color:var(--awb-color4);margin-right:20px;box-sizing:content-box;border-radius:100%;\"><i style=\"border-color:#282828;border-width:0px;background-color:var(--awb-color4);box-sizing:content-box;height:48px;width:48px;line-height:48px;border-radius:100%;position:relative;top:auto;left:auto;margin:0;border-radius:100%;font-size:24px;\" aria-hidden=\"true\" class=\"fontawesome-icon fa-basketball-ball fas circle-yes\"><\/i><\/span><\/div><h3 class=\"content-box-heading\" style=\"--h3_typography-font-size:28px;line-height:33px;\">Unterst\u00fctzung der Inklusion von k\u00f6rperbehinderten Personen \u00fcber Sport und Sensibilisierung.<\/h3><\/div><div class=\"fusion-clearfix\"><\/div><div class=\"content-container\">\n<p>Hand in Hand mit dem Basketballverein \u201eB\u00e0squet Girona\u201c und der Stiftung \u201eFundaci\u00f3 Mifas\u201c unterst\u00fctzen wir die soziale Inklusion von k\u00f6rperbehinderten Personen. Bei \u201eB\u00e0squet Girona\u201c sind wir seit 2024 der offizielle Sponsor des Rollstuhl-Teams. Mit der Stiftung \u201eFundaci\u00f3 Mifas\u201c arbeiten wir bei der finanziellen Unterst\u00fctzung von Sensibilisierungsveranstaltungen zusammen, die in schulischen Einrichtungen in den Ortschaften in Katalonien stattfinden, wo wir unsere Produktionsst\u00e4tten haben, um so die soziale Inklusion dieses Kollektivs zu f\u00f6rdern (seit 2024).<\/p>\n<p><img decoding=\"async\" class=\"alignnone size-thumbnail wp-image-1447\" src=\"https:\/\/www.costabravafoods.com\/wp-content\/uploads\/2025\/04\/basquet-150x150.jpg\" alt=\"\" width=\"150\" height=\"150\" data-mce-src=\"https:\/\/www.costabravafoods.com\/wp-content\/uploads\/2025\/04\/basquet-150x150.jpg\" srcset=\"https:\/\/www.costabravafoods.com\/wp-content\/uploads\/2025\/04\/basquet-66x66.jpg 66w, https:\/\/www.costabravafoods.com\/wp-content\/uploads\/2025\/04\/basquet-150x150.jpg 150w, https:\/\/www.costabravafoods.com\/wp-content\/uploads\/2025\/04\/basquet-200x200.jpg 200w, https:\/\/www.costabravafoods.com\/wp-content\/uploads\/2025\/04\/basquet.jpg 260w\" sizes=\"(max-width: 150px) 100vw, 150px\" \/> <img decoding=\"async\" class=\"alignnone size-thumbnail wp-image-1448\" src=\"https:\/\/www.costabravafoods.com\/wp-content\/uploads\/2025\/04\/grupmigfas-150x150.jpg\" alt=\"\" width=\"150\" height=\"150\" data-mce-src=\"https:\/\/www.costabravafoods.com\/wp-content\/uploads\/2025\/04\/grupmigfas-150x150.jpg\" srcset=\"https:\/\/www.costabravafoods.com\/wp-content\/uploads\/2025\/04\/grupmigfas-66x66.jpg 66w, https:\/\/www.costabravafoods.com\/wp-content\/uploads\/2025\/04\/grupmigfas-150x150.jpg 150w, https:\/\/www.costabravafoods.com\/wp-content\/uploads\/2025\/04\/grupmigfas-200x200.jpg 200w, https:\/\/www.costabravafoods.com\/wp-content\/uploads\/2025\/04\/grupmigfas.jpg 260w\" sizes=\"(max-width: 150px) 100vw, 150px\" \/> <img decoding=\"async\" class=\"alignnone wp-image-2612 size-full\" src=\"https:\/\/www.costabravafoods.com\/wp-content\/uploads\/2025\/05\/ue_figueras.jpg\" alt=\"\" width=\"150\" height=\"150\" data-mce-src=\"https:\/\/www.costabravafoods.com\/wp-content\/uploads\/2025\/05\/ue_figueras.jpg\" srcset=\"https:\/\/www.costabravafoods.com\/wp-content\/uploads\/2025\/05\/ue_figueras-66x66.jpg 66w, https:\/\/www.costabravafoods.com\/wp-content\/uploads\/2025\/05\/ue_figueras-100x100.jpg 100w, https:\/\/www.costabravafoods.com\/wp-content\/uploads\/2025\/05\/ue_figueras.jpg 150w\" sizes=\"(max-width: 150px) 100vw, 150px\" \/><\/p>\n<\/div><div class=\"content-box-shortcode-timeline-vertical\" style=\"border-color:var(--awb-color4);left:75px;top:60px;-webkit-transition-duration: 350ms;animation-duration: 350ms;\"><\/div><\/div><\/div><div class=\"fusion-clearfix\"><\/div><\/div><\/div><\/div><\/div><\/div><div class=\"fusion-fullwidth fullwidth-box fusion-builder-row-4 fusion-flex-container has-pattern-background has-mask-background nonhundred-percent-fullwidth non-hundred-percent-height-scrolling fusion-no-medium-visibility fusion-no-large-visibility\" style=\"--awb-border-radius-top-left:0px;--awb-border-radius-top-right:0px;--awb-border-radius-bottom-right:0px;--awb-border-radius-bottom-left:0px;--awb-padding-top:50px;--awb-flex-wrap:wrap;\" ><div class=\"fusion-builder-row fusion-row fusion-flex-align-items-flex-start fusion-flex-content-wrap\" style=\"max-width:1248px;margin-left: calc(-4% \/ 2 );margin-right: calc(-4% \/ 2 );\"><div class=\"fusion-layout-column fusion_builder_column fusion-builder-column-11 fusion_builder_column_1_1 1_1 fusion-flex-column fusion-flex-align-self-center\" style=\"--awb-bg-blend:overlay;--awb-bg-size:cover;--awb-width-large:100%;--awb-margin-top-large:0px;--awb-spacing-right-large:-10px;--awb-margin-bottom-large:40px;--awb-spacing-left-large:-10px;--awb-width-medium:100%;--awb-order-medium:0;--awb-spacing-right-medium:-10px;--awb-spacing-left-medium:-10px;--awb-width-small:100%;--awb-order-small:0;--awb-spacing-right-small:1.92%;--awb-spacing-left-small:1.92%;\" data-scroll-devices=\"small-visibility,medium-visibility,large-visibility\"><div class=\"fusion-column-wrapper fusion-column-has-shadow fusion-flex-justify-content-center fusion-content-layout-column\"><div class=\"fusion-title title fusion-title-4 fusion-sep-none fusion-title-text fusion-title-size-one\" style=\"--awb-text-color:#051d30;--awb-margin-top-small:10px;--awb-margin-right-small:0px;--awb-margin-bottom-small:10px;--awb-margin-left-small:0px;--awb-sep-color:#a08e33;--awb-font-size:28px;\"><h1 class=\"fusion-title-heading title-heading-left\" style=\"font-family:&quot;Noto Sans Bold&quot;;font-style:normal;font-weight:400;margin:0;letter-spacing:0.5px;font-size:1em;\"><div style=\"margin: 0px 20px;\" data-mce-style=\"margin: 0px 20px;\">1. Inklusion und soziale Entwicklung<\/div><\/h1><\/div><div class=\"fusion-separator fusion-full-width-sep\" style=\"align-self: center;margin-left: auto;margin-right: auto;width:100%;\"><div class=\"fusion-separator-border sep-single sep-solid\" style=\"--awb-height:20px;--awb-amount:20px;--awb-sep-color:var(--awb-color4);border-color:var(--awb-color4);border-top-width:1px;\"><\/div><\/div><\/div><\/div><div class=\"fusion-layout-column fusion_builder_column fusion-builder-column-12 fusion_builder_column_1_1 1_1 fusion-flex-column\" style=\"--awb-bg-blend:overlay;--awb-bg-size:cover;--awb-width-large:100%;--awb-margin-top-large:0px;--awb-spacing-right-large:1.92%;--awb-margin-bottom-large:0px;--awb-spacing-left-large:1.92%;--awb-width-medium:100%;--awb-order-medium:0;--awb-spacing-right-medium:1.92%;--awb-spacing-left-medium:1.92%;--awb-width-small:100%;--awb-order-small:0;--awb-spacing-right-small:1.92%;--awb-spacing-left-small:1.92%;\" data-scroll-devices=\"small-visibility,medium-visibility,large-visibility\"><div class=\"fusion-column-wrapper fusion-column-has-shadow fusion-flex-justify-content-flex-start fusion-content-layout-column\"><div class=\"fusion-text fusion-text-4 fusion-animated fusion-text-no-margin\" style=\"--awb-font-size:17px;--awb-line-height:24px;--awb-margin-bottom:80px;--awb-text-font-family:&quot;Noto Sans Light&quot;;--awb-text-font-style:normal;--awb-text-font-weight:400;\" data-animationType=\"fadeInUp\" data-animationDuration=\"0.3\" data-animationOffset=\"top-into-view\"><p style=\"text-align: left;\" data-mce-style=\"text-align: left;\">Bei Costa Brava Mediterranean Foods unterst\u00fctzen wir Initiativen zur F\u00f6rderung der Inklusion und der sozialen Entwicklung, um so das Wohlergehen der Menschen sicherzustellen. \u00dcber Programme f\u00fcr inklusive Besch\u00e4ftigung, Ausbildung und Sport arbeiten wir in Zusammenarbeit mit sozialen Rechtstr\u00e4gern daran, Chancen zu schaffen und eine inklusivere und solidarischere Gesellschaft zu schaffen.<\/p>\n<\/div><\/div><\/div><div class=\"fusion-layout-column fusion_builder_column fusion-builder-column-13 fusion_builder_column_1_1 1_1 fusion-flex-column\" style=\"--awb-padding-top:0px;--awb-padding-right:25px;--awb-bg-size:cover;--awb-width-large:100%;--awb-margin-top-large:-20px;--awb-spacing-right-large:1.92%;--awb-margin-bottom-large:20px;--awb-spacing-left-large:1.92%;--awb-width-medium:100%;--awb-order-medium:0;--awb-spacing-right-medium:1.92%;--awb-spacing-left-medium:1.92%;--awb-width-small:100%;--awb-order-small:0;--awb-spacing-right-small:1.92%;--awb-spacing-left-small:1.92%;\" data-scroll-devices=\"small-visibility,medium-visibility,large-visibility\"><div class=\"fusion-column-wrapper fusion-column-has-shadow fusion-flex-justify-content-flex-start fusion-content-layout-column\"><div class=\"fusion-content-boxes content-boxes columns row fusion-columns-1 fusion-columns-total-4 fusion-content-boxes-2 content-boxes-timeline-vertical content-left content-boxes-timeline-layout content-boxes-icon-with-title fusion-delayed-animation\" style=\"--awb-backgroundcolor:#f1f4f6;--awb-body-color:#727279;--awb-title-color:#1d1d1f;--awb-iconcolor:#ffffff;--awb-hover-accent-color:#1d1d1f;--awb-circle-hover-accent-color:#1d1d1f;--awb-item-margin-bottom:40px;\" data-animation-delay=\"350\" data-animationOffset=\"top-into-view\"><div style=\"--awb-backgroundcolor:#f1f4f6;--awb-iconcolor:#ffffff;--awb-content-padding-left:70px;\" class=\"fusion-column content-box-column content-box-column content-box-column-1 col-lg-12 col-md-12 col-sm-12 fusion-content-box-hover content-box-column-last-in-row\"><div class=\"col content-box-wrapper content-wrapper-background link-area-link-icon content-icon-wrapper-yes icon-hover-animation-fade fusion-animated\" data-animationType=\"fadeIn\" data-animationDuration=\"0.25\" data-animationOffset=\"top-into-view\"><div class=\"heading heading-with-icon icon-left\" style=\"margin-top:14px;\"><div class=\"icon\" style=\"margin-top:-14px;margin-bottom:-14px;-webkit-animation-duration: 350ms;animation-duration: 350ms;\"><span style=\"height:48px;width:48px;line-height:24px;border-color:var(--awb-color4);border-width:1px;border-style:solid;background-color:var(--awb-color4);margin-right:20px;box-sizing:content-box;border-radius:100%;\"><i style=\"border-color:#282828;border-width:0px;background-color:var(--awb-color4);box-sizing:content-box;height:48px;width:48px;line-height:48px;border-radius:100%;position:relative;top:auto;left:auto;margin:0;border-radius:100%;font-size:24px;\" aria-hidden=\"true\" class=\"fontawesome-icon fa-leaf fas circle-yes\"><\/i><\/span><\/div><h3 class=\"content-box-heading\" style=\"--h3_typography-font-size:22px;line-height:27px;\">Schutz nat\u00fcrlicher Zonen von hohem Umweltwert und reicher Biodiversit\u00e4t.<\/h3><\/div><div class=\"fusion-clearfix\"><\/div><div class=\"content-container\">\n<p>Wir unterst\u00fctzen zusammen mit unseren Produktionsst\u00e4tten f\u00fcr Wurstwaren und Schinken (S\u00e8lvans) den Erhalt des Vulkans Can Ti\u00e0 (im Landkreis Garrotxa).<\/p>\n<p><img decoding=\"async\" class=\"alignnone wp-image-1864 size-thumbnail\" src=\"https:\/\/www.costabravafoods.com\/wp-content\/uploads\/2025\/04\/selvans-1-150x150.jpg\" alt=\"\" width=\"150\" height=\"150\" data-mce-src=\"https:\/\/www.costabravafoods.com\/wp-content\/uploads\/2025\/04\/selvans-1-150x150.jpg\" srcset=\"https:\/\/www.costabravafoods.com\/wp-content\/uploads\/2025\/04\/selvans-1-66x66.jpg 66w, https:\/\/www.costabravafoods.com\/wp-content\/uploads\/2025\/04\/selvans-1-150x150.jpg 150w, https:\/\/www.costabravafoods.com\/wp-content\/uploads\/2025\/04\/selvans-1-200x200.jpg 200w, https:\/\/www.costabravafoods.com\/wp-content\/uploads\/2025\/04\/selvans-1.jpg 260w\" sizes=\"(max-width: 150px) 100vw, 150px\" \/><\/p>\n<\/div><div class=\"content-box-shortcode-timeline-vertical\" style=\"border-color:var(--awb-color4);left:75px;top:60px;-webkit-transition-duration: 350ms;animation-duration: 350ms;\"><\/div><\/div><\/div><div style=\"--awb-backgroundcolor:#f1f4f6;--awb-iconcolor:#ffffff;--awb-content-padding-left:70px;\" class=\"fusion-column content-box-column content-box-column content-box-column-2 col-lg-12 col-md-12 col-sm-12 fusion-content-box-hover content-box-column-last-in-row\"><div class=\"col content-box-wrapper content-wrapper-background link-area-link-icon content-icon-wrapper-yes icon-hover-animation-fade fusion-animated\" data-animationType=\"fadeIn\" data-animationDuration=\"0.25\" data-animationOffset=\"top-into-view\"><div class=\"heading heading-with-icon icon-left\" style=\"margin-top:14px;\"><div class=\"icon\" style=\"margin-top:-14px;margin-bottom:-14px;-webkit-animation-duration: 350ms;animation-duration: 350ms;\"><span style=\"height:48px;width:48px;line-height:24px;border-color:var(--awb-color4);border-width:1px;border-style:solid;background-color:var(--awb-color4);margin-right:20px;box-sizing:content-box;border-radius:100%;\"><i style=\"border-color:#282828;border-width:0px;background-color:var(--awb-color4);box-sizing:content-box;height:48px;width:48px;line-height:48px;border-radius:100%;position:relative;top:auto;left:auto;margin:0;border-radius:100%;font-size:24px;\" aria-hidden=\"true\" class=\"fontawesome-icon fa-utensils fas circle-yes\"><\/i><\/span><\/div><h3 class=\"content-box-heading\" style=\"--h3_typography-font-size:22px;line-height:27px;\">Lebensmittelspenden f\u00fcr Personen in einer Lage der sozialen Verletzlichkeit<\/h3><\/div><div class=\"fusion-clearfix\"><\/div><div class=\"content-container\">\n<p>Wir arbeiten aktiv mit Einrichtungen wie Rotes Kreuz, Caritas, Casa Caridad und Tafeln zusammen und spenden Produkte.<\/p>\n<p><img decoding=\"async\" class=\"alignnone wp-image-1289 size-thumbnail\" src=\"https:\/\/www.costabravafoods.com\/wp-content\/uploads\/2025\/04\/tdsRQGYo_400x400-150x150.jpg\" alt=\"\" width=\"150\" height=\"150\" data-mce-src=\"https:\/\/www.costabravafoods.com\/wp-content\/uploads\/2025\/04\/tdsRQGYo_400x400-150x150.jpg\" srcset=\"https:\/\/www.costabravafoods.com\/wp-content\/uploads\/2025\/04\/tdsRQGYo_400x400-66x66.jpg 66w, https:\/\/www.costabravafoods.com\/wp-content\/uploads\/2025\/04\/tdsRQGYo_400x400-150x150.jpg 150w, https:\/\/www.costabravafoods.com\/wp-content\/uploads\/2025\/04\/tdsRQGYo_400x400-200x200.jpg 200w, https:\/\/www.costabravafoods.com\/wp-content\/uploads\/2025\/04\/tdsRQGYo_400x400-300x300.jpg 300w, https:\/\/www.costabravafoods.com\/wp-content\/uploads\/2025\/04\/tdsRQGYo_400x400.jpg 400w\" sizes=\"(max-width: 150px) 100vw, 150px\" \/> <img decoding=\"async\" class=\"alignnone wp-image-1288 size-thumbnail\" src=\"https:\/\/www.costabravafoods.com\/wp-content\/uploads\/2025\/04\/294_Asociacion_Valenciana_de_Caridad_-_Casa_Caridad_Valencia_2021_ong-info_contact-data_Casa-Caridad-web-baja_1617027421067-150x150.jpg\" alt=\"\" width=\"150\" height=\"150\" data-mce-src=\"https:\/\/www.costabravafoods.com\/wp-content\/uploads\/2025\/04\/294_Asociacion_Valenciana_de_Caridad_-_Casa_Caridad_Valencia_2021_ong-info_contact-data_Casa-Caridad-web-baja_1617027421067-150x150.jpg\" srcset=\"https:\/\/www.costabravafoods.com\/wp-content\/uploads\/2025\/04\/294_Asociacion_Valenciana_de_Caridad_-_Casa_Caridad_Valencia_2021_ong-info_contact-data_Casa-Caridad-web-baja_1617027421067-66x66.jpg 66w, https:\/\/www.costabravafoods.com\/wp-content\/uploads\/2025\/04\/294_Asociacion_Valenciana_de_Caridad_-_Casa_Caridad_Valencia_2021_ong-info_contact-data_Casa-Caridad-web-baja_1617027421067-150x150.jpg 150w, https:\/\/www.costabravafoods.com\/wp-content\/uploads\/2025\/04\/294_Asociacion_Valenciana_de_Caridad_-_Casa_Caridad_Valencia_2021_ong-info_contact-data_Casa-Caridad-web-baja_1617027421067-200x200.jpg 200w, https:\/\/www.costabravafoods.com\/wp-content\/uploads\/2025\/04\/294_Asociacion_Valenciana_de_Caridad_-_Casa_Caridad_Valencia_2021_ong-info_contact-data_Casa-Caridad-web-baja_1617027421067.jpg 300w\" sizes=\"(max-width: 150px) 100vw, 150px\" \/> <img decoding=\"async\" class=\"alignnone size-thumbnail wp-image-1446\" src=\"https:\/\/www.costabravafoods.com\/wp-content\/uploads\/2025\/04\/caritas-150x150.jpg\" alt=\"\" width=\"150\" height=\"150\" data-mce-src=\"https:\/\/www.costabravafoods.com\/wp-content\/uploads\/2025\/04\/caritas-150x150.jpg\" srcset=\"https:\/\/www.costabravafoods.com\/wp-content\/uploads\/2025\/04\/caritas-66x66.jpg 66w, https:\/\/www.costabravafoods.com\/wp-content\/uploads\/2025\/04\/caritas-150x150.jpg 150w, https:\/\/www.costabravafoods.com\/wp-content\/uploads\/2025\/04\/caritas-200x200.jpg 200w, https:\/\/www.costabravafoods.com\/wp-content\/uploads\/2025\/04\/caritas.jpg 260w\" sizes=\"(max-width: 150px) 100vw, 150px\" \/> <img decoding=\"async\" class=\"alignnone size-thumbnail wp-image-1865\" src=\"https:\/\/www.costabravafoods.com\/wp-content\/uploads\/2025\/04\/bancaliments-150x150.jpg\" alt=\"\" width=\"150\" height=\"150\" data-mce-src=\"https:\/\/www.costabravafoods.com\/wp-content\/uploads\/2025\/04\/bancaliments-150x150.jpg\" srcset=\"https:\/\/www.costabravafoods.com\/wp-content\/uploads\/2025\/04\/bancaliments-66x66.jpg 66w, https:\/\/www.costabravafoods.com\/wp-content\/uploads\/2025\/04\/bancaliments-150x150.jpg 150w, https:\/\/www.costabravafoods.com\/wp-content\/uploads\/2025\/04\/bancaliments-200x200.jpg 200w, https:\/\/www.costabravafoods.com\/wp-content\/uploads\/2025\/04\/bancaliments.jpg 260w\" sizes=\"(max-width: 150px) 100vw, 150px\" \/><\/p>\n<\/div><div class=\"content-box-shortcode-timeline-vertical\" style=\"border-color:var(--awb-color4);left:75px;top:60px;-webkit-transition-duration: 350ms;animation-duration: 350ms;\"><\/div><\/div><\/div><div style=\"--awb-backgroundcolor:#f1f4f6;--awb-iconcolor:#ffffff;--awb-content-padding-left:70px;\" class=\"fusion-column content-box-column content-box-column content-box-column-3 col-lg-12 col-md-12 col-sm-12 fusion-content-box-hover content-box-column-last-in-row\"><div class=\"col content-box-wrapper content-wrapper-background link-area-link-icon content-icon-wrapper-yes icon-hover-animation-fade fusion-animated\" data-animationType=\"fadeIn\" data-animationDuration=\"0.25\" data-animationOffset=\"top-into-view\"><div class=\"heading heading-with-icon icon-left\" style=\"margin-top:14px;\"><div class=\"icon\" style=\"margin-top:-14px;margin-bottom:-14px;-webkit-animation-duration: 350ms;animation-duration: 350ms;\"><span style=\"height:48px;width:48px;line-height:24px;border-color:var(--awb-color4);border-width:1px;border-style:solid;background-color:var(--awb-color4);margin-right:20px;box-sizing:content-box;border-radius:100%;\"><i style=\"border-color:#282828;border-width:0px;background-color:var(--awb-color4);box-sizing:content-box;height:48px;width:48px;line-height:48px;border-radius:100%;position:relative;top:auto;left:auto;margin:0;border-radius:100%;font-size:24px;\" aria-hidden=\"true\" class=\"fontawesome-icon fa-users fas circle-yes\"><\/i><\/span><\/div><h3 class=\"content-box-heading\" style=\"--h3_typography-font-size:22px;line-height:27px;\">Unterst\u00fctzung der arbeitsrechtlichen Inklusion von Personen mit psychischer Behinderung und funktioneller Diversit\u00e4t.<\/h3><\/div><div class=\"fusion-clearfix\"><\/div><div class=\"content-container\">\n<p>So arbeiten beispielsweise in Zusammenarbeit mit der Stiftung \u201eFundaci\u00f3 Astrid 21\u201c seit \u00fcber f\u00fcnf Jahren zwei betroffene Personen in unseren Betriebsst\u00e4tten in Riudellots und Vilamalla.<\/p>\n<p><img decoding=\"async\" class=\"alignnone wp-image-1284 size-thumbnail\" src=\"https:\/\/www.costabravafoods.com\/wp-content\/uploads\/2025\/04\/images-150x150.png\" alt=\"\" width=\"150\" height=\"150\" data-mce-src=\"https:\/\/www.costabravafoods.com\/wp-content\/uploads\/2025\/04\/images-150x150.png\" srcset=\"https:\/\/www.costabravafoods.com\/wp-content\/uploads\/2025\/04\/images-66x66.png 66w, https:\/\/www.costabravafoods.com\/wp-content\/uploads\/2025\/04\/images-150x150.png 150w, https:\/\/www.costabravafoods.com\/wp-content\/uploads\/2025\/04\/images-200x200.png 200w, https:\/\/www.costabravafoods.com\/wp-content\/uploads\/2025\/04\/images.png 225w\" sizes=\"(max-width: 150px) 100vw, 150px\" \/><\/p>\n<\/div><div class=\"content-box-shortcode-timeline-vertical\" style=\"border-color:var(--awb-color4);left:75px;top:60px;-webkit-transition-duration: 350ms;animation-duration: 350ms;\"><\/div><\/div><\/div><div style=\"--awb-backgroundcolor:#f1f4f6;--awb-iconcolor:#ffffff;--awb-content-padding-left:70px;\" class=\"fusion-column content-box-column content-box-column content-box-column-4 col-lg-12 col-md-12 col-sm-12 fusion-content-box-hover content-box-column-last content-box-column-last-in-row\"><div class=\"col content-box-wrapper content-wrapper-background link-area-link-icon content-icon-wrapper-yes icon-hover-animation-fade fusion-animated\" data-animationType=\"fadeIn\" data-animationDuration=\"0.25\" data-animationOffset=\"top-into-view\"><div class=\"heading heading-with-icon icon-left\" style=\"margin-top:14px;\"><div class=\"icon\" style=\"margin-top:-14px;margin-bottom:-14px;-webkit-animation-duration: 350ms;animation-duration: 350ms;\"><span style=\"height:48px;width:48px;line-height:24px;border-color:var(--awb-color4);border-width:1px;border-style:solid;background-color:var(--awb-color4);margin-right:20px;box-sizing:content-box;border-radius:100%;\"><i style=\"border-color:#282828;border-width:0px;background-color:var(--awb-color4);box-sizing:content-box;height:48px;width:48px;line-height:48px;border-radius:100%;position:relative;top:auto;left:auto;margin:0;border-radius:100%;font-size:24px;\" aria-hidden=\"true\" class=\"fontawesome-icon fa-basketball-ball fas circle-yes\"><\/i><\/span><\/div><h3 class=\"content-box-heading\" style=\"--h3_typography-font-size:22px;line-height:27px;\">Unterst\u00fctzung der Inklusion von k\u00f6rperbehinderten Personen \u00fcber Sport und Sensibilisierung.<\/h3><\/div><div class=\"fusion-clearfix\"><\/div><div class=\"content-container\">\n<p>Hand in Hand mit dem Basketballverein \u201eB\u00e0squet Girona\u201c und der Stiftung \u201eFundaci\u00f3 Mifas\u201c unterst\u00fctzen wir die soziale Inklusion von k\u00f6rperbehinderten Personen. Bei \u201eB\u00e0squet Girona\u201c sind wir seit 2024 der offizielle Sponsor des Rollstuhl-Teams. Mit der Stiftung \u201eFundaci\u00f3 Mifas\u201c arbeiten wir bei der finanziellen Unterst\u00fctzung von Sensibilisierungsveranstaltungen zusammen, die in schulischen Einrichtungen in den Ortschaften in Katalonien stattfinden, wo wir unsere Produktionsst\u00e4tten haben, um so die soziale Inklusion dieses Kollektivs zu f\u00f6rdern (seit 2024).<\/p>\n<p><img decoding=\"async\" class=\"alignnone size-thumbnail wp-image-1447\" src=\"https:\/\/www.costabravafoods.com\/wp-content\/uploads\/2025\/04\/basquet-150x150.jpg\" alt=\"\" width=\"150\" height=\"150\" data-mce-src=\"https:\/\/www.costabravafoods.com\/wp-content\/uploads\/2025\/04\/basquet-150x150.jpg\" srcset=\"https:\/\/www.costabravafoods.com\/wp-content\/uploads\/2025\/04\/basquet-66x66.jpg 66w, https:\/\/www.costabravafoods.com\/wp-content\/uploads\/2025\/04\/basquet-150x150.jpg 150w, https:\/\/www.costabravafoods.com\/wp-content\/uploads\/2025\/04\/basquet-200x200.jpg 200w, https:\/\/www.costabravafoods.com\/wp-content\/uploads\/2025\/04\/basquet.jpg 260w\" sizes=\"(max-width: 150px) 100vw, 150px\" \/> <img decoding=\"async\" class=\"alignnone size-thumbnail wp-image-1448\" src=\"https:\/\/www.costabravafoods.com\/wp-content\/uploads\/2025\/04\/grupmigfas-150x150.jpg\" alt=\"\" width=\"150\" height=\"150\" data-mce-src=\"https:\/\/www.costabravafoods.com\/wp-content\/uploads\/2025\/04\/grupmigfas-150x150.jpg\" srcset=\"https:\/\/www.costabravafoods.com\/wp-content\/uploads\/2025\/04\/grupmigfas-66x66.jpg 66w, https:\/\/www.costabravafoods.com\/wp-content\/uploads\/2025\/04\/grupmigfas-150x150.jpg 150w, https:\/\/www.costabravafoods.com\/wp-content\/uploads\/2025\/04\/grupmigfas-200x200.jpg 200w, https:\/\/www.costabravafoods.com\/wp-content\/uploads\/2025\/04\/grupmigfas.jpg 260w\" sizes=\"(max-width: 150px) 100vw, 150px\" \/> <img decoding=\"async\" class=\"alignnone wp-image-2612 size-full\" src=\"https:\/\/www.costabravafoods.com\/wp-content\/uploads\/2025\/05\/ue_figueras.jpg\" alt=\"\" width=\"150\" height=\"150\" data-mce-src=\"https:\/\/www.costabravafoods.com\/wp-content\/uploads\/2025\/05\/ue_figueras.jpg\" srcset=\"https:\/\/www.costabravafoods.com\/wp-content\/uploads\/2025\/05\/ue_figueras-66x66.jpg 66w, https:\/\/www.costabravafoods.com\/wp-content\/uploads\/2025\/05\/ue_figueras-100x100.jpg 100w, https:\/\/www.costabravafoods.com\/wp-content\/uploads\/2025\/05\/ue_figueras.jpg 150w\" sizes=\"(max-width: 150px) 100vw, 150px\" \/><\/p>\n<\/div><div class=\"content-box-shortcode-timeline-vertical\" style=\"border-color:var(--awb-color4);left:75px;top:60px;-webkit-transition-duration: 350ms;animation-duration: 350ms;\"><\/div><\/div><\/div><div class=\"fusion-clearfix\"><\/div><\/div><\/div><\/div><\/div><\/div><div class=\"fusion-fullwidth fullwidth-box fusion-builder-row-5 fusion-flex-container has-pattern-background has-mask-background nonhundred-percent-fullwidth non-hundred-percent-height-scrolling fusion-no-small-visibility\" style=\"--awb-border-radius-top-left:0px;--awb-border-radius-top-right:0px;--awb-border-radius-bottom-right:0px;--awb-border-radius-bottom-left:0px;--awb-padding-top:0px;--awb-flex-wrap:wrap;\" ><div class=\"fusion-builder-row fusion-row fusion-flex-align-items-flex-start fusion-flex-content-wrap\" style=\"max-width:1248px;margin-left: calc(-4% \/ 2 );margin-right: calc(-4% \/ 2 );\"><div class=\"fusion-layout-column fusion_builder_column fusion-builder-column-14 fusion_builder_column_1_1 1_1 fusion-flex-column fusion-flex-align-self-center\" style=\"--awb-bg-blend:overlay;--awb-bg-size:cover;--awb-width-large:100%;--awb-margin-top-large:0px;--awb-spacing-right-large:-10px;--awb-margin-bottom-large:40px;--awb-spacing-left-large:-10px;--awb-width-medium:100%;--awb-order-medium:0;--awb-spacing-right-medium:-10px;--awb-spacing-left-medium:-10px;--awb-width-small:100%;--awb-order-small:0;--awb-spacing-right-small:1.92%;--awb-spacing-left-small:1.92%;\" data-scroll-devices=\"small-visibility,medium-visibility,large-visibility\"><div class=\"fusion-column-wrapper fusion-column-has-shadow fusion-flex-justify-content-center fusion-content-layout-column\"><div class=\"fusion-title title fusion-title-5 fusion-sep-none fusion-title-text fusion-title-size-one\" style=\"--awb-text-color:#051d30;--awb-margin-top-small:10px;--awb-margin-right-small:0px;--awb-margin-bottom-small:10px;--awb-margin-left-small:0px;--awb-sep-color:#a08e33;--awb-font-size:28px;\"><h1 class=\"fusion-title-heading title-heading-left\" style=\"font-family:&quot;Noto Sans Bold&quot;;font-style:normal;font-weight:400;margin:0;letter-spacing:0.5px;font-size:1em;\"><div style=\"margin: 0px 20px;\" data-mce-style=\"margin: 0px 20px;\">2. Ausbildung und Kultur<\/div><\/h1><\/div><div class=\"fusion-separator fusion-full-width-sep\" style=\"align-self: center;margin-left: auto;margin-right: auto;width:100%;\"><div class=\"fusion-separator-border sep-single sep-solid\" style=\"--awb-height:20px;--awb-amount:20px;--awb-sep-color:var(--awb-color4);border-color:var(--awb-color4);border-top-width:1px;\"><\/div><\/div><\/div><\/div><div class=\"fusion-layout-column fusion_builder_column fusion-builder-column-15 fusion_builder_column_1_1 1_1 fusion-flex-column\" style=\"--awb-bg-blend:overlay;--awb-bg-size:cover;--awb-width-large:100%;--awb-margin-top-large:0px;--awb-spacing-right-large:1.92%;--awb-margin-bottom-large:10px;--awb-spacing-left-large:1.92%;--awb-width-medium:100%;--awb-order-medium:0;--awb-spacing-right-medium:1.92%;--awb-spacing-left-medium:1.92%;--awb-width-small:100%;--awb-order-small:0;--awb-spacing-right-small:1.92%;--awb-spacing-left-small:1.92%;\" data-scroll-devices=\"small-visibility,medium-visibility,large-visibility\"><div class=\"fusion-column-wrapper fusion-column-has-shadow fusion-flex-justify-content-flex-start fusion-content-layout-column\"><div class=\"fusion-text fusion-text-5 fusion-animated fusion-text-no-margin\" style=\"--awb-font-size:17px;--awb-line-height:24px;--awb-margin-bottom:80px;--awb-text-font-family:&quot;Noto Sans Light&quot;;--awb-text-font-style:normal;--awb-text-font-weight:400;\" data-animationType=\"fadeInUp\" data-animationDuration=\"0.3\" data-animationOffset=\"top-into-view\"><p style=\"text-align: left;\" data-mce-style=\"text-align: left;\">Bei Costa Brava Mediterranean Foods unterst\u00fctzen wir Initiativen zur F\u00f6rderung der Chancengleichheit in den Bereichen Ausbildung und Kultur, die einen positiven Einfluss auf die neuen Generationen haben sollen.<\/p>\n<\/div><\/div><\/div><div class=\"fusion-layout-column fusion_builder_column fusion-builder-column-16 fusion_builder_column_1_1 1_1 fusion-flex-column\" style=\"--awb-padding-top:0px;--awb-bg-size:cover;--awb-width-large:100%;--awb-margin-top-large:-20px;--awb-spacing-right-large:1.92%;--awb-margin-bottom-large:20px;--awb-spacing-left-large:1.92%;--awb-width-medium:100%;--awb-order-medium:0;--awb-spacing-right-medium:1.92%;--awb-spacing-left-medium:1.92%;--awb-width-small:100%;--awb-order-small:0;--awb-spacing-right-small:1.92%;--awb-spacing-left-small:1.92%;\" data-scroll-devices=\"small-visibility,medium-visibility,large-visibility\"><div class=\"fusion-column-wrapper fusion-column-has-shadow fusion-flex-justify-content-flex-start fusion-content-layout-column\"><div class=\"fusion-content-boxes content-boxes columns row fusion-columns-1 fusion-columns-total-2 fusion-content-boxes-3 content-boxes-timeline-vertical content-left content-boxes-timeline-layout content-boxes-icon-with-title fusion-delayed-animation\" style=\"--awb-backgroundcolor:#f1f4f6;--awb-body-color:#727279;--awb-title-color:#1d1d1f;--awb-iconcolor:#ffffff;--awb-hover-accent-color:#1d1d1f;--awb-circle-hover-accent-color:#1d1d1f;--awb-item-margin-bottom:40px;\" data-animation-delay=\"350\" data-animationOffset=\"top-into-view\"><div style=\"--awb-backgroundcolor:#f1f4f6;--awb-iconcolor:#ffffff;--awb-content-padding-left:70px;\" class=\"fusion-column content-box-column content-box-column content-box-column-1 col-lg-12 col-md-12 col-sm-12 fusion-content-box-hover content-box-column-last-in-row\"><div class=\"col content-box-wrapper content-wrapper-background link-area-link-icon content-icon-wrapper-yes icon-hover-animation-fade fusion-animated\" data-animationType=\"fadeIn\" data-animationDuration=\"0.25\" data-animationOffset=\"top-into-view\"><div class=\"heading heading-with-icon icon-left\" style=\"margin-top:11px;\"><div class=\"icon\" style=\"margin-top:-11px;margin-bottom:-11px;-webkit-animation-duration: 350ms;animation-duration: 350ms;\"><span style=\"height:48px;width:48px;line-height:24px;border-color:var(--awb-color4);border-width:1px;border-style:solid;background-color:var(--awb-color4);margin-right:20px;box-sizing:content-box;border-radius:100%;\"><i style=\"border-color:#282828;border-width:0px;background-color:var(--awb-color4);box-sizing:content-box;height:48px;width:48px;line-height:48px;border-radius:100%;position:relative;top:auto;left:auto;margin:0;border-radius:100%;font-size:24px;\" aria-hidden=\"true\" class=\"fontawesome-icon fa-graduation-cap fas circle-yes\"><\/i><\/span><\/div><h3 class=\"content-box-heading\" style=\"--h3_typography-font-size:28px;line-height:33px;\">Wir geh\u00f6ren zu den Stiftungsaussch\u00fcssen von Einrichtungen wie den Stiftungen \u201eFundaci\u00f3 per la Creatividad\u201c und \u201eFundaci\u00f3 Ciutat Invisible\u201c.<\/h3><\/div><div class=\"fusion-clearfix\"><\/div><div class=\"content-container\">\n<p>Diese entwickeln jeweils kreative und innovative Gewohnheiten bei Kindern und Jugendlichen und f\u00f6rdern kulturelle Projekte, Debatten, Forschungen, Schulungsprogramme und Projekte, um die kulturelle Gleichstellung und die bildende Kapazit\u00e4t in K\u00fcnsten zu beg\u00fcnstigen.<\/p>\n<p><img decoding=\"async\" class=\"alignnone wp-image-1869 size-thumbnail\" src=\"https:\/\/www.costabravafoods.com\/wp-content\/uploads\/2025\/04\/laciutatinvisible-150x150.jpg\" alt=\"\" width=\"150\" height=\"150\" data-mce-src=\"https:\/\/www.costabravafoods.com\/wp-content\/uploads\/2025\/04\/laciutatinvisible-150x150.jpg\" srcset=\"https:\/\/www.costabravafoods.com\/wp-content\/uploads\/2025\/04\/laciutatinvisible-66x66.jpg 66w, https:\/\/www.costabravafoods.com\/wp-content\/uploads\/2025\/04\/laciutatinvisible-150x150.jpg 150w, https:\/\/www.costabravafoods.com\/wp-content\/uploads\/2025\/04\/laciutatinvisible-200x200.jpg 200w, https:\/\/www.costabravafoods.com\/wp-content\/uploads\/2025\/04\/laciutatinvisible.jpg 260w\" sizes=\"(max-width: 150px) 100vw, 150px\" \/> <img decoding=\"async\" class=\"alignnone size-thumbnail wp-image-1454\" src=\"https:\/\/www.costabravafoods.com\/wp-content\/uploads\/2025\/04\/Fundacio-per-la-Creativacio-150x150.jpg\" alt=\"\" width=\"150\" height=\"150\" data-mce-src=\"https:\/\/www.costabravafoods.com\/wp-content\/uploads\/2025\/04\/Fundacio-per-la-Creativacio-150x150.jpg\" srcset=\"https:\/\/www.costabravafoods.com\/wp-content\/uploads\/2025\/04\/Fundacio-per-la-Creativacio-66x66.jpg 66w, https:\/\/www.costabravafoods.com\/wp-content\/uploads\/2025\/04\/Fundacio-per-la-Creativacio-150x150.jpg 150w, https:\/\/www.costabravafoods.com\/wp-content\/uploads\/2025\/04\/Fundacio-per-la-Creativacio-200x200.jpg 200w\" sizes=\"(max-width: 150px) 100vw, 150px\" \/><\/p>\n<\/div><div class=\"content-box-shortcode-timeline-vertical\" style=\"border-color:var(--awb-color4);left:75px;top:60px;-webkit-transition-duration: 350ms;animation-duration: 350ms;\"><\/div><\/div><\/div><div style=\"--awb-backgroundcolor:#f1f4f6;--awb-iconcolor:#ffffff;--awb-content-padding-left:70px;\" class=\"fusion-column content-box-column content-box-column content-box-column-2 col-lg-12 col-md-12 col-sm-12 fusion-content-box-hover content-box-column-last content-box-column-last-in-row\"><div class=\"col content-box-wrapper content-wrapper-background link-area-link-icon content-icon-wrapper-yes icon-hover-animation-fade fusion-animated\" data-animationType=\"fadeIn\" data-animationDuration=\"0.25\" data-animationOffset=\"top-into-view\"><div class=\"heading heading-with-icon icon-left\" style=\"margin-top:11px;\"><div class=\"icon\" style=\"margin-top:-11px;margin-bottom:-11px;-webkit-animation-duration: 350ms;animation-duration: 350ms;\"><span style=\"height:48px;width:48px;line-height:24px;border-color:var(--awb-color4);border-width:1px;border-style:solid;background-color:var(--awb-color4);margin-right:20px;box-sizing:content-box;border-radius:100%;\"><i style=\"border-color:#282828;border-width:0px;background-color:var(--awb-color4);box-sizing:content-box;height:48px;width:48px;line-height:48px;border-radius:100%;position:relative;top:auto;left:auto;margin:0;border-radius:100%;font-size:24px;\" aria-hidden=\"true\" class=\"fontawesome-icon fa-futbol fas circle-yes\"><\/i><\/span><\/div><h3 class=\"content-box-heading\" style=\"--h3_typography-font-size:28px;line-height:33px;\">Wir unterst\u00fctzen \u00f6rtliche Sportvereine, <\/h3><\/div><div class=\"fusion-clearfix\"><\/div><div class=\"content-container\">\n<p>Um gesundheitsf\u00f6rdernde Gewohnheiten bereits ab der Kindheit zu beg\u00fcnstigen.<\/p>\n<p><img decoding=\"async\" class=\"alignnone size-full wp-image-2614\" src=\"https:\/\/www.costabravafoods.com\/wp-content\/uploads\/2025\/05\/15_ent_deportivas.jpg\" alt=\"\" width=\"150\" height=\"150\" data-mce-src=\"https:\/\/www.costabravafoods.com\/wp-content\/uploads\/2025\/05\/15_ent_deportivas.jpg\" srcset=\"https:\/\/www.costabravafoods.com\/wp-content\/uploads\/2025\/05\/15_ent_deportivas-66x66.jpg 66w, https:\/\/www.costabravafoods.com\/wp-content\/uploads\/2025\/05\/15_ent_deportivas-100x100.jpg 100w, https:\/\/www.costabravafoods.com\/wp-content\/uploads\/2025\/05\/15_ent_deportivas.jpg 150w\" sizes=\"(max-width: 150px) 100vw, 150px\" \/><\/p>\n<\/div><div class=\"content-box-shortcode-timeline-vertical\" style=\"border-color:var(--awb-color4);left:75px;top:60px;-webkit-transition-duration: 350ms;animation-duration: 350ms;\"><\/div><\/div><\/div><div class=\"fusion-clearfix\"><\/div><\/div><\/div><\/div><\/div><\/div><div class=\"fusion-fullwidth fullwidth-box fusion-builder-row-6 fusion-flex-container has-pattern-background has-mask-background nonhundred-percent-fullwidth non-hundred-percent-height-scrolling fusion-no-medium-visibility fusion-no-large-visibility\" style=\"--awb-border-radius-top-left:0px;--awb-border-radius-top-right:0px;--awb-border-radius-bottom-right:0px;--awb-border-radius-bottom-left:0px;--awb-padding-top:0px;--awb-flex-wrap:wrap;\" ><div class=\"fusion-builder-row fusion-row fusion-flex-align-items-flex-start fusion-flex-content-wrap\" style=\"max-width:1248px;margin-left: calc(-4% \/ 2 );margin-right: calc(-4% \/ 2 );\"><div class=\"fusion-layout-column fusion_builder_column fusion-builder-column-17 fusion_builder_column_1_1 1_1 fusion-flex-column fusion-flex-align-self-center\" style=\"--awb-bg-blend:overlay;--awb-bg-size:cover;--awb-width-large:100%;--awb-margin-top-large:0px;--awb-spacing-right-large:-10px;--awb-margin-bottom-large:40px;--awb-spacing-left-large:-10px;--awb-width-medium:100%;--awb-order-medium:0;--awb-spacing-right-medium:-10px;--awb-spacing-left-medium:-10px;--awb-width-small:100%;--awb-order-small:0;--awb-spacing-right-small:1.92%;--awb-spacing-left-small:1.92%;\" data-scroll-devices=\"small-visibility,medium-visibility,large-visibility\"><div class=\"fusion-column-wrapper fusion-column-has-shadow fusion-flex-justify-content-center fusion-content-layout-column\"><div class=\"fusion-title title fusion-title-6 fusion-sep-none fusion-title-text fusion-title-size-one\" style=\"--awb-text-color:#051d30;--awb-margin-top-small:10px;--awb-margin-right-small:0px;--awb-margin-bottom-small:10px;--awb-margin-left-small:0px;--awb-sep-color:#a08e33;--awb-font-size:28px;\"><h1 class=\"fusion-title-heading title-heading-left\" style=\"font-family:&quot;Noto Sans Bold&quot;;font-style:normal;font-weight:400;margin:0;letter-spacing:0.5px;font-size:1em;\"><div style=\"margin: 0px 20px;\" data-mce-style=\"margin: 0px 20px;\">2. Ausbildung und Kultur<\/div><\/h1><\/div><div class=\"fusion-separator fusion-full-width-sep\" style=\"align-self: center;margin-left: auto;margin-right: auto;width:100%;\"><div class=\"fusion-separator-border sep-single sep-solid\" style=\"--awb-height:20px;--awb-amount:20px;--awb-sep-color:var(--awb-color4);border-color:var(--awb-color4);border-top-width:1px;\"><\/div><\/div><\/div><\/div><div class=\"fusion-layout-column fusion_builder_column fusion-builder-column-18 fusion_builder_column_1_1 1_1 fusion-flex-column\" style=\"--awb-bg-blend:overlay;--awb-bg-size:cover;--awb-width-large:100%;--awb-margin-top-large:0px;--awb-spacing-right-large:1.92%;--awb-margin-bottom-large:10px;--awb-spacing-left-large:1.92%;--awb-width-medium:100%;--awb-order-medium:0;--awb-spacing-right-medium:1.92%;--awb-spacing-left-medium:1.92%;--awb-width-small:100%;--awb-order-small:0;--awb-spacing-right-small:1.92%;--awb-spacing-left-small:1.92%;\" data-scroll-devices=\"small-visibility,medium-visibility,large-visibility\"><div class=\"fusion-column-wrapper fusion-column-has-shadow fusion-flex-justify-content-flex-start fusion-content-layout-column\"><div class=\"fusion-text fusion-text-6 fusion-animated fusion-text-no-margin\" style=\"--awb-font-size:17px;--awb-line-height:24px;--awb-margin-bottom:80px;--awb-text-font-family:&quot;Noto Sans Light&quot;;--awb-text-font-style:normal;--awb-text-font-weight:400;\" data-animationType=\"fadeInUp\" data-animationDuration=\"0.3\" data-animationOffset=\"top-into-view\"><p style=\"text-align: left;\" data-mce-style=\"text-align: left;\">Bei Costa Brava Mediterranean Foods unterst\u00fctzen wir Initiativen zur F\u00f6rderung der Chancengleichheit in den Bereichen Ausbildung und Kultur, die einen positiven Einfluss auf die neuen Generationen haben sollen.<\/p>\n<\/div><\/div><\/div><div class=\"fusion-layout-column fusion_builder_column fusion-builder-column-19 fusion_builder_column_1_1 1_1 fusion-flex-column\" style=\"--awb-padding-top:0px;--awb-padding-right:25px;--awb-bg-size:cover;--awb-width-large:100%;--awb-margin-top-large:-20px;--awb-spacing-right-large:1.92%;--awb-margin-bottom-large:20px;--awb-spacing-left-large:1.92%;--awb-width-medium:100%;--awb-order-medium:0;--awb-spacing-right-medium:1.92%;--awb-spacing-left-medium:1.92%;--awb-width-small:100%;--awb-order-small:0;--awb-spacing-right-small:1.92%;--awb-spacing-left-small:1.92%;\" data-scroll-devices=\"small-visibility,medium-visibility,large-visibility\"><div class=\"fusion-column-wrapper fusion-column-has-shadow fusion-flex-justify-content-flex-start fusion-content-layout-column\"><div class=\"fusion-content-boxes content-boxes columns row fusion-columns-1 fusion-columns-total-2 fusion-content-boxes-4 content-boxes-timeline-vertical content-left content-boxes-timeline-layout content-boxes-icon-with-title fusion-delayed-animation\" style=\"--awb-backgroundcolor:#f1f4f6;--awb-body-color:#727279;--awb-title-color:#1d1d1f;--awb-iconcolor:#ffffff;--awb-hover-accent-color:#1d1d1f;--awb-circle-hover-accent-color:#1d1d1f;--awb-item-margin-bottom:40px;\" data-animation-delay=\"350\" data-animationOffset=\"top-into-view\"><div style=\"--awb-backgroundcolor:#f1f4f6;--awb-iconcolor:#ffffff;--awb-content-padding-left:70px;\" class=\"fusion-column content-box-column content-box-column content-box-column-1 col-lg-12 col-md-12 col-sm-12 fusion-content-box-hover content-box-column-last-in-row\"><div class=\"col content-box-wrapper content-wrapper-background link-area-link-icon content-icon-wrapper-yes icon-hover-animation-fade fusion-animated\" data-animationType=\"fadeIn\" data-animationDuration=\"0.25\" data-animationOffset=\"top-into-view\"><div class=\"heading heading-with-icon icon-left\" style=\"margin-top:14px;\"><div class=\"icon\" style=\"margin-top:-14px;margin-bottom:-14px;-webkit-animation-duration: 350ms;animation-duration: 350ms;\"><span style=\"height:48px;width:48px;line-height:24px;border-color:var(--awb-color4);border-width:1px;border-style:solid;background-color:var(--awb-color4);margin-right:20px;box-sizing:content-box;border-radius:100%;\"><i style=\"border-color:#282828;border-width:0px;background-color:var(--awb-color4);box-sizing:content-box;height:48px;width:48px;line-height:48px;border-radius:100%;position:relative;top:auto;left:auto;margin:0;border-radius:100%;font-size:24px;\" aria-hidden=\"true\" class=\"fontawesome-icon fa-graduation-cap fas circle-yes\"><\/i><\/span><\/div><h3 class=\"content-box-heading\" style=\"--h3_typography-font-size:22px;line-height:27px;\">Wir geh\u00f6ren zu den Stiftungsaussch\u00fcssen von Einrichtungen wie den Stiftungen \u201eFundaci\u00f3 per la Creatividad\u201c und \u201eFundaci\u00f3 Ciutat Invisible\u201c.<\/h3><\/div><div class=\"fusion-clearfix\"><\/div><div class=\"content-container\">\n<p>Diese entwickeln jeweils kreative und innovative Gewohnheiten bei Kindern und Jugendlichen und f\u00f6rdern kulturelle Projekte, Debatten, Forschungen, Schulungsprogramme und Projekte, um die kulturelle Gleichstellung und die bildende Kapazit\u00e4t in K\u00fcnsten zu beg\u00fcnstigen.<\/p>\n<p><img decoding=\"async\" class=\"alignnone wp-image-1869 size-thumbnail\" src=\"https:\/\/www.costabravafoods.com\/wp-content\/uploads\/2025\/04\/laciutatinvisible-150x150.jpg\" alt=\"\" width=\"150\" height=\"150\" data-mce-src=\"https:\/\/www.costabravafoods.com\/wp-content\/uploads\/2025\/04\/laciutatinvisible-150x150.jpg\" srcset=\"https:\/\/www.costabravafoods.com\/wp-content\/uploads\/2025\/04\/laciutatinvisible-66x66.jpg 66w, https:\/\/www.costabravafoods.com\/wp-content\/uploads\/2025\/04\/laciutatinvisible-150x150.jpg 150w, https:\/\/www.costabravafoods.com\/wp-content\/uploads\/2025\/04\/laciutatinvisible-200x200.jpg 200w, https:\/\/www.costabravafoods.com\/wp-content\/uploads\/2025\/04\/laciutatinvisible.jpg 260w\" sizes=\"(max-width: 150px) 100vw, 150px\" \/> <img decoding=\"async\" class=\"alignnone size-thumbnail wp-image-1454\" src=\"https:\/\/www.costabravafoods.com\/wp-content\/uploads\/2025\/04\/Fundacio-per-la-Creativacio-150x150.jpg\" alt=\"\" width=\"150\" height=\"150\" data-mce-src=\"https:\/\/www.costabravafoods.com\/wp-content\/uploads\/2025\/04\/Fundacio-per-la-Creativacio-150x150.jpg\" srcset=\"https:\/\/www.costabravafoods.com\/wp-content\/uploads\/2025\/04\/Fundacio-per-la-Creativacio-66x66.jpg 66w, https:\/\/www.costabravafoods.com\/wp-content\/uploads\/2025\/04\/Fundacio-per-la-Creativacio-150x150.jpg 150w, https:\/\/www.costabravafoods.com\/wp-content\/uploads\/2025\/04\/Fundacio-per-la-Creativacio-200x200.jpg 200w\" sizes=\"(max-width: 150px) 100vw, 150px\" \/><\/p>\n<\/div><div class=\"content-box-shortcode-timeline-vertical\" style=\"border-color:var(--awb-color4);left:75px;top:60px;-webkit-transition-duration: 350ms;animation-duration: 350ms;\"><\/div><\/div><\/div><div style=\"--awb-backgroundcolor:#f1f4f6;--awb-iconcolor:#ffffff;--awb-content-padding-left:70px;\" class=\"fusion-column content-box-column content-box-column content-box-column-2 col-lg-12 col-md-12 col-sm-12 fusion-content-box-hover content-box-column-last content-box-column-last-in-row\"><div class=\"col content-box-wrapper content-wrapper-background link-area-link-icon content-icon-wrapper-yes icon-hover-animation-fade fusion-animated\" data-animationType=\"fadeIn\" data-animationDuration=\"0.25\" data-animationOffset=\"top-into-view\"><div class=\"heading heading-with-icon icon-left\" style=\"margin-top:14px;\"><div class=\"icon\" style=\"margin-top:-14px;margin-bottom:-14px;-webkit-animation-duration: 350ms;animation-duration: 350ms;\"><span style=\"height:48px;width:48px;line-height:24px;border-color:var(--awb-color4);border-width:1px;border-style:solid;background-color:var(--awb-color4);margin-right:20px;box-sizing:content-box;border-radius:100%;\"><i style=\"border-color:#282828;border-width:0px;background-color:var(--awb-color4);box-sizing:content-box;height:48px;width:48px;line-height:48px;border-radius:100%;position:relative;top:auto;left:auto;margin:0;border-radius:100%;font-size:24px;\" aria-hidden=\"true\" class=\"fontawesome-icon fa-futbol fas circle-yes\"><\/i><\/span><\/div><h3 class=\"content-box-heading\" style=\"--h3_typography-font-size:22px;line-height:27px;\">Wir unterst\u00fctzen \u00f6rtliche Sportvereine, <\/h3><\/div><div class=\"fusion-clearfix\"><\/div><div class=\"content-container\">\n<p>Um gesundheitsf\u00f6rdernde Gewohnheiten bereits ab der Kindheit zu beg\u00fcnstigen.<\/p>\n<p><img decoding=\"async\" class=\"alignnone size-full wp-image-2614\" src=\"https:\/\/www.costabravafoods.com\/wp-content\/uploads\/2025\/05\/15_ent_deportivas.jpg\" alt=\"\" width=\"150\" height=\"150\" data-mce-src=\"https:\/\/www.costabravafoods.com\/wp-content\/uploads\/2025\/05\/15_ent_deportivas.jpg\" srcset=\"https:\/\/www.costabravafoods.com\/wp-content\/uploads\/2025\/05\/15_ent_deportivas-66x66.jpg 66w, https:\/\/www.costabravafoods.com\/wp-content\/uploads\/2025\/05\/15_ent_deportivas-100x100.jpg 100w, https:\/\/www.costabravafoods.com\/wp-content\/uploads\/2025\/05\/15_ent_deportivas.jpg 150w\" sizes=\"(max-width: 150px) 100vw, 150px\" \/><\/p>\n<\/div><div class=\"content-box-shortcode-timeline-vertical\" style=\"border-color:var(--awb-color4);left:75px;top:60px;-webkit-transition-duration: 350ms;animation-duration: 350ms;\"><\/div><\/div><\/div><div class=\"fusion-clearfix\"><\/div><\/div><\/div><\/div><\/div><\/div><div class=\"fusion-fullwidth fullwidth-box fusion-builder-row-7 fusion-flex-container has-pattern-background has-mask-background nonhundred-percent-fullwidth non-hundred-percent-height-scrolling fusion-no-small-visibility\" style=\"--awb-border-radius-top-left:0px;--awb-border-radius-top-right:0px;--awb-border-radius-bottom-right:0px;--awb-border-radius-bottom-left:0px;--awb-padding-top:0px;--awb-flex-wrap:wrap;\" ><div class=\"fusion-builder-row fusion-row fusion-flex-align-items-flex-start fusion-flex-content-wrap\" style=\"max-width:1248px;margin-left: calc(-4% \/ 2 );margin-right: calc(-4% \/ 2 );\"><div class=\"fusion-layout-column fusion_builder_column fusion-builder-column-20 fusion_builder_column_1_1 1_1 fusion-flex-column fusion-flex-align-self-center\" style=\"--awb-bg-blend:overlay;--awb-bg-size:cover;--awb-width-large:100%;--awb-margin-top-large:0px;--awb-spacing-right-large:-10px;--awb-margin-bottom-large:40px;--awb-spacing-left-large:-10px;--awb-width-medium:100%;--awb-order-medium:0;--awb-spacing-right-medium:-10px;--awb-spacing-left-medium:-10px;--awb-width-small:100%;--awb-order-small:0;--awb-spacing-right-small:1.92%;--awb-spacing-left-small:1.92%;\" data-scroll-devices=\"small-visibility,medium-visibility,large-visibility\"><div class=\"fusion-column-wrapper fusion-column-has-shadow fusion-flex-justify-content-center fusion-content-layout-column\"><div class=\"fusion-title title fusion-title-7 fusion-sep-none fusion-title-text fusion-title-size-one\" style=\"--awb-text-color:#051d30;--awb-margin-top-small:10px;--awb-margin-right-small:0px;--awb-margin-bottom-small:10px;--awb-margin-left-small:0px;--awb-sep-color:#a08e33;--awb-font-size:28px;\"><h1 class=\"fusion-title-heading title-heading-left\" style=\"font-family:&quot;Noto Sans Bold&quot;;font-style:normal;font-weight:400;margin:0;letter-spacing:0.5px;font-size:1em;\"><div style=\"margin: 0px 20px;\" data-mce-style=\"margin: 0px 20px;\">3. Gesundheit<\/div><\/h1><\/div><div class=\"fusion-separator fusion-full-width-sep\" style=\"align-self: center;margin-left: auto;margin-right: auto;width:100%;\"><div class=\"fusion-separator-border sep-single sep-solid\" style=\"--awb-height:20px;--awb-amount:20px;--awb-sep-color:var(--awb-color4);border-color:var(--awb-color4);border-top-width:1px;\"><\/div><\/div><\/div><\/div><div class=\"fusion-layout-column fusion_builder_column fusion-builder-column-21 fusion_builder_column_1_1 1_1 fusion-flex-column\" style=\"--awb-bg-blend:overlay;--awb-bg-size:cover;--awb-width-large:100%;--awb-margin-top-large:0px;--awb-spacing-right-large:1.92%;--awb-margin-bottom-large:10px;--awb-spacing-left-large:1.92%;--awb-width-medium:100%;--awb-order-medium:0;--awb-spacing-right-medium:1.92%;--awb-spacing-left-medium:1.92%;--awb-width-small:100%;--awb-order-small:0;--awb-spacing-right-small:1.92%;--awb-spacing-left-small:1.92%;\" data-scroll-devices=\"small-visibility,medium-visibility,large-visibility\"><div class=\"fusion-column-wrapper fusion-column-has-shadow fusion-flex-justify-content-flex-start fusion-content-layout-column\"><div class=\"fusion-text fusion-text-7 fusion-animated fusion-text-no-margin\" style=\"--awb-font-size:17px;--awb-line-height:24px;--awb-margin-bottom:80px;--awb-text-font-family:&quot;Noto Sans Light&quot;;--awb-text-font-style:normal;--awb-text-font-weight:400;\" data-animationType=\"fadeInUp\" data-animationDuration=\"0.3\" data-animationOffset=\"top-into-view\"><p style=\"text-align: left;\" data-mce-style=\"text-align: left;\">Bei Costa Brava Mediterranean Foods unterst\u00fctzen wir Initiativen, die die Forschung und Entwicklung medizinischer L\u00f6sungen gegen Krankheiten und die Pflege von Personen mit Erkrankungen f\u00f6rdern, um zu einer besseren Zukunft beizutragen.<\/p>\n<\/div><\/div><\/div><div class=\"fusion-layout-column fusion_builder_column fusion-builder-column-22 fusion_builder_column_1_1 1_1 fusion-flex-column\" style=\"--awb-padding-top:0px;--awb-bg-size:cover;--awb-width-large:100%;--awb-margin-top-large:-20px;--awb-spacing-right-large:1.92%;--awb-margin-bottom-large:20px;--awb-spacing-left-large:1.92%;--awb-width-medium:100%;--awb-order-medium:0;--awb-spacing-right-medium:1.92%;--awb-spacing-left-medium:1.92%;--awb-width-small:100%;--awb-order-small:0;--awb-spacing-right-small:1.92%;--awb-spacing-left-small:1.92%;\" data-scroll-devices=\"small-visibility,medium-visibility,large-visibility\"><div class=\"fusion-column-wrapper fusion-column-has-shadow fusion-flex-justify-content-flex-start fusion-content-layout-column\"><div class=\"fusion-content-boxes content-boxes columns row fusion-columns-1 fusion-columns-total-1 fusion-content-boxes-5 content-boxes-timeline-vertical content-left content-boxes-timeline-layout content-boxes-icon-with-title fusion-delayed-animation\" style=\"--awb-backgroundcolor:#f1f4f6;--awb-body-color:#727279;--awb-title-color:#1d1d1f;--awb-iconcolor:#ffffff;--awb-hover-accent-color:#1d1d1f;--awb-circle-hover-accent-color:#1d1d1f;--awb-item-margin-bottom:40px;\" data-animation-delay=\"350\" data-animationOffset=\"top-into-view\"><div style=\"--awb-backgroundcolor:#f1f4f6;--awb-iconcolor:#ffffff;--awb-content-padding-left:70px;\" class=\"fusion-column content-box-column content-box-column content-box-column-1 col-lg-12 col-md-12 col-sm-12 fusion-content-box-hover content-box-column-last content-box-column-last-in-row\"><div class=\"col content-box-wrapper content-wrapper-background link-area-link-icon content-icon-wrapper-yes icon-hover-animation-fade fusion-animated\" data-animationType=\"fadeIn\" data-animationDuration=\"0.25\" data-animationOffset=\"top-into-view\"><div class=\"heading heading-with-icon icon-left\" style=\"margin-top:11px;\"><div class=\"icon\" style=\"margin-top:-11px;margin-bottom:-11px;-webkit-animation-duration: 350ms;animation-duration: 350ms;\"><span style=\"height:48px;width:48px;line-height:24px;border-color:var(--awb-color4);border-width:1px;border-style:solid;background-color:var(--awb-color4);margin-right:20px;box-sizing:content-box;border-radius:100%;\"><i style=\"border-color:#282828;border-width:0px;background-color:var(--awb-color4);box-sizing:content-box;height:48px;width:48px;line-height:48px;border-radius:100%;position:relative;top:auto;left:auto;margin:0;border-radius:100%;font-size:24px;\" aria-hidden=\"true\" class=\"fontawesome-icon fa-briefcase-medical fas circle-yes\"><\/i><\/span><\/div><h3 class=\"content-box-heading\" style=\"--h3_typography-font-size:28px;line-height:33px;\">Wir arbeiten mit Einrichtungen zusammen, die sich der Gesundheit verpflichtet haben<\/h3><\/div><div class=\"fusion-clearfix\"><\/div><div class=\"content-container\">\n<p>Dazu geh\u00f6ren u. a. das Institut f\u00fcr biomedizinische Forschung von Girona (IdibGi), der spanische Verband gegen den Krebs, Sant Joan de D\u00e9u und die Stiftung \u201eFundaci\u00f3 Pasqual Maragall\u201c.<\/p>\n<p><img decoding=\"async\" class=\"alignnone wp-image-1462 size-thumbnail\" src=\"https:\/\/www.costabravafoods.com\/wp-content\/uploads\/2025\/04\/76lCMMdL_400x400-1-150x150.jpg\" alt=\"\" width=\"150\" height=\"150\" data-mce-src=\"https:\/\/www.costabravafoods.com\/wp-content\/uploads\/2025\/04\/76lCMMdL_400x400-1-150x150.jpg\" srcset=\"https:\/\/www.costabravafoods.com\/wp-content\/uploads\/2025\/04\/76lCMMdL_400x400-1-66x66.jpg 66w, https:\/\/www.costabravafoods.com\/wp-content\/uploads\/2025\/04\/76lCMMdL_400x400-1-150x150.jpg 150w, https:\/\/www.costabravafoods.com\/wp-content\/uploads\/2025\/04\/76lCMMdL_400x400-1-200x200.jpg 200w, https:\/\/www.costabravafoods.com\/wp-content\/uploads\/2025\/04\/76lCMMdL_400x400-1-300x300.jpg 300w, https:\/\/www.costabravafoods.com\/wp-content\/uploads\/2025\/04\/76lCMMdL_400x400-1.jpg 400w\" sizes=\"(max-width: 150px) 100vw, 150px\" \/> <img decoding=\"async\" class=\"alignnone wp-image-1458 size-thumbnail\" src=\"https:\/\/www.costabravafoods.com\/wp-content\/uploads\/2025\/04\/sjdd-150x150.jpg\" alt=\"\" width=\"150\" height=\"150\" data-mce-src=\"https:\/\/www.costabravafoods.com\/wp-content\/uploads\/2025\/04\/sjdd-150x150.jpg\" srcset=\"https:\/\/www.costabravafoods.com\/wp-content\/uploads\/2025\/04\/sjdd-66x66.jpg 66w, https:\/\/www.costabravafoods.com\/wp-content\/uploads\/2025\/04\/sjdd-150x150.jpg 150w, https:\/\/www.costabravafoods.com\/wp-content\/uploads\/2025\/04\/sjdd-200x200.jpg 200w, https:\/\/www.costabravafoods.com\/wp-content\/uploads\/2025\/04\/sjdd.jpg 260w\" sizes=\"(max-width: 150px) 100vw, 150px\" \/> <img decoding=\"async\" class=\"alignnone wp-image-1457 size-thumbnail\" src=\"https:\/\/www.costabravafoods.com\/wp-content\/uploads\/2025\/04\/fundaciopascualmaragall-150x150.jpg\" alt=\"\" width=\"150\" height=\"150\" data-mce-src=\"https:\/\/www.costabravafoods.com\/wp-content\/uploads\/2025\/04\/fundaciopascualmaragall-150x150.jpg\" srcset=\"https:\/\/www.costabravafoods.com\/wp-content\/uploads\/2025\/04\/fundaciopascualmaragall-66x66.jpg 66w, https:\/\/www.costabravafoods.com\/wp-content\/uploads\/2025\/04\/fundaciopascualmaragall-150x150.jpg 150w, https:\/\/www.costabravafoods.com\/wp-content\/uploads\/2025\/04\/fundaciopascualmaragall-200x200.jpg 200w, https:\/\/www.costabravafoods.com\/wp-content\/uploads\/2025\/04\/fundaciopascualmaragall.jpg 260w\" sizes=\"(max-width: 150px) 100vw, 150px\" \/> <img decoding=\"async\" class=\"alignnone wp-image-1456 size-thumbnail\" src=\"https:\/\/www.costabravafoods.com\/wp-content\/uploads\/2025\/04\/asociaciocanfcer-150x150.jpg\" alt=\"\" width=\"150\" height=\"150\" data-mce-src=\"https:\/\/www.costabravafoods.com\/wp-content\/uploads\/2025\/04\/asociaciocanfcer-150x150.jpg\" srcset=\"https:\/\/www.costabravafoods.com\/wp-content\/uploads\/2025\/04\/asociaciocanfcer-66x66.jpg 66w, https:\/\/www.costabravafoods.com\/wp-content\/uploads\/2025\/04\/asociaciocanfcer-150x150.jpg 150w, https:\/\/www.costabravafoods.com\/wp-content\/uploads\/2025\/04\/asociaciocanfcer-200x200.jpg 200w, https:\/\/www.costabravafoods.com\/wp-content\/uploads\/2025\/04\/asociaciocanfcer.jpg 260w\" sizes=\"(max-width: 150px) 100vw, 150px\" \/><\/p>\n<\/div><div class=\"content-box-shortcode-timeline-vertical\" style=\"border-color:var(--awb-color4);left:75px;top:60px;-webkit-transition-duration: 350ms;animation-duration: 350ms;\"><\/div><\/div><\/div><div class=\"fusion-clearfix\"><\/div><\/div><\/div><\/div><\/div><\/div><div class=\"fusion-fullwidth fullwidth-box fusion-builder-row-8 fusion-flex-container has-pattern-background has-mask-background nonhundred-percent-fullwidth non-hundred-percent-height-scrolling fusion-no-medium-visibility fusion-no-large-visibility\" style=\"--awb-border-radius-top-left:0px;--awb-border-radius-top-right:0px;--awb-border-radius-bottom-right:0px;--awb-border-radius-bottom-left:0px;--awb-padding-top:0px;--awb-flex-wrap:wrap;\" ><div class=\"fusion-builder-row fusion-row fusion-flex-align-items-flex-start fusion-flex-content-wrap\" style=\"max-width:1248px;margin-left: calc(-4% \/ 2 );margin-right: calc(-4% \/ 2 );\"><div class=\"fusion-layout-column fusion_builder_column fusion-builder-column-23 fusion_builder_column_1_1 1_1 fusion-flex-column fusion-flex-align-self-center\" style=\"--awb-bg-blend:overlay;--awb-bg-size:cover;--awb-width-large:100%;--awb-margin-top-large:0px;--awb-spacing-right-large:-10px;--awb-margin-bottom-large:40px;--awb-spacing-left-large:-10px;--awb-width-medium:100%;--awb-order-medium:0;--awb-spacing-right-medium:-10px;--awb-spacing-left-medium:-10px;--awb-width-small:100%;--awb-order-small:0;--awb-spacing-right-small:1.92%;--awb-spacing-left-small:1.92%;\" data-scroll-devices=\"small-visibility,medium-visibility,large-visibility\"><div class=\"fusion-column-wrapper fusion-column-has-shadow fusion-flex-justify-content-center fusion-content-layout-column\"><div class=\"fusion-title title fusion-title-8 fusion-sep-none fusion-title-text fusion-title-size-one\" style=\"--awb-text-color:#051d30;--awb-margin-top-small:10px;--awb-margin-right-small:0px;--awb-margin-bottom-small:10px;--awb-margin-left-small:0px;--awb-sep-color:#a08e33;--awb-font-size:28px;\"><h1 class=\"fusion-title-heading title-heading-left\" style=\"font-family:&quot;Noto Sans Bold&quot;;font-style:normal;font-weight:400;margin:0;letter-spacing:0.5px;font-size:1em;\"><div style=\"margin: 0px 20px;\" data-mce-style=\"margin: 0px 20px;\">3. Gesundheit<\/div><\/h1><\/div><div class=\"fusion-separator fusion-full-width-sep\" style=\"align-self: center;margin-left: auto;margin-right: auto;width:100%;\"><div class=\"fusion-separator-border sep-single sep-solid\" style=\"--awb-height:20px;--awb-amount:20px;--awb-sep-color:var(--awb-color4);border-color:var(--awb-color4);border-top-width:1px;\"><\/div><\/div><\/div><\/div><div class=\"fusion-layout-column fusion_builder_column fusion-builder-column-24 fusion_builder_column_1_1 1_1 fusion-flex-column\" style=\"--awb-bg-blend:overlay;--awb-bg-size:cover;--awb-width-large:100%;--awb-margin-top-large:0px;--awb-spacing-right-large:1.92%;--awb-margin-bottom-large:10px;--awb-spacing-left-large:1.92%;--awb-width-medium:100%;--awb-order-medium:0;--awb-spacing-right-medium:1.92%;--awb-spacing-left-medium:1.92%;--awb-width-small:100%;--awb-order-small:0;--awb-spacing-right-small:1.92%;--awb-spacing-left-small:1.92%;\" data-scroll-devices=\"small-visibility,medium-visibility,large-visibility\"><div class=\"fusion-column-wrapper fusion-column-has-shadow fusion-flex-justify-content-flex-start fusion-content-layout-column\"><div class=\"fusion-text fusion-text-8 fusion-animated fusion-text-no-margin\" style=\"--awb-font-size:17px;--awb-line-height:24px;--awb-margin-bottom:80px;--awb-text-font-family:&quot;Noto Sans Light&quot;;--awb-text-font-style:normal;--awb-text-font-weight:400;\" data-animationType=\"fadeInUp\" data-animationDuration=\"0.3\" data-animationOffset=\"top-into-view\"><p style=\"text-align: left;\" data-mce-style=\"text-align: left;\">Bei Costa Brava Mediterranean Foods unterst\u00fctzen wir Initiativen, die die Forschung und Entwicklung medizinischer L\u00f6sungen gegen Krankheiten und die Pflege von Personen mit Erkrankungen f\u00f6rdern, um zu einer besseren Zukunft beizutragen.<\/p>\n<\/div><\/div><\/div><div class=\"fusion-layout-column fusion_builder_column fusion-builder-column-25 fusion_builder_column_1_1 1_1 fusion-flex-column\" style=\"--awb-padding-top:0px;--awb-padding-right:25px;--awb-bg-size:cover;--awb-width-large:100%;--awb-margin-top-large:-20px;--awb-spacing-right-large:1.92%;--awb-margin-bottom-large:20px;--awb-spacing-left-large:1.92%;--awb-width-medium:100%;--awb-order-medium:0;--awb-spacing-right-medium:1.92%;--awb-spacing-left-medium:1.92%;--awb-width-small:100%;--awb-order-small:0;--awb-spacing-right-small:1.92%;--awb-spacing-left-small:1.92%;\" data-scroll-devices=\"small-visibility,medium-visibility,large-visibility\"><div class=\"fusion-column-wrapper fusion-column-has-shadow fusion-flex-justify-content-flex-start fusion-content-layout-column\"><div class=\"fusion-content-boxes content-boxes columns row fusion-columns-1 fusion-columns-total-1 fusion-content-boxes-6 content-boxes-timeline-vertical content-left content-boxes-timeline-layout content-boxes-icon-with-title fusion-delayed-animation\" style=\"--awb-backgroundcolor:#f1f4f6;--awb-body-color:#727279;--awb-title-color:#1d1d1f;--awb-iconcolor:#ffffff;--awb-hover-accent-color:#1d1d1f;--awb-circle-hover-accent-color:#1d1d1f;--awb-item-margin-bottom:40px;\" data-animation-delay=\"350\" data-animationOffset=\"top-into-view\"><div style=\"--awb-backgroundcolor:#f1f4f6;--awb-iconcolor:#ffffff;--awb-content-padding-left:70px;\" class=\"fusion-column content-box-column content-box-column content-box-column-1 col-lg-12 col-md-12 col-sm-12 fusion-content-box-hover content-box-column-last content-box-column-last-in-row\"><div class=\"col content-box-wrapper content-wrapper-background link-area-link-icon content-icon-wrapper-yes icon-hover-animation-fade fusion-animated\" data-animationType=\"fadeIn\" data-animationDuration=\"0.25\" data-animationOffset=\"top-into-view\"><div class=\"heading heading-with-icon icon-left\" style=\"margin-top:14px;\"><div class=\"icon\" style=\"margin-top:-14px;margin-bottom:-14px;-webkit-animation-duration: 350ms;animation-duration: 350ms;\"><span style=\"height:48px;width:48px;line-height:24px;border-color:var(--awb-color4);border-width:1px;border-style:solid;background-color:var(--awb-color4);margin-right:20px;box-sizing:content-box;border-radius:100%;\"><i style=\"border-color:#282828;border-width:0px;background-color:var(--awb-color4);box-sizing:content-box;height:48px;width:48px;line-height:48px;border-radius:100%;position:relative;top:auto;left:auto;margin:0;border-radius:100%;font-size:24px;\" aria-hidden=\"true\" class=\"fontawesome-icon fa-briefcase-medical fas circle-yes\"><\/i><\/span><\/div><h3 class=\"content-box-heading\" style=\"--h3_typography-font-size:22px;line-height:27px;\">Wir arbeiten mit Einrichtungen zusammen, die sich der Gesundheit verpflichtet haben<\/h3><\/div><div class=\"fusion-clearfix\"><\/div><div class=\"content-container\">\n<p>Dazu geh\u00f6ren u. a. das Institut f\u00fcr biomedizinische Forschung von Girona (IdibGi), der spanische Verband gegen den Krebs, Sant Joan de D\u00e9u und die Stiftung \u201eFundaci\u00f3 Pasqual Maragall\u201c.<\/p>\n<p><img decoding=\"async\" class=\"alignnone wp-image-1462 size-thumbnail\" src=\"https:\/\/www.costabravafoods.com\/wp-content\/uploads\/2025\/04\/76lCMMdL_400x400-1-150x150.jpg\" alt=\"\" width=\"150\" height=\"150\" data-mce-src=\"https:\/\/www.costabravafoods.com\/wp-content\/uploads\/2025\/04\/76lCMMdL_400x400-1-150x150.jpg\" srcset=\"https:\/\/www.costabravafoods.com\/wp-content\/uploads\/2025\/04\/76lCMMdL_400x400-1-66x66.jpg 66w, https:\/\/www.costabravafoods.com\/wp-content\/uploads\/2025\/04\/76lCMMdL_400x400-1-150x150.jpg 150w, https:\/\/www.costabravafoods.com\/wp-content\/uploads\/2025\/04\/76lCMMdL_400x400-1-200x200.jpg 200w, https:\/\/www.costabravafoods.com\/wp-content\/uploads\/2025\/04\/76lCMMdL_400x400-1-300x300.jpg 300w, https:\/\/www.costabravafoods.com\/wp-content\/uploads\/2025\/04\/76lCMMdL_400x400-1.jpg 400w\" sizes=\"(max-width: 150px) 100vw, 150px\" \/> <img decoding=\"async\" class=\"alignnone wp-image-1458 size-thumbnail\" src=\"https:\/\/www.costabravafoods.com\/wp-content\/uploads\/2025\/04\/sjdd-150x150.jpg\" alt=\"\" width=\"150\" height=\"150\" data-mce-src=\"https:\/\/www.costabravafoods.com\/wp-content\/uploads\/2025\/04\/sjdd-150x150.jpg\" srcset=\"https:\/\/www.costabravafoods.com\/wp-content\/uploads\/2025\/04\/sjdd-66x66.jpg 66w, https:\/\/www.costabravafoods.com\/wp-content\/uploads\/2025\/04\/sjdd-150x150.jpg 150w, https:\/\/www.costabravafoods.com\/wp-content\/uploads\/2025\/04\/sjdd-200x200.jpg 200w, https:\/\/www.costabravafoods.com\/wp-content\/uploads\/2025\/04\/sjdd.jpg 260w\" sizes=\"(max-width: 150px) 100vw, 150px\" \/> <img decoding=\"async\" class=\"alignnone wp-image-1457 size-thumbnail\" src=\"https:\/\/www.costabravafoods.com\/wp-content\/uploads\/2025\/04\/fundaciopascualmaragall-150x150.jpg\" alt=\"\" width=\"150\" height=\"150\" data-mce-src=\"https:\/\/www.costabravafoods.com\/wp-content\/uploads\/2025\/04\/fundaciopascualmaragall-150x150.jpg\" srcset=\"https:\/\/www.costabravafoods.com\/wp-content\/uploads\/2025\/04\/fundaciopascualmaragall-66x66.jpg 66w, https:\/\/www.costabravafoods.com\/wp-content\/uploads\/2025\/04\/fundaciopascualmaragall-150x150.jpg 150w, https:\/\/www.costabravafoods.com\/wp-content\/uploads\/2025\/04\/fundaciopascualmaragall-200x200.jpg 200w, https:\/\/www.costabravafoods.com\/wp-content\/uploads\/2025\/04\/fundaciopascualmaragall.jpg 260w\" sizes=\"(max-width: 150px) 100vw, 150px\" \/> <img decoding=\"async\" class=\"alignnone wp-image-1456 size-thumbnail\" src=\"https:\/\/www.costabravafoods.com\/wp-content\/uploads\/2025\/04\/asociaciocanfcer-150x150.jpg\" alt=\"\" width=\"150\" height=\"150\" data-mce-src=\"https:\/\/www.costabravafoods.com\/wp-content\/uploads\/2025\/04\/asociaciocanfcer-150x150.jpg\" srcset=\"https:\/\/www.costabravafoods.com\/wp-content\/uploads\/2025\/04\/asociaciocanfcer-66x66.jpg 66w, https:\/\/www.costabravafoods.com\/wp-content\/uploads\/2025\/04\/asociaciocanfcer-150x150.jpg 150w, https:\/\/www.costabravafoods.com\/wp-content\/uploads\/2025\/04\/asociaciocanfcer-200x200.jpg 200w, https:\/\/www.costabravafoods.com\/wp-content\/uploads\/2025\/04\/asociaciocanfcer.jpg 260w\" sizes=\"(max-width: 150px) 100vw, 150px\" \/><\/p>\n<\/div><div class=\"content-box-shortcode-timeline-vertical\" style=\"border-color:var(--awb-color4);left:75px;top:60px;-webkit-transition-duration: 350ms;animation-duration: 350ms;\"><\/div><\/div><\/div><div class=\"fusion-clearfix\"><\/div><\/div><\/div><\/div><\/div><\/div><\/p>\n","protected":false},"excerpt":{"rendered":"","protected":false},"author":1,"featured_media":0,"parent":0,"menu_order":0,"comment_status":"closed","ping_status":"closed","template":"100-width.php","meta":{"footnotes":""},"class_list":["post-20507","page","type-page","status-publish","hentry"],"yoast_head":"<!-- This site is optimized with the Yoast SEO plugin v27.2 - https:\/\/yoast.com\/product\/yoast-seo-wordpress\/ -->\n<title>SOZIALE INITIATIVEN - Costa Brava Foods<\/title>\n<meta name=\"robots\" content=\"index, follow, max-snippet:-1, max-image-preview:large, max-video-preview:-1\" \/>\n<link rel=\"canonical\" href=\"https:\/\/www.costabravafoods.com\/iniciativas-sociales\/\" \/>\n<meta property=\"og:locale\" content=\"de_DE\" \/>\n<meta property=\"og:type\" content=\"article\" \/>\n<meta property=\"og:title\" content=\"SOZIALE INITIATIVEN - Costa Brava Foods\" \/>\n<meta property=\"og:url\" content=\"https:\/\/www.costabravafoods.com\/iniciativas-sociales\/\" \/>\n<meta property=\"og:site_name\" content=\"Costa Brava Foods\" \/>\n<meta property=\"article:modified_time\" content=\"2025-08-26T17:15:42+00:00\" \/>\n<meta property=\"og:image\" content=\"https:\/\/www.costabravafoods.com\/wp-content\/uploads\/2025\/04\/selvans-1.jpg\" \/>\n\t<meta property=\"og:image:width\" content=\"260\" \/>\n\t<meta property=\"og:image:height\" content=\"260\" \/>\n\t<meta property=\"og:image:type\" content=\"image\/jpeg\" \/>\n<meta name=\"twitter:card\" content=\"summary_large_image\" \/>\n<meta name=\"twitter:label1\" content=\"Gesch\u00e4tzte Lesezeit\" \/>\n\t<meta name=\"twitter:data1\" content=\"96\u00a0Minuten\" \/>\n<script type=\"application\/ld+json\" class=\"yoast-schema-graph\">{\"@context\":\"https:\/\/schema.org\",\"@graph\":[{\"@type\":\"WebPage\",\"@id\":\"https:\/\/www.costabravafoods.com\/iniciativas-sociales\/\",\"url\":\"https:\/\/www.costabravafoods.com\/iniciativas-sociales\/\",\"name\":\"SOZIALE INITIATIVEN - Costa Brava Foods\",\"isPartOf\":{\"@id\":\"https:\/\/www.costabravafoods.com\/#website\"},\"primaryImageOfPage\":{\"@id\":\"https:\/\/www.costabravafoods.com\/iniciativas-sociales\/#primaryimage\"},\"image\":{\"@id\":\"https:\/\/www.costabravafoods.com\/iniciativas-sociales\/#primaryimage\"},\"thumbnailUrl\":\"https:\/\/www.costabravafoods.com\/wp-content\/uploads\/2025\/04\/selvans-1-150x150.jpg\",\"datePublished\":\"2025-04-09T08:44:03+00:00\",\"dateModified\":\"2025-08-26T17:15:42+00:00\",\"breadcrumb\":{\"@id\":\"https:\/\/www.costabravafoods.com\/iniciativas-sociales\/#breadcrumb\"},\"inLanguage\":\"de\",\"potentialAction\":[{\"@type\":\"ReadAction\",\"target\":[\"https:\/\/www.costabravafoods.com\/iniciativas-sociales\/\"]}]},{\"@type\":\"ImageObject\",\"inLanguage\":\"de\",\"@id\":\"https:\/\/www.costabravafoods.com\/iniciativas-sociales\/#primaryimage\",\"url\":\"https:\/\/www.costabravafoods.com\/wp-content\/uploads\/2025\/04\/selvans-1-150x150.jpg\",\"contentUrl\":\"https:\/\/www.costabravafoods.com\/wp-content\/uploads\/2025\/04\/selvans-1-150x150.jpg\"},{\"@type\":\"BreadcrumbList\",\"@id\":\"https:\/\/www.costabravafoods.com\/iniciativas-sociales\/#breadcrumb\",\"itemListElement\":[{\"@type\":\"ListItem\",\"position\":1,\"name\":\"Portada\",\"item\":\"https:\/\/www.costabravafoods.com\/de\/\"},{\"@type\":\"ListItem\",\"position\":2,\"name\":\"SOZIALE INITIATIVEN\"}]},{\"@type\":\"WebSite\",\"@id\":\"https:\/\/www.costabravafoods.com\/#website\",\"url\":\"https:\/\/www.costabravafoods.com\/\",\"name\":\"Costa Brava Foods\",\"description\":\"\",\"potentialAction\":[{\"@type\":\"SearchAction\",\"target\":{\"@type\":\"EntryPoint\",\"urlTemplate\":\"https:\/\/www.costabravafoods.com\/?s={search_term_string}\"},\"query-input\":{\"@type\":\"PropertyValueSpecification\",\"valueRequired\":true,\"valueName\":\"search_term_string\"}}],\"inLanguage\":\"de\"}]}<\/script>\n<!-- \/ Yoast SEO plugin. -->","yoast_head_json":{"title":"SOZIALE INITIATIVEN - Costa Brava Foods","robots":{"index":"index","follow":"follow","max-snippet":"max-snippet:-1","max-image-preview":"max-image-preview:large","max-video-preview":"max-video-preview:-1"},"canonical":"https:\/\/www.costabravafoods.com\/iniciativas-sociales\/","og_locale":"de_DE","og_type":"article","og_title":"SOZIALE INITIATIVEN - Costa Brava Foods","og_url":"https:\/\/www.costabravafoods.com\/iniciativas-sociales\/","og_site_name":"Costa Brava Foods","article_modified_time":"2025-08-26T17:15:42+00:00","og_image":[{"width":260,"height":260,"url":"https:\/\/www.costabravafoods.com\/wp-content\/uploads\/2025\/04\/selvans-1.jpg","type":"image\/jpeg"}],"twitter_card":"summary_large_image","twitter_misc":{"Gesch\u00e4tzte Lesezeit":"96\u00a0Minuten"},"schema":{"@context":"https:\/\/schema.org","@graph":[{"@type":"WebPage","@id":"https:\/\/www.costabravafoods.com\/iniciativas-sociales\/","url":"https:\/\/www.costabravafoods.com\/iniciativas-sociales\/","name":"SOZIALE INITIATIVEN - Costa Brava Foods","isPartOf":{"@id":"https:\/\/www.costabravafoods.com\/#website"},"primaryImageOfPage":{"@id":"https:\/\/www.costabravafoods.com\/iniciativas-sociales\/#primaryimage"},"image":{"@id":"https:\/\/www.costabravafoods.com\/iniciativas-sociales\/#primaryimage"},"thumbnailUrl":"https:\/\/www.costabravafoods.com\/wp-content\/uploads\/2025\/04\/selvans-1-150x150.jpg","datePublished":"2025-04-09T08:44:03+00:00","dateModified":"2025-08-26T17:15:42+00:00","breadcrumb":{"@id":"https:\/\/www.costabravafoods.com\/iniciativas-sociales\/#breadcrumb"},"inLanguage":"de","potentialAction":[{"@type":"ReadAction","target":["https:\/\/www.costabravafoods.com\/iniciativas-sociales\/"]}]},{"@type":"ImageObject","inLanguage":"de","@id":"https:\/\/www.costabravafoods.com\/iniciativas-sociales\/#primaryimage","url":"https:\/\/www.costabravafoods.com\/wp-content\/uploads\/2025\/04\/selvans-1-150x150.jpg","contentUrl":"https:\/\/www.costabravafoods.com\/wp-content\/uploads\/2025\/04\/selvans-1-150x150.jpg"},{"@type":"BreadcrumbList","@id":"https:\/\/www.costabravafoods.com\/iniciativas-sociales\/#breadcrumb","itemListElement":[{"@type":"ListItem","position":1,"name":"Portada","item":"https:\/\/www.costabravafoods.com\/de\/"},{"@type":"ListItem","position":2,"name":"SOZIALE INITIATIVEN"}]},{"@type":"WebSite","@id":"https:\/\/www.costabravafoods.com\/#website","url":"https:\/\/www.costabravafoods.com\/","name":"Costa Brava Foods","description":"","potentialAction":[{"@type":"SearchAction","target":{"@type":"EntryPoint","urlTemplate":"https:\/\/www.costabravafoods.com\/?s={search_term_string}"},"query-input":{"@type":"PropertyValueSpecification","valueRequired":true,"valueName":"search_term_string"}}],"inLanguage":"de"}]}},"_links":{"self":[{"href":"https:\/\/www.costabravafoods.com\/de\/wp-json\/wp\/v2\/pages\/20507","targetHints":{"allow":["GET"]}}],"collection":[{"href":"https:\/\/www.costabravafoods.com\/de\/wp-json\/wp\/v2\/pages"}],"about":[{"href":"https:\/\/www.costabravafoods.com\/de\/wp-json\/wp\/v2\/types\/page"}],"author":[{"embeddable":true,"href":"https:\/\/www.costabravafoods.com\/de\/wp-json\/wp\/v2\/users\/1"}],"replies":[{"embeddable":true,"href":"https:\/\/www.costabravafoods.com\/de\/wp-json\/wp\/v2\/comments?post=20507"}],"version-history":[{"count":2,"href":"https:\/\/www.costabravafoods.com\/de\/wp-json\/wp\/v2\/pages\/20507\/revisions"}],"predecessor-version":[{"id":20509,"href":"https:\/\/www.costabravafoods.com\/de\/wp-json\/wp\/v2\/pages\/20507\/revisions\/20509"}],"wp:attachment":[{"href":"https:\/\/www.costabravafoods.com\/de\/wp-json\/wp\/v2\/media?parent=20507"}],"curies":[{"name":"wp","href":"https:\/\/api.w.org\/{rel}","templated":true}]}}